{"id":1071,"date":"2025-10-31T12:20:51","date_gmt":"2025-10-31T12:20:51","guid":{"rendered":"https:\/\/www.iomft.ro\/?page_id=1071"},"modified":"2026-02-26T10:54:03","modified_gmt":"2026-02-26T10:54:03","slug":"manifestul-iomft","status":"publish","type":"page","link":"https:\/\/www.iomft.ro\/index.php\/manifestul-iomft\/","title":{"rendered":"Manifestul IOMFT"},"content":{"rendered":"\t\t<div data-elementor-type=\"wp-page\" data-elementor-id=\"1071\" class=\"elementor elementor-1071\">\n\t\t\t\t<div class=\"elementor-element elementor-element-afae5c5 e-grid e-con-boxed e-con e-parent\" data-id=\"afae5c5\" data-element_type=\"container\" id=\"header_top\" data-settings=\"{&quot;background_background&quot;:&quot;classic&quot;}\">\n\t\t\t\t\t<div class=\"e-con-inner\">\n\t\t\t\t<div class=\"elementor-element elementor-element-fcb4817 home_intro elementor-widget elementor-widget-heading\" data-id=\"fcb4817\" data-element_type=\"widget\" data-widget_type=\"heading.default\">\n\t\t\t\t<div class=\"elementor-widget-container\">\n\t\t\t\t\t<h2 class=\"elementor-heading-title elementor-size-default\">Manifestul IOMFT: Reconstruim omul de la respira\u021bie \u00een sus\n\n<\/h2>\t\t\t\t<\/div>\n\t\t\t\t<\/div>\n\t\t\t\t<div class=\"elementor-element elementor-element-fce152a elementor-widget__width-initial elementor-widget elementor-widget-text-editor\" data-id=\"fce152a\" data-element_type=\"widget\" data-widget_type=\"text-editor.default\">\n\t\t\t\t<div class=\"elementor-widget-container\">\n\t\t\t\t\t\t\t\t\t<p>Pentru noi, respira\u021bia este primul act medical, iar preven\u021bia \u00eencepe cu primul an de via\u021b\u0103, \u00eenainte de primul aparat dentar, \u00eenainte de primul diagnostic.<\/p>\t\t\t\t\t\t\t\t<\/div>\n\t\t\t\t<\/div>\n\t\t\t\t\t<\/div>\n\t\t\t\t<\/div>\n\t\t<div class=\"elementor-element elementor-element-77f9190 e-con-full e-flex e-con e-parent\" data-id=\"77f9190\" data-element_type=\"container\" data-settings=\"{&quot;background_background&quot;:&quot;classic&quot;}\">\n\t\t<div class=\"elementor-element elementor-element-0d08c3a e-flex e-con-boxed e-con e-child\" data-id=\"0d08c3a\" data-element_type=\"container\">\n\t\t\t\t\t<div class=\"e-con-inner\">\n\t\t\t\t<div class=\"elementor-element elementor-element-7334724 elementor-widget elementor-widget-text-editor\" data-id=\"7334724\" data-element_type=\"widget\" data-widget_type=\"text-editor.default\">\n\t\t\t\t<div class=\"elementor-widget-container\">\n\t\t\t\t\t\t\t\t\t<h2><strong>De ce exist\u0103m?<\/strong><\/h2><p>Lumea nu mai respir\u0103.<\/p><p>Copiii cresc obosi\u021bi, adul\u021bii tr\u0103iesc fragmentat, iar omenirea \u00eentreag\u0103 \u0219i-a pierdut ritmul interior.<\/p><p>Bolile nu mai sunt doar \u00een trup \u2014 sunt \u00een felul \u00een care tr\u0103im, \u00een aerul pe care \u00eel inspir\u0103m, \u00een m\u00e2ncarea f\u0103r\u0103 via\u021b\u0103 \u0219i \u00een somnul f\u0103r\u0103 refacere.<\/p><p>\u00centr-un sistem medical care gestioneaz\u0103 simptome, IOMFT s-a n\u0103scut din nevoia de a reconstrui omul de la respira\u021bie \u00een sus.<\/p><p>S\u0103 privim din nou s\u0103n\u0103tatea ca pe o arhitectur\u0103 vie, unde fiecare mu\u0219chi, fiecare os \u0219i fiecare inspira\u021bie modeleaz\u0103 viitorul.<\/p>\t\t\t\t\t\t\t\t<\/div>\n\t\t\t\t<\/div>\n\t\t\t\t\t<\/div>\n\t\t\t\t<\/div>\n\t\t\t\t<\/div>\n\t\t<div class=\"elementor-element elementor-element-cf26020 e-con-full e-flex e-con e-parent\" data-id=\"cf26020\" data-element_type=\"container\" data-settings=\"{&quot;background_background&quot;:&quot;classic&quot;}\">\n\t\t<div class=\"elementor-element elementor-element-c4c2cb5 e-flex e-con-boxed e-con e-child\" data-id=\"c4c2cb5\" data-element_type=\"container\">\n\t\t\t\t\t<div class=\"e-con-inner\">\n\t\t\t\t<div class=\"elementor-element elementor-element-0c9e1bc elementor-widget elementor-widget-text-editor\" data-id=\"0c9e1bc\" data-element_type=\"widget\" data-widget_type=\"text-editor.default\">\n\t\t\t\t<div class=\"elementor-widget-container\">\n\t\t\t\t\t\t\t\t\t<h2>Misiunea noastr\u0103<\/h2><p>IOMFT reprezint\u0103 o ini\u021biativ\u0103 unic\u0103 \u00een Rom\u00e2nia deschizand o nou\u0103 direc\u021bie \u00een medicina rom\u00e2neasc\u0103 \u2014 una centrat\u0103 pe preven\u021bie , interceptie acolo unde este cazul pe reechilibr\u0103re func\u021bionala a sistemului oro-facial \u0219i postural, \u0219i colaborare interdisciplinar\u0103.<\/p><p>Noi privim omul nu ca pe un ansamblu de simptome, ci ca pe un ecosistem viu, \u00een care respira\u021bia, mastica\u021bia, postura, somnul \u0219i dezvoltarea cranio-facial\u0103 se influen\u021beaz\u0103 reciproc \u00eentr-un dans t\u0103cut, dar decisiv.<\/p><h2>Misiunea noastr\u0103 este s\u0103:<\/h2><ul><li>Restabilim armonia dintre func\u021bie \u0219i form\u0103, pun\u00e2nd respira\u021bia la r\u0103d\u0103cina s\u0103n\u0103t\u0103\u021bii umane.<\/li><li>Red\u0103m copilului dreptul de a se dezvolta complet, prin cre\u0219tere osoas\u0103 optim\u0103, respira\u021bie nazal\u0103, mastica\u021bie eficient\u0103 \u0219i somn reparator.<\/li><li>Cre\u0103m un model medical interdisciplinar unde ortodon\u021bia, logopedia, pediatria, ORL-ul, osteopatia, psihologia \u0219i nutri\u021bia colaboreaz\u0103 \u00eentr-un scop comun: preven\u021bia disfunc\u021biei.<\/li><li>\u00cenlocuim medicina simptomului cu medicina cauzei.<\/li><li>Educ\u0103m p\u0103rin\u021bii, cadrele didactice \u0219i speciali\u0219tii pentru a recunoa\u0219te semnele timpurii ale afect\u0103rilor miofunc\u021bionale.<\/li><li>Punem accent pe interven\u021bia precoce, \u00eenainte ca disfunc\u021bia s\u0103 devin\u0103 boal\u0103.<\/li><\/ul>\t\t\t\t\t\t\t\t<\/div>\n\t\t\t\t<\/div>\n\t\t\t\t\t<\/div>\n\t\t\t\t<\/div>\n\t\t\t\t<\/div>\n\t\t<div class=\"elementor-element elementor-element-596ae89 e-flex e-con-boxed e-con e-parent\" data-id=\"596ae89\" data-element_type=\"container\">\n\t\t\t\t\t<div class=\"e-con-inner\">\n\t\t\t\t<div class=\"elementor-element elementor-element-68e46ce elementor-widget elementor-widget-text-editor\" data-id=\"68e46ce\" data-element_type=\"widget\" data-widget_type=\"text-editor.default\">\n\t\t\t\t<div class=\"elementor-widget-container\">\n\t\t\t\t\t\t\t\t\t<p><strong>Pentru noi, respira\u021bia este primul act medical, iar preven\u021bia \u00eencepe cu primul an de via\u021b\u0103, \u00eenainte de primul aparat dentar, \u00eenainte de primul diagnostic.<\/strong><\/p>\t\t\t\t\t\t\t\t<\/div>\n\t\t\t\t<\/div>\n\t\t\t\t\t<\/div>\n\t\t\t\t<\/div>\n\t\t<div class=\"elementor-element elementor-element-6052ec8 e-flex e-con-boxed e-con e-parent\" data-id=\"6052ec8\" data-element_type=\"container\">\n\t\t\t\t\t<div class=\"e-con-inner\">\n\t\t\t\t<div class=\"elementor-element elementor-element-e8b734c elementor-widget elementor-widget-heading\" data-id=\"e8b734c\" data-element_type=\"widget\" data-widget_type=\"heading.default\">\n\t\t\t\t<div class=\"elementor-widget-container\">\n\t\t\t\t\t<h2 class=\"elementor-heading-title elementor-size-default\">Viziunea noastr\u0103<\/h2>\t\t\t\t<\/div>\n\t\t\t\t<\/div>\n\t\t\t\t\t<\/div>\n\t\t\t\t<\/div>\n\t\t<div class=\"elementor-element elementor-element-d0183e8 e-flex e-con-boxed e-con e-parent\" data-id=\"d0183e8\" data-element_type=\"container\">\n\t\t\t\t\t<div class=\"e-con-inner\">\n\t\t\t\t<div class=\"elementor-element elementor-element-0dd45e0 elementor-widget elementor-widget-heading\" data-id=\"0dd45e0\" data-element_type=\"widget\" data-widget_type=\"heading.default\">\n\t\t\t\t<div class=\"elementor-widget-container\">\n\t\t\t\t\t<h2 class=\"elementor-heading-title elementor-size-default\">Vis\u0103m la o Rom\u00e2nie \u00een care:<\/h2>\t\t\t\t<\/div>\n\t\t\t\t<\/div>\n\t\t\t\t\t<\/div>\n\t\t\t\t<\/div>\n\t\t<div class=\"elementor-element elementor-element-b71ed81 e-flex e-con-boxed e-con e-parent\" data-id=\"b71ed81\" data-element_type=\"container\">\n\t\t\t\t\t<div class=\"e-con-inner\">\n\t\t\t\t<div class=\"elementor-element elementor-element-94e36ee elementor-widget elementor-widget-text-editor\" data-id=\"94e36ee\" data-element_type=\"widget\" data-widget_type=\"text-editor.default\">\n\t\t\t\t<div class=\"elementor-widget-container\">\n\t\t\t\t\t\t\t\t\t<ul><li>Fiecare copil respir\u0103 liber \u0219i cre\u0219te armonios;<\/li><li>Fiecare adult doarme profund \u0219i tr\u0103ie\u0219te \u00een echilibru;<\/li><li>Fiecare specialist vede dincolo de propria specialitate, \u00een\u021beleg\u00e2nd c\u0103 func\u021bia modeleaz\u0103 forma, iar forma sus\u021bine via\u021ba.<\/li><\/ul>\t\t\t\t\t\t\t\t<\/div>\n\t\t\t\t<\/div>\n\t\t\t\t\t<\/div>\n\t\t\t\t<\/div>\n\t\t<div class=\"elementor-element elementor-element-a727818 e-flex e-con-boxed e-con e-parent\" data-id=\"a727818\" data-element_type=\"container\">\n\t\t\t\t\t<div class=\"e-con-inner\">\n\t\t\t\t<div class=\"elementor-element elementor-element-0cd7b39 elementor-widget elementor-widget-text-editor\" data-id=\"0cd7b39\" data-element_type=\"widget\" data-widget_type=\"text-editor.default\">\n\t\t\t\t<div class=\"elementor-widget-container\">\n\t\t\t\t\t\t\t\t\t<p><strong>Ne dorim ca IOMFT s\u0103 devin\u0103 un centru na\u021bional de referin\u021b\u0103, un reper de cunoa\u0219tere, cercetare \u0219i formare profesional\u0103 \u00een domeniul func\u021biei oro-faciale, al s\u0103n\u0103t\u0103\u021bii c\u0103ilor aeriene \u0219i al ortoposturologiei.<\/strong><\/p><p><strong>Un loc unde \u0219tiin\u021ba se \u00eent\u00e2lne\u0219te cu umanitatea \u0219i unde tratamentele se transform\u0103 \u00een educa\u021bie pentru genera\u021biile viitoare.<\/strong><\/p>\t\t\t\t\t\t\t\t<\/div>\n\t\t\t\t<\/div>\n\t\t\t\t\t<\/div>\n\t\t\t\t<\/div>\n\t\t<div class=\"elementor-element elementor-element-5eb88ec e-flex e-con-boxed e-con e-parent\" data-id=\"5eb88ec\" data-element_type=\"container\">\n\t\t\t\t\t<div class=\"e-con-inner\">\n\t\t\t\t<div class=\"elementor-element elementor-element-0af6691 elementor-widget elementor-widget-heading\" data-id=\"0af6691\" data-element_type=\"widget\" data-widget_type=\"heading.default\">\n\t\t\t\t<div class=\"elementor-widget-container\">\n\t\t\t\t\t<h2 class=\"elementor-heading-title elementor-size-default\">Valorile noastre<\/h2>\t\t\t\t<\/div>\n\t\t\t\t<\/div>\n\t\t\t\t\t<\/div>\n\t\t\t\t<\/div>\n\t\t<div class=\"elementor-element elementor-element-5b53d35 e-flex e-con-boxed e-con e-parent\" data-id=\"5b53d35\" data-element_type=\"container\">\n\t\t\t\t\t<div class=\"e-con-inner\">\n\t\t\t\t<div class=\"elementor-element elementor-element-fc876eb elementor-widget elementor-widget-text-editor\" data-id=\"fc876eb\" data-element_type=\"widget\" data-widget_type=\"text-editor.default\">\n\t\t\t\t<div class=\"elementor-widget-container\">\n\t\t\t\t\t\t\t\t\t<ul><li>Interdisciplinaritate real\u0103 \u2013 nu vorbim despre colaborare, o tr\u0103im zi de zi, \u00een echip\u0103.<\/li><li>Educa\u021bie \u0219i trezire \u2013 pentru c\u0103 lipsa de informa\u021bie este prima form\u0103 de boal\u0103.<\/li><li>Preven\u021bie \u0219i interven\u021bie timpurie \u2013 cheia pentru o dezvoltare armonioas\u0103 \u0219i un viitor s\u0103n\u0103tos.<\/li><li>Func\u021bia creeaz\u0103 forma, forma sus\u021bine func\u021bia \u2013 echilibrul dintre biologie \u0219i estetic\u0103.<\/li><li>Respect pentru corp \u2013 intervenim bl\u00e2nd, dar profund, ghid\u00e2nd natura, nu for\u021b\u00e2nd-o.<\/li><li>Responsabilitate social\u0103 \u2013 un copil care respir\u0103 bine devine un adult care g\u00e2nde\u0219te limpede.<\/li><li>Umanitate \u2013 \u00een spatele fiec\u0103rui diagnostic exist\u0103 o fiin\u021b\u0103 care vrea doar s\u0103 poat\u0103 respira.<\/li><li>Curajul de a schimba paradigma \u2013 pentru o medicin\u0103 care nu gestioneaz\u0103 boala, ci cultiv\u0103 s\u0103n\u0103tatea.<\/li><\/ul>\t\t\t\t\t\t\t\t<\/div>\n\t\t\t\t<\/div>\n\t\t\t\t\t<\/div>\n\t\t\t\t<\/div>\n\t\t<div class=\"elementor-element elementor-element-4000378 e-con-full e-flex e-con e-parent\" data-id=\"4000378\" data-element_type=\"container\" data-settings=\"{&quot;background_background&quot;:&quot;classic&quot;}\">\n\t\t<div class=\"elementor-element elementor-element-780a6fc e-flex e-con-boxed e-con e-child\" data-id=\"780a6fc\" data-element_type=\"container\">\n\t\t\t\t\t<div class=\"e-con-inner\">\n\t\t\t\t\t<\/div>\n\t\t\t\t<\/div>\n\t\t\t\t<\/div>\n\t\t<div class=\"elementor-element elementor-element-69724e3 e-flex e-con-boxed e-con e-parent\" data-id=\"69724e3\" data-element_type=\"container\">\n\t\t\t\t\t<div class=\"e-con-inner\">\n\t\t\t\t<div class=\"elementor-element elementor-element-456a634 elementor-widget elementor-widget-heading\" data-id=\"456a634\" data-element_type=\"widget\" data-widget_type=\"heading.default\">\n\t\t\t\t<div class=\"elementor-widget-container\">\n\t\t\t\t\t<h2 class=\"elementor-heading-title elementor-size-default\">Misiunea pentru speciali\u0219ti<\/h2>\t\t\t\t<\/div>\n\t\t\t\t<\/div>\n\t\t\t\t\t<\/div>\n\t\t\t\t<\/div>\n\t\t<div class=\"elementor-element elementor-element-825f62a e-flex e-con-boxed e-con e-parent\" data-id=\"825f62a\" data-element_type=\"container\">\n\t\t\t\t\t<div class=\"e-con-inner\">\n\t\t\t\t<div class=\"elementor-element elementor-element-cfa5d4f elementor-widget elementor-widget-text-editor\" data-id=\"cfa5d4f\" data-element_type=\"widget\" data-widget_type=\"text-editor.default\">\n\t\t\t\t<div class=\"elementor-widget-container\">\n\t\t\t\t\t\t\t\t\t<p><strong>IOMFT nu este doar un institut.<\/strong><\/p><p><strong>Este o mi\u0219care care reformeaz\u0103 modul \u00een care privim s\u0103n\u0103tatea uman\u0103.<\/strong><\/p><p><strong>Form\u0103m o genera\u021bie nou\u0103 de speciali\u0219ti care:<\/strong><\/p>\t\t\t\t\t\t\t\t<\/div>\n\t\t\t\t<\/div>\n\t\t\t\t\t<\/div>\n\t\t\t\t<\/div>\n\t\t<div class=\"elementor-element elementor-element-5bbc0bb e-flex e-con-boxed e-con e-parent\" data-id=\"5bbc0bb\" data-element_type=\"container\">\n\t\t\t\t\t<div class=\"e-con-inner\">\n\t\t\t\t<div class=\"elementor-element elementor-element-c756816 elementor-widget elementor-widget-text-editor\" data-id=\"c756816\" data-element_type=\"widget\" data-widget_type=\"text-editor.default\">\n\t\t\t\t<div class=\"elementor-widget-container\">\n\t\t\t\t\t\t\t\t\t<ul><li>privesc mai ad\u00e2nc,<\/li><li>simt mai devreme,<\/li><li>ac\u021bioneaz\u0103 mai devreme.<\/li><\/ul>\t\t\t\t\t\t\t\t<\/div>\n\t\t\t\t<\/div>\n\t\t\t\t\t<\/div>\n\t\t\t\t<\/div>\n\t\t<div class=\"elementor-element elementor-element-aea751c e-flex e-con-boxed e-con e-parent\" data-id=\"aea751c\" data-element_type=\"container\">\n\t\t\t\t\t<div class=\"e-con-inner\">\n\t\t\t\t<div class=\"elementor-element elementor-element-2e9af3a elementor-widget elementor-widget-heading\" data-id=\"2e9af3a\" data-element_type=\"widget\" data-widget_type=\"heading.default\">\n\t\t\t\t<div class=\"elementor-widget-container\">\n\t\t\t\t\t<h2 class=\"elementor-heading-title elementor-size-default\">Sub umbrela IOMFT se reunesc:<\/h2>\t\t\t\t<\/div>\n\t\t\t\t<\/div>\n\t\t\t\t\t<\/div>\n\t\t\t\t<\/div>\n\t\t<div class=\"elementor-element elementor-element-74b9a9c e-flex e-con-boxed e-con e-parent\" data-id=\"74b9a9c\" data-element_type=\"container\">\n\t\t\t\t\t<div class=\"e-con-inner\">\n\t\t\t\t<div class=\"elementor-element elementor-element-bc7e55e elementor-widget elementor-widget-text-editor\" data-id=\"bc7e55e\" data-element_type=\"widget\" data-widget_type=\"text-editor.default\">\n\t\t\t\t<div class=\"elementor-widget-container\">\n\t\t\t\t\t\t\t\t\t<p><strong>ortodon\u021bi, stomatologi, logopezi, pediatri, medici ORL, alergologi, pneumologi, osteopa\u021bi, kinetoterapeu\u021bi, psihologi, consultan\u021bi \u00een al\u0103ptare, terapeu\u021bi de reflexe primare, nutri\u021bioni\u0219ti, educatori \u0219i p\u0103rin\u021bi.<\/strong><\/p>\t\t\t\t\t\t\t\t<\/div>\n\t\t\t\t<\/div>\n\t\t\t\t\t<\/div>\n\t\t\t\t<\/div>\n\t\t<div class=\"elementor-element elementor-element-a7783ab e-flex e-con-boxed e-con e-parent\" data-id=\"a7783ab\" data-element_type=\"container\">\n\t\t\t\t\t<div class=\"e-con-inner\">\n\t\t\t\t<div class=\"elementor-element elementor-element-7fa060c elementor-widget elementor-widget-text-editor\" data-id=\"7fa060c\" data-element_type=\"widget\" data-widget_type=\"text-editor.default\">\n\t\t\t\t<div class=\"elementor-widget-container\">\n\t\t\t\t\t\t\t\t\t<p>\u00cempreun\u0103 abord\u0103m respira\u021bia, mastica\u021bia, degluti\u021bia, pozi\u021bia limbii, vorbirea \u0219i postura.<\/p><p>Elimin\u0103m obiceiuri vicioase precum:<\/p><p>\u2013 respira\u021bia oral\u0103,<\/p><p>\u2013 suptul degetului,<\/p><p>\u2013 utilizarea \u00eendelungat\u0103 a suzetei,<\/p><p>\u2013 mastica\u021bia unilateral\u0103,<\/p><p>\u2013 bruxismul,<\/p><p>\u2013 interpunerea limbii \u00eentre din\u021bi.<\/p>\t\t\t\t\t\t\t\t<\/div>\n\t\t\t\t<\/div>\n\t\t\t\t\t<\/div>\n\t\t\t\t<\/div>\n\t\t<div class=\"elementor-element elementor-element-02777cf e-flex e-con-boxed e-con e-parent\" data-id=\"02777cf\" data-element_type=\"container\">\n\t\t\t\t\t<div class=\"e-con-inner\">\n\t\t\t\t<div class=\"elementor-element elementor-element-b858402 elementor-widget elementor-widget-text-editor\" data-id=\"b858402\" data-element_type=\"widget\" data-widget_type=\"text-editor.default\">\n\t\t\t\t<div class=\"elementor-widget-container\">\n\t\t\t\t\t\t\t\t\t<p><strong>Prin terapii adaptate v\u00e2rstei \u0219i nevoilor individuale, sus\u021binem dezvoltarea armonioas\u0103 a maxilarelor, eliberarea c\u0103ilor respiratorii \u0219i ghidarea corpului c\u0103tre poten\u021bialul s\u0103u genetic maxim.<\/strong><\/p>\t\t\t\t\t\t\t\t<\/div>\n\t\t\t\t<\/div>\n\t\t\t\t\t<\/div>\n\t\t\t\t<\/div>\n\t\t<div class=\"elementor-element elementor-element-35285b5 e-flex e-con-boxed e-con e-parent\" data-id=\"35285b5\" data-element_type=\"container\">\n\t\t\t\t\t<div class=\"e-con-inner\">\n\t\t\t\t<div class=\"elementor-element elementor-element-7528750 elementor-widget elementor-widget-heading\" data-id=\"7528750\" data-element_type=\"widget\" data-widget_type=\"heading.default\">\n\t\t\t\t<div class=\"elementor-widget-container\">\n\t\t\t\t\t<h2 class=\"elementor-heading-title elementor-size-default\">Ceea ce ne define\u0219te<\/h2>\t\t\t\t<\/div>\n\t\t\t\t<\/div>\n\t\t\t\t\t<\/div>\n\t\t\t\t<\/div>\n\t\t<div class=\"elementor-element elementor-element-aa2d015 e-flex e-con-boxed e-con e-parent\" data-id=\"aa2d015\" data-element_type=\"container\">\n\t\t\t\t\t<div class=\"e-con-inner\">\n\t\t\t\t<div class=\"elementor-element elementor-element-0518968 elementor-widget elementor-widget-text-editor\" data-id=\"0518968\" data-element_type=\"widget\" data-widget_type=\"text-editor.default\">\n\t\t\t\t<div class=\"elementor-widget-container\">\n\t\t\t\t\t\t\t\t\t<p><strong>Nu vrem s\u0103 ad\u0103ug\u0103m ani vie\u021bii, vrem s\u0103 ad\u0103ug\u0103m via\u021b\u0103 anilor \u2014 prin respira\u021bie calm\u0103, somn odihnitor, mastica\u021bie corect\u0103, postur\u0103 echilibrat\u0103 \u0219i o s\u0103n\u0103tate tr\u0103it\u0103, nu doar tratat\u0103.<\/strong><\/p><p><strong>Pentru c\u0103, \u00een final, noi nu reconstruim doar fe\u021be. Reconstruim destine.<\/strong><\/p>\t\t\t\t\t\t\t\t<\/div>\n\t\t\t\t<\/div>\n\t\t\t\t\t<\/div>\n\t\t\t\t<\/div>\n\t\t\t\t<\/div>\n\t\t","protected":false},"excerpt":{"rendered":"<p>Manifestul IOMFT: Reconstruim omul de la respira\u021bie \u00een sus Pentru noi, respira\u021bia este primul act medical, iar preven\u021bia \u00eencepe cu primul an de via\u021b\u0103, \u00eenainte de primul aparat dentar, \u00eenainte de primul diagnostic. De ce exist\u0103m? Lumea nu mai respir\u0103. Copiii cresc obosi\u021bi, adul\u021bii tr\u0103iesc fragmentat, iar omenirea \u00eentreag\u0103 \u0219i-a pierdut ritmul interior. Bolile nu &hellip; <\/p>\n<p class=\"link-more\"><a href=\"https:\/\/www.iomft.ro\/index.php\/manifestul-iomft\/\" class=\"more-link\">Continue reading<span class=\"screen-reader-text\"> &#8222;Manifestul IOMFT&#8221;<\/span><\/a><\/p>\n","protected":false},"author":1,"featured_media":0,"parent":0,"menu_order":0,"comment_status":"closed","ping_status":"closed","template":"","meta":{"_acf_changed":false,"footnotes":""},"class_list":["post-1071","page","type-page","status-publish","hentry"],"acf":[],"yoast_head":"<!-- This site is optimized with the Yoast SEO plugin v27.3 - https:\/\/yoast.com\/product\/yoast-seo-wordpress\/ -->\n<title>Manifestul IOMFT - IOMFT<\/title>\n<meta name=\"robots\" content=\"index, follow, max-snippet:-1, max-image-preview:large, max-video-preview:-1\" \/>\n<link rel=\"canonical\" href=\"https:\/\/www.iomft.ro\/index.php\/manifestul-iomft\/\" \/>\n<meta property=\"og:locale\" content=\"ro_RO\" \/>\n<meta property=\"og:type\" content=\"article\" \/>\n<meta property=\"og:title\" content=\"Manifestul IOMFT - IOMFT\" \/>\n<meta property=\"og:description\" content=\"Manifestul IOMFT: Reconstruim omul de la respira\u021bie \u00een sus Pentru noi, respira\u021bia este primul act medical, iar preven\u021bia \u00eencepe cu primul an de via\u021b\u0103, \u00eenainte de primul aparat dentar, \u00eenainte de primul diagnostic. De ce exist\u0103m? Lumea nu mai respir\u0103. Copiii cresc obosi\u021bi, adul\u021bii tr\u0103iesc fragmentat, iar omenirea \u00eentreag\u0103 \u0219i-a pierdut ritmul interior. Bolile nu &hellip; Continue reading &quot;Manifestul IOMFT&quot;\" \/>\n<meta property=\"og:url\" content=\"https:\/\/www.iomft.ro\/index.php\/manifestul-iomft\/\" \/>\n<meta property=\"og:site_name\" content=\"IOMFT\" \/>\n<meta property=\"article:modified_time\" content=\"2026-02-26T10:54:03+00:00\" \/>\n<meta name=\"twitter:card\" content=\"summary_large_image\" \/>\n<meta name=\"twitter:label1\" content=\"Timp estimat pentru citire\" \/>\n\t<meta name=\"twitter:data1\" content=\"4 minute\" \/>\n<script type=\"application\/ld+json\" class=\"yoast-schema-graph\">{\"@context\":\"https:\\\/\\\/schema.org\",\"@graph\":[{\"@type\":\"WebPage\",\"@id\":\"https:\\\/\\\/www.iomft.ro\\\/index.php\\\/manifestul-iomft\\\/\",\"url\":\"https:\\\/\\\/www.iomft.ro\\\/index.php\\\/manifestul-iomft\\\/\",\"name\":\"Manifestul IOMFT - IOMFT\",\"isPartOf\":{\"@id\":\"https:\\\/\\\/www.iomft.ro\\\/#website\"},\"datePublished\":\"2025-10-31T12:20:51+00:00\",\"dateModified\":\"2026-02-26T10:54:03+00:00\",\"breadcrumb\":{\"@id\":\"https:\\\/\\\/www.iomft.ro\\\/index.php\\\/manifestul-iomft\\\/#breadcrumb\"},\"inLanguage\":\"ro-RO\",\"potentialAction\":[{\"@type\":\"ReadAction\",\"target\":[\"https:\\\/\\\/www.iomft.ro\\\/index.php\\\/manifestul-iomft\\\/\"]}]},{\"@type\":\"BreadcrumbList\",\"@id\":\"https:\\\/\\\/www.iomft.ro\\\/index.php\\\/manifestul-iomft\\\/#breadcrumb\",\"itemListElement\":[{\"@type\":\"ListItem\",\"position\":1,\"name\":\"Home\",\"item\":\"https:\\\/\\\/www.iomft.ro\\\/\"},{\"@type\":\"ListItem\",\"position\":2,\"name\":\"Manifestul IOMFT\"}]},{\"@type\":\"WebSite\",\"@id\":\"https:\\\/\\\/www.iomft.ro\\\/#website\",\"url\":\"https:\\\/\\\/www.iomft.ro\\\/\",\"name\":\"IOMFT\",\"description\":\"\",\"publisher\":{\"@id\":\"https:\\\/\\\/www.iomft.ro\\\/#organization\"},\"potentialAction\":[{\"@type\":\"SearchAction\",\"target\":{\"@type\":\"EntryPoint\",\"urlTemplate\":\"https:\\\/\\\/www.iomft.ro\\\/?s={search_term_string}\"},\"query-input\":{\"@type\":\"PropertyValueSpecification\",\"valueRequired\":true,\"valueName\":\"search_term_string\"}}],\"inLanguage\":\"ro-RO\"},{\"@type\":\"Organization\",\"@id\":\"https:\\\/\\\/www.iomft.ro\\\/#organization\",\"name\":\"IOMFT\",\"url\":\"https:\\\/\\\/www.iomft.ro\\\/\",\"logo\":{\"@type\":\"ImageObject\",\"inLanguage\":\"ro-RO\",\"@id\":\"https:\\\/\\\/www.iomft.ro\\\/#\\\/schema\\\/logo\\\/image\\\/\",\"url\":\"https:\\\/\\\/www.iomft.ro\\\/wp-content\\\/uploads\\\/2024\\\/09\\\/cropped-logo@2x.png\",\"contentUrl\":\"https:\\\/\\\/www.iomft.ro\\\/wp-content\\\/uploads\\\/2024\\\/09\\\/cropped-logo@2x.png\",\"width\":1000,\"height\":250,\"caption\":\"IOMFT\"},\"image\":{\"@id\":\"https:\\\/\\\/www.iomft.ro\\\/#\\\/schema\\\/logo\\\/image\\\/\"}}]}<\/script>\n<!-- \/ Yoast SEO plugin. -->","yoast_head_json":{"title":"Manifestul IOMFT - IOMFT","robots":{"index":"index","follow":"follow","max-snippet":"max-snippet:-1","max-image-preview":"max-image-preview:large","max-video-preview":"max-video-preview:-1"},"canonical":"https:\/\/www.iomft.ro\/index.php\/manifestul-iomft\/","og_locale":"ro_RO","og_type":"article","og_title":"Manifestul IOMFT - IOMFT","og_description":"Manifestul IOMFT: Reconstruim omul de la respira\u021bie \u00een sus Pentru noi, respira\u021bia este primul act medical, iar preven\u021bia \u00eencepe cu primul an de via\u021b\u0103, \u00eenainte de primul aparat dentar, \u00eenainte de primul diagnostic. De ce exist\u0103m? Lumea nu mai respir\u0103. Copiii cresc obosi\u021bi, adul\u021bii tr\u0103iesc fragmentat, iar omenirea \u00eentreag\u0103 \u0219i-a pierdut ritmul interior. Bolile nu &hellip; Continue reading \"Manifestul IOMFT\"","og_url":"https:\/\/www.iomft.ro\/index.php\/manifestul-iomft\/","og_site_name":"IOMFT","article_modified_time":"2026-02-26T10:54:03+00:00","twitter_card":"summary_large_image","twitter_misc":{"Timp estimat pentru citire":"4 minute"},"schema":{"@context":"https:\/\/schema.org","@graph":[{"@type":"WebPage","@id":"https:\/\/www.iomft.ro\/index.php\/manifestul-iomft\/","url":"https:\/\/www.iomft.ro\/index.php\/manifestul-iomft\/","name":"Manifestul IOMFT - IOMFT","isPartOf":{"@id":"https:\/\/www.iomft.ro\/#website"},"datePublished":"2025-10-31T12:20:51+00:00","dateModified":"2026-02-26T10:54:03+00:00","breadcrumb":{"@id":"https:\/\/www.iomft.ro\/index.php\/manifestul-iomft\/#breadcrumb"},"inLanguage":"ro-RO","potentialAction":[{"@type":"ReadAction","target":["https:\/\/www.iomft.ro\/index.php\/manifestul-iomft\/"]}]},{"@type":"BreadcrumbList","@id":"https:\/\/www.iomft.ro\/index.php\/manifestul-iomft\/#breadcrumb","itemListElement":[{"@type":"ListItem","position":1,"name":"Home","item":"https:\/\/www.iomft.ro\/"},{"@type":"ListItem","position":2,"name":"Manifestul IOMFT"}]},{"@type":"WebSite","@id":"https:\/\/www.iomft.ro\/#website","url":"https:\/\/www.iomft.ro\/","name":"IOMFT","description":"","publisher":{"@id":"https:\/\/www.iomft.ro\/#organization"},"potentialAction":[{"@type":"SearchAction","target":{"@type":"EntryPoint","urlTemplate":"https:\/\/www.iomft.ro\/?s={search_term_string}"},"query-input":{"@type":"PropertyValueSpecification","valueRequired":true,"valueName":"search_term_string"}}],"inLanguage":"ro-RO"},{"@type":"Organization","@id":"https:\/\/www.iomft.ro\/#organization","name":"IOMFT","url":"https:\/\/www.iomft.ro\/","logo":{"@type":"ImageObject","inLanguage":"ro-RO","@id":"https:\/\/www.iomft.ro\/#\/schema\/logo\/image\/","url":"https:\/\/www.iomft.ro\/wp-content\/uploads\/2024\/09\/cropped-logo@2x.png","contentUrl":"https:\/\/www.iomft.ro\/wp-content\/uploads\/2024\/09\/cropped-logo@2x.png","width":1000,"height":250,"caption":"IOMFT"},"image":{"@id":"https:\/\/www.iomft.ro\/#\/schema\/logo\/image\/"}}]}},"jetpack_sharing_enabled":true,"_links":{"self":[{"href":"https:\/\/www.iomft.ro\/index.php\/wp-json\/wp\/v2\/pages\/1071","targetHints":{"allow":["GET"]}}],"collection":[{"href":"https:\/\/www.iomft.ro\/index.php\/wp-json\/wp\/v2\/pages"}],"about":[{"href":"https:\/\/www.iomft.ro\/index.php\/wp-json\/wp\/v2\/types\/page"}],"author":[{"embeddable":true,"href":"https:\/\/www.iomft.ro\/index.php\/wp-json\/wp\/v2\/users\/1"}],"replies":[{"embeddable":true,"href":"https:\/\/www.iomft.ro\/index.php\/wp-json\/wp\/v2\/comments?post=1071"}],"version-history":[{"count":10,"href":"https:\/\/www.iomft.ro\/index.php\/wp-json\/wp\/v2\/pages\/1071\/revisions"}],"predecessor-version":[{"id":1880,"href":"https:\/\/www.iomft.ro\/index.php\/wp-json\/wp\/v2\/pages\/1071\/revisions\/1880"}],"wp:attachment":[{"href":"https:\/\/www.iomft.ro\/index.php\/wp-json\/wp\/v2\/media?parent=1071"}],"curies":[{"name":"wp","href":"https:\/\/api.w.org\/{rel}","templated":true}]}}