{"id":1330,"date":"2025-12-05T07:47:01","date_gmt":"2025-12-05T07:47:01","guid":{"rendered":"https:\/\/www.iomft.ro\/?page_id=1330"},"modified":"2026-02-26T09:33:32","modified_gmt":"2026-02-26T09:33:32","slug":"dr-ilia-jipa","status":"publish","type":"page","link":"https:\/\/www.iomft.ro\/index.php\/dr-ilia-jipa\/","title":{"rendered":"Dr Ilia Jipa"},"content":{"rendered":"\t\t<div data-elementor-type=\"wp-page\" data-elementor-id=\"1330\" class=\"elementor elementor-1330\">\n\t\t\t\t<div class=\"elementor-element elementor-element-49dc9e4 e-grid e-con-boxed e-con e-parent\" data-id=\"49dc9e4\" data-element_type=\"container\" id=\"header_top\" data-settings=\"{&quot;background_background&quot;:&quot;classic&quot;}\">\n\t\t\t\t\t<div class=\"e-con-inner\">\n\t\t\t\t<div class=\"elementor-element elementor-element-7bd3a52 home_intro elementor-widget elementor-widget-heading\" data-id=\"7bd3a52\" data-element_type=\"widget\" data-widget_type=\"heading.default\">\n\t\t\t\t<div class=\"elementor-widget-container\">\n\t\t\t\t\t<h2 class=\"elementor-heading-title elementor-size-default\">Manifest <br>pentru schimbare\n<\/h2>\t\t\t\t<\/div>\n\t\t\t\t<\/div>\n\t\t\t\t<div class=\"elementor-element elementor-element-afb65f1 elementor-widget__width-initial elementor-widget elementor-widget-text-editor\" data-id=\"afb65f1\" data-element_type=\"widget\" data-widget_type=\"text-editor.default\">\n\t\t\t\t<div class=\"elementor-widget-container\">\n\t\t\t\t\t\t\t\t\t<p>Sunt Ilia Teodora Jipa \u0219i sunt medic ortodont.<\/p><p>Ani de zile am \u00eenv\u0103\u021bat s\u0103 aliniez din\u021bi.<\/p><p>Ast\u0103zi \u0219tiu c\u0103 nu mai e suficient.<\/p>\t\t\t\t\t\t\t\t<\/div>\n\t\t\t\t<\/div>\n\t\t\t\t\t<\/div>\n\t\t\t\t<\/div>\n\t\t<div class=\"elementor-element elementor-element-a018dc8 e-con-full e-flex e-con e-parent\" data-id=\"a018dc8\" data-element_type=\"container\" data-settings=\"{&quot;background_background&quot;:&quot;classic&quot;}\">\n\t\t<div class=\"elementor-element elementor-element-59ecd70 e-flex e-con-boxed e-con e-child\" data-id=\"59ecd70\" data-element_type=\"container\">\n\t\t\t\t\t<div class=\"e-con-inner\">\n\t\t\t\t<div class=\"elementor-element elementor-element-7672c7b elementor-widget elementor-widget-text-editor\" data-id=\"7672c7b\" data-element_type=\"widget\" data-widget_type=\"text-editor.default\">\n\t\t\t\t<div class=\"elementor-widget-container\">\n\t\t\t\t\t\t\t\t\t<p>V\u0103d zilnic copii cu fe\u021be \u00eenguste, maxilare mici, respira\u021bie pe gur\u0103, sfor\u0103it \u201ede copil mic\u201d, somn rupt \u00een buc\u0103\u021bi, hiperactivitate, oboseal\u0103, bruxism, enurezis, posturi pr\u0103bu\u0219ite \u00eenainte de clasa preg\u0103titoare.<\/p><p>\u00cen fa\u021ba acestui tablou, am hotar\u0103t c\u0103 trebuie s\u0103 fac o schimbare \u0219i s\u0103 v\u0103 invit \u0219i pe voi s\u0103 o facem \u00eempreun\u0103.<\/p><p>Vreau s\u0103 schimb\u0103m modul \u00een care ne uit\u0103m la medicin\u0103, la copiii no\u0219tri, la ajutorul de care au nevoie s\u0103 creasc\u0103 s\u0103n\u0103to\u0219i \u00een mod natural, s\u0103-\u0219i dezvolte deprinderi s\u0103n\u0103toase \u0219i s\u0103 le con\u0219tientizeze.<\/p><p>Imi propun sa creez un parteneriat nou, diferit, puternic, intre o echipa multidisciplinar\u0103 de medici, parin\u021bi \u0219i copii. Este modul \u00een care d\u0103m putere p\u0103rin\u021bilor pentru beneficiul copiilor. Este modul \u00een care speciali\u0219tii devin parte din familie \u0219i ghideaz\u0103 tot procesul.<\/p>\t\t\t\t\t\t\t\t<\/div>\n\t\t\t\t<\/div>\n\t\t\t\t\t<\/div>\n\t\t\t\t<\/div>\n\t\t\t\t<\/div>\n\t\t<div class=\"elementor-element elementor-element-53054b2 e-con-full e-flex e-con e-parent\" data-id=\"53054b2\" data-element_type=\"container\" data-settings=\"{&quot;background_background&quot;:&quot;classic&quot;}\">\n\t\t<div class=\"elementor-element elementor-element-8206faa e-flex e-con-boxed e-con e-child\" data-id=\"8206faa\" data-element_type=\"container\">\n\t\t\t\t\t<div class=\"e-con-inner\">\n\t\t\t\t<div class=\"elementor-element elementor-element-b55b43b elementor-widget__width-initial elementor-widget elementor-widget-text-editor\" data-id=\"b55b43b\" data-element_type=\"widget\" data-widget_type=\"text-editor.default\">\n\t\t\t\t<div class=\"elementor-widget-container\">\n\t\t\t\t\t\t\t\t\t<p>Cel mai mare dar pe care parin\u021bii \u00eel pot face celor mici este s\u0103 le ofere cel mai bun start in via\u021b\u0103.<\/p><p>Suntem aici s\u0103 ne asigur\u0103m c\u0103 trimitem \u00een via\u021b\u0103 copii echilibra\u021bi, dezvolta\u021bi natural, cu un bagaj esen\u021bial de deprinderi bune, cu un sistem osos \u0219i muscular \u00een masur\u0103 sa le asigure cea mai bun\u0103 dezvoltare la adolescen\u021b\u0103 \u0219i maturitate.<\/p><p>Tr\u0103im \u00eentr-un mediu extrem de agresiv cu copiii no\u0219tri \u0219i trebuie s\u0103 schimb\u0103m modul \u00een care ne ap\u0103r\u0103m \u0219i contracar\u0103m aceste efecte.<\/p><p>Trebuie s\u0103 ne \u00eentoarcem \u0219i s\u0103 re\u00eenv\u0103\u021bam principiile corpului nostru, conexiunile complexe \u00eentre diverse organe \u0219i func\u021bii, s\u0103 privim holistic \u0219i integrat orice ac\u021biune pe care o facem. Trebuie s\u0103 re\u00een\u021belegem cum putem ghida corpul s\u0103 se dezvolte natural, cu propriile resurse.<\/p><p>Trebuie s\u0103 \u00een\u021belegem ce ne transmite corpul nostru, s\u0103 ie\u0219im din cercul vicios al trat\u0103rii simptomelor, a permenentei st\u0103ri de r\u0103m\u00e2nere \u00een urm\u0103 fa\u021b\u0103 de evolu\u021biile copiilor no\u0219tri.<\/p><p>Haide\u021bi s\u0103 fim cu un pas \u00eenainte, s\u0103 prevenim, s\u0103 reparam natural, s\u0103 armoniz\u0103m f\u0103r\u0103 costuri, s\u0103 construim baza corect\u0103 a celei mai frumoase opere a noastre.<\/p><p>Acestea sunt lucrurile \u00een care cred, \u0219i aceasta este schimbarea pe care doresc sa o aduc.<\/p>\t\t\t\t\t\t\t\t<\/div>\n\t\t\t\t<\/div>\n\t\t\t\t\t<\/div>\n\t\t\t\t<\/div>\n\t\t\t\t<\/div>\n\t\t<div class=\"elementor-element elementor-element-b5cc9a3 e-flex e-con-boxed e-con e-parent\" data-id=\"b5cc9a3\" data-element_type=\"container\">\n\t\t\t\t\t<div class=\"e-con-inner\">\n\t\t\t\t<div class=\"elementor-element elementor-element-ce2dfc4 elementor-widget elementor-widget-heading\" data-id=\"ce2dfc4\" data-element_type=\"widget\" data-widget_type=\"heading.default\">\n\t\t\t\t<div class=\"elementor-widget-container\">\n\t\t\t\t\t<h2 class=\"elementor-heading-title elementor-size-default\">1. De ce abordarea tradi\u021bional\u0103 nu mai este suficient\u0103<\/h2>\t\t\t\t<\/div>\n\t\t\t\t<\/div>\n\t\t\t\t\t<\/div>\n\t\t\t\t<\/div>\n\t\t<div class=\"elementor-element elementor-element-0c33b9f e-flex e-con-boxed e-con e-parent\" data-id=\"0c33b9f\" data-element_type=\"container\" data-settings=\"{&quot;background_background&quot;:&quot;classic&quot;}\">\n\t\t\t\t\t<div class=\"e-con-inner\">\n\t\t\t\t<div class=\"elementor-element elementor-element-31f9d8d elementor-widget__width-initial elementor-widget elementor-widget-text-editor\" data-id=\"31f9d8d\" data-element_type=\"widget\" data-widget_type=\"text-editor.default\">\n\t\t\t\t<div class=\"elementor-widget-container\">\n\t\t\t\t\t\t\t\t\t<p>Mul\u021bi dintre noi am fost forma\u021bi \u00eentr-un model predictibil \u0219i liniar:<br \/>\u2013 a\u0219tept\u0103m p\u00e2n\u0103 la 12\u201314 ani,<br \/>\u2013 erup to\u021bi din\u021bii,<br \/>\u2013 punem aparat,<br \/>\u2013 corect\u0103m aliniamentul vizibil.<\/p><p>\u00centre timp \u00eens\u0103, \u00een spatele lini\u0219tii aparente 80\u201390% din cre\u0219terea facial\u0103 s-a \u00eencheiat,<\/p><p>-maxilarele au r\u0103mas mici,<\/p><p>-palatul s-a \u00eengustat,<\/p><p>-c\u0103ile aeriene s-au format deja compromise,<\/p><p>-copilul a respirat ani la r\u00e2nd pe gur\u0103, a dormit prost \u0219i a \u00eenv\u0103\u021bat s\u0103 func\u021bioneze \u00een mod compensator.<\/p><p>C\u00e2nd un copil ajunge la mine, nu aduce doar o malocluzie. Aduce ani de adapt\u0103ri la un mediu care \u00eei saboteaz\u0103 respira\u021bia, somnul \u0219i dezvoltarea.<\/p><p>Nu mai pot privi asta ca pe o simpl\u0103 problem\u0103 de aliniere dentar\u0103.<br \/>Nu mai pot considera \u201enormal\u201d s\u0103 ignor respira\u021bia \u0219i somnul doar pentru c\u0103 \u201e\u00eenc\u0103 nu e v\u00e2rsta de aparat\u201d.<\/p>\t\t\t\t\t\t\t\t<\/div>\n\t\t\t\t<\/div>\n\t\t\t\t\t<\/div>\n\t\t\t\t<\/div>\n\t\t<div class=\"elementor-element elementor-element-67f0803 e-con-full e-flex e-con e-parent\" data-id=\"67f0803\" data-element_type=\"container\" data-settings=\"{&quot;background_background&quot;:&quot;classic&quot;}\">\n\t\t<div class=\"elementor-element elementor-element-1f3f25a e-flex e-con-boxed e-con e-child\" data-id=\"1f3f25a\" data-element_type=\"container\">\n\t\t\t\t\t<div class=\"e-con-inner\">\n\t\t\t\t\t<\/div>\n\t\t\t\t<\/div>\n\t\t\t\t<\/div>\n\t\t<div class=\"elementor-element elementor-element-0904b89 e-flex e-con-boxed e-con e-parent\" data-id=\"0904b89\" data-element_type=\"container\">\n\t\t\t\t\t<div class=\"e-con-inner\">\n\t\t\t\t<div class=\"elementor-element elementor-element-0feafcb elementor-widget elementor-widget-heading\" data-id=\"0feafcb\" data-element_type=\"widget\" data-widget_type=\"heading.default\">\n\t\t\t\t<div class=\"elementor-widget-container\">\n\t\t\t\t\t<h2 class=\"elementor-heading-title elementor-size-default\">2. Ce am \u00een\u021beles \u0219i de ce mi-am schimbat direc\u021bia<\/h2>\t\t\t\t<\/div>\n\t\t\t\t<\/div>\n\t\t\t\t\t<\/div>\n\t\t\t\t<\/div>\n\t\t<div class=\"elementor-element elementor-element-45c278d e-flex e-con-boxed e-con e-parent\" data-id=\"45c278d\" data-element_type=\"container\" data-settings=\"{&quot;background_background&quot;:&quot;classic&quot;}\">\n\t\t\t\t\t<div class=\"e-con-inner\">\n\t\t\t\t<div class=\"elementor-element elementor-element-8a6833d elementor-widget__width-initial elementor-widget elementor-widget-text-editor\" data-id=\"8a6833d\" data-element_type=\"widget\" data-widget_type=\"text-editor.default\">\n\t\t\t\t<div class=\"elementor-widget-container\">\n\t\t\t\t\t\t\t\t\t<p>Pentru mine totul a devenit clar \u00een momentul \u00een care am auzit, spus simplu:<\/p><ul><li>\u201eDin\u021bii str\u00e2mbi\u201d nu sunt cauza, sunt simptomul.<\/li><li>Malocluzia nu este doar genetic\u0103 \u2014 este expresia unui mediu modern: alimenta\u021bie moale, lips\u0103 de mastica\u021bie, alergii, respira\u021bie oral\u0103, somn fragmentat, sedentarism.<\/li><li>Copiii de azi nu mai cresc \u00eentr-un mediu care s\u0103 le permit\u0103 dezvoltarea facial\u0103 natural\u0103.<\/li><\/ul><p>Antropologia, medicina somnului, ortopedia dento-facial\u0103 \u0219i literatura de specialitate spun acela\u0219i lucru:<br \/><strong>dac\u0103 nu abord\u0103m c\u0103ile aeriene \u0219i func\u021biile esen\u021biale (respira\u021bie, mastica\u021bie, degluti\u021bie, pozi\u021bia limbii, postura oral\u0103), tot ce facem este s\u0103 deplas\u0103m din\u021bii \u00eentr-un sistem disfunc\u021bional.<\/strong><\/p>\t\t\t\t\t\t\t\t<\/div>\n\t\t\t\t<\/div>\n\t\t\t\t\t<\/div>\n\t\t\t\t<\/div>\n\t\t<div class=\"elementor-element elementor-element-26cd7a7 e-flex e-con-boxed e-con e-parent\" data-id=\"26cd7a7\" data-element_type=\"container\">\n\t\t\t\t\t<div class=\"e-con-inner\">\n\t\t\t\t<div class=\"elementor-element elementor-element-f6b5a5c elementor-widget elementor-widget-heading\" data-id=\"f6b5a5c\" data-element_type=\"widget\" data-widget_type=\"heading.default\">\n\t\t\t\t<div class=\"elementor-widget-container\">\n\t\t\t\t\t<h2 class=\"elementor-heading-title elementor-size-default\">3. De ce abordarea tradi\u021bional\u0103 nu mai este suficient\u0103<\/h2>\t\t\t\t<\/div>\n\t\t\t\t<\/div>\n\t\t\t\t\t<\/div>\n\t\t\t\t<\/div>\n\t\t<div class=\"elementor-element elementor-element-f81e72f e-flex e-con-boxed e-con e-parent\" data-id=\"f81e72f\" data-element_type=\"container\" data-settings=\"{&quot;background_background&quot;:&quot;classic&quot;}\">\n\t\t\t\t\t<div class=\"e-con-inner\">\n\t\t\t\t<div class=\"elementor-element elementor-element-f84228e elementor-widget__width-initial elementor-widget elementor-widget-text-editor\" data-id=\"f84228e\" data-element_type=\"widget\" data-widget_type=\"text-editor.default\">\n\t\t\t\t<div class=\"elementor-widget-container\">\n\t\t\t\t\t\t\t\t\t<p>Mul\u021bi dintre noi am fost forma\u021bi \u00eentr-un model predictibil \u0219i liniar:<br \/>\u2013 a\u0219tept\u0103m p\u00e2n\u0103 la 12\u201314 ani,<br \/>\u2013 erup to\u021bi din\u021bii,<br \/>\u2013 punem aparat,<br \/>\u2013 corect\u0103m aliniamentul vizibil.<\/p><p>\u00centre timp \u00eens\u0103, \u00een spatele lini\u0219tii aparente 80\u201390% din cre\u0219terea facial\u0103 s-a \u00eencheiat,<\/p><p>-maxilarele au r\u0103mas mici,<\/p><p>-palatul s-a \u00eengustat,<\/p><p>-c\u0103ile aeriene s-au format deja compromise,<\/p><p>-copilul a respirat ani la r\u00e2nd pe gur\u0103, a dormit prost \u0219i a \u00eenv\u0103\u021bat s\u0103 func\u021bioneze \u00een mod compensator.<\/p><p>C\u00e2nd un copil ajunge la mine, nu aduce doar o malocluzie. Aduce ani de adapt\u0103ri la un mediu care \u00eei saboteaz\u0103 respira\u021bia, somnul \u0219i dezvoltarea.<\/p><p>Nu mai pot privi asta ca pe o simpl\u0103 problem\u0103 de aliniere dentar\u0103.<br \/>Nu mai pot considera \u201enormal\u201d s\u0103 ignor respira\u021bia \u0219i somnul doar pentru c\u0103 \u201e\u00eenc\u0103 nu e v\u00e2rsta de aparat\u201d.<\/p>\t\t\t\t\t\t\t\t<\/div>\n\t\t\t\t<\/div>\n\t\t\t\t\t<\/div>\n\t\t\t\t<\/div>\n\t\t<div class=\"elementor-element elementor-element-41f0360 e-flex e-con-boxed e-con e-parent\" data-id=\"41f0360\" data-element_type=\"container\">\n\t\t\t\t\t<div class=\"e-con-inner\">\n\t\t\t\t<div class=\"elementor-element elementor-element-ab5f476 elementor-widget elementor-widget-heading\" data-id=\"ab5f476\" data-element_type=\"widget\" data-widget_type=\"heading.default\">\n\t\t\t\t<div class=\"elementor-widget-container\">\n\t\t\t\t\t<h2 class=\"elementor-heading-title elementor-size-default\">4. De ce am creat IOMFT<\/h2>\t\t\t\t<\/div>\n\t\t\t\t<\/div>\n\t\t\t\t\t<\/div>\n\t\t\t\t<\/div>\n\t\t<div class=\"elementor-element elementor-element-8a7b0a3 e-flex e-con-boxed e-con e-parent\" data-id=\"8a7b0a3\" data-element_type=\"container\" data-settings=\"{&quot;background_background&quot;:&quot;classic&quot;}\">\n\t\t\t\t\t<div class=\"e-con-inner\">\n\t\t\t\t<div class=\"elementor-element elementor-element-616a57a elementor-widget__width-initial elementor-widget elementor-widget-text-editor\" data-id=\"616a57a\" data-element_type=\"widget\" data-widget_type=\"text-editor.default\">\n\t\t\t\t<div class=\"elementor-widget-container\">\n\t\t\t\t\t\t\t\t\t<p>IOMFT nu este un capriciu, nici un \u201ebrand personal\u201d.<br \/>Este r\u0103spunsul meu la un sistem care \u00eent\u00e2rzie, am\u00e2n\u0103, lini\u0219te\u0219te \u0219i, uneori, ascunde.<\/p><p>Am pornit IOMFT pentru c\u0103:<\/p><ul><li>vreau ca <strong>respira\u021bia<\/strong> s\u0103 devin\u0103 primul lucru evaluat, nu ultimul;<\/li><li>vreau ca <strong>fe\u021bele copiilor<\/strong> s\u0103 fie citite corect, nu doar \u201eare din\u021bii un pic \u00eenghesui\u021bi\u201d;<\/li><li>vreau ca <strong>tratamentul ortodontic timpuriu<\/strong> s\u0103 fie v\u0103zut ca profilaxie respiratorie, nu doar ca lux estetic;<\/li><li>vreau ca p\u0103rin\u021bii s\u0103 nu mai fie trimi\u0219i acas\u0103 cu \u201es\u0103 mai vedem peste 3 ani\u201d \u00een timp ce copilul sfor\u0103ie, respir\u0103 pe gur\u0103 \u0219i se pr\u0103bu\u0219e\u0219te postural.<\/li><\/ul><p>IOMFT este locul \u00een care:<\/p><ul><li>forma fe\u021bei, func\u021biile orale \u0219i c\u0103ile aeriene sunt evaluate \u00eempreun\u0103;si sunt discutate si analizate din perspective diferite.de aceea sunt multi specialisti din domenii diferite aici, fiecare cu expertiza lui dar ne ocupam de simptome comune<\/li><li>respira\u021bia, mastica\u021bia, degluti\u021bia, pozi\u021bia limbii, vorbirea \u0219i postura sunt tratate ca piese ale aceluia\u0219i puzzle;<\/li><li>nu mai \u201ea\u0219tept\u0103m s\u0103 fie mai mari\u201d ca s\u0103 facem ceva, dac\u0103 deja vedem semnele.<\/li><\/ul>\t\t\t\t\t\t\t\t<\/div>\n\t\t\t\t<\/div>\n\t\t\t\t\t<\/div>\n\t\t\t\t<\/div>\n\t\t<div class=\"elementor-element elementor-element-54806ef e-flex e-con-boxed e-con e-parent\" data-id=\"54806ef\" data-element_type=\"container\">\n\t\t\t\t\t<div class=\"e-con-inner\">\n\t\t\t\t<div class=\"elementor-element elementor-element-f016ef6 elementor-widget elementor-widget-heading\" data-id=\"f016ef6\" data-element_type=\"widget\" data-widget_type=\"heading.default\">\n\t\t\t\t<div class=\"elementor-widget-container\">\n\t\t\t\t\t<h2 class=\"elementor-heading-title elementor-size-default\">5. Oameni cu care nu mai sunt singur\u0103<\/h2>\t\t\t\t<\/div>\n\t\t\t\t<\/div>\n\t\t\t\t\t<\/div>\n\t\t\t\t<\/div>\n\t\t<div class=\"elementor-element elementor-element-7603e9a e-flex e-con-boxed e-con e-parent\" data-id=\"7603e9a\" data-element_type=\"container\" data-settings=\"{&quot;background_background&quot;:&quot;classic&quot;}\">\n\t\t\t\t\t<div class=\"e-con-inner\">\n\t\t\t\t<div class=\"elementor-element elementor-element-accea8d elementor-widget__width-initial elementor-widget elementor-widget-text-editor\" data-id=\"accea8d\" data-element_type=\"widget\" data-widget_type=\"text-editor.default\">\n\t\t\t\t<div class=\"elementor-widget-container\">\n\t\t\t\t\t\t\t\t\t<p>\u00cen acest drum am \u00eent\u00e2lnit speciali\u0219ti care v\u0103d acelea\u0219i lucruri:<\/p><ul><li>ortodon\u021bi care au \u00een\u021beles impactul interven\u021biilor \u00eent\u00e2rziate asupra cre\u0219terii;<\/li><li>logopezi care \u0219tiu c\u0103 o limb\u0103 cu o postrua joasa \u0219i un fren scurt nu sunt doar probleme de vorbire;<\/li><li>pediatri, ORL-i\u0219ti \u0219i somnologi care recunosc semnele respiratorii timpurii si vad legaturile nu doar simptomele;<\/li><li>osteopa\u021bi, kinetoterapeu\u021bi, terapeu\u021bi de reflexe primare care privesc corpul ca un ansamblu si cavitatea orala face parte din corp ;<\/li><li>nutri\u021bioni\u0219ti \u0219i consultan\u021bi \u00een al\u0103ptare care cunosc rolul mastica\u021biei \u0219i al diversific\u0103rii reale.<\/li><\/ul><p>Cu ei am \u00een\u021beles c\u0103 nu sunt \u201eexagerat\u0103\u201d.<br \/>Suntem doar printre primii care spunem clar ce se \u00eent\u00e2mpl\u0103 cu genera\u021biile actuale:<br \/><strong>cre\u0219tere facial\u0103 diferit\u0103 \u0219i c\u0103i aeriene insuficiente, formate prea devreme.<\/strong><\/p><p>IOMFT ofer\u0103 acestei viziuni o structur\u0103, un limbaj comun \u0219i o direc\u021bie.<\/p>\t\t\t\t\t\t\t\t<\/div>\n\t\t\t\t<\/div>\n\t\t\t\t\t<\/div>\n\t\t\t\t<\/div>\n\t\t<div class=\"elementor-element elementor-element-e713a35 e-flex e-con-boxed e-con e-parent\" data-id=\"e713a35\" data-element_type=\"container\">\n\t\t\t\t\t<div class=\"e-con-inner\">\n\t\t\t\t<div class=\"elementor-element elementor-element-16b60b7 elementor-widget elementor-widget-heading\" data-id=\"16b60b7\" data-element_type=\"widget\" data-widget_type=\"heading.default\">\n\t\t\t\t<div class=\"elementor-widget-container\">\n\t\t\t\t\t<h2 class=\"elementor-heading-title elementor-size-default\">6. Ce \u00eemi asum<\/h2>\t\t\t\t<\/div>\n\t\t\t\t<\/div>\n\t\t\t\t\t<\/div>\n\t\t\t\t<\/div>\n\t\t<div class=\"elementor-element elementor-element-ca94bfb e-flex e-con-boxed e-con e-parent\" data-id=\"ca94bfb\" data-element_type=\"container\" data-settings=\"{&quot;background_background&quot;:&quot;classic&quot;}\">\n\t\t\t\t\t<div class=\"e-con-inner\">\n\t\t\t\t<div class=\"elementor-element elementor-element-1009529 elementor-widget__width-initial elementor-widget elementor-widget-text-editor\" data-id=\"1009529\" data-element_type=\"widget\" data-widget_type=\"text-editor.default\">\n\t\t\t\t<div class=\"elementor-widget-container\">\n\t\t\t\t\t\t\t\t\t<ul><li>\u00eemi asum s\u0103 nu mai privesc niciun copil doar prin radiografia panoramic\u0103 \u0219i modelul de studiu;<\/li><li>\u00eemi asum s\u0103 \u00eentreb, de fiecare dat\u0103: <em>cum respir\u0103, cum doarme, cum \u00eenghite, cum folose\u0219te limba, cum \u00ee\u0219i \u021bine capul?<\/em>;<\/li><li>\u00eemi asum s\u0103 recomand tratament timpuriu atunci c\u00e2nd v\u0103d disfunc\u021bie, chiar dac\u0103 din\u021bii \u00eenc\u0103 \u201enu arat\u0103 r\u0103u\u201d;<\/li><li>\u00eemi asum s\u0103 pun s\u0103n\u0103tatea c\u0103ilor aeriene deasupra \u201econfortului\u201d de a a\u0219tepta;<\/li><li>\u00eemi asum s\u0103 lucrez interdisciplinar \u0219i s\u0103 deranjez rutinele vechi, dac\u0103 acestea las\u0103 copiii netrata\u021bi \u00een profunzime.<\/li><\/ul><p>Nu promit solu\u021bii miraculoase.<br \/>Promit doar c\u0103 nu voi mai ignora ceea ce \u0219tiu ce am aflat si ce am realizat.<\/p>\t\t\t\t\t\t\t\t<\/div>\n\t\t\t\t<\/div>\n\t\t\t\t\t<\/div>\n\t\t\t\t<\/div>\n\t\t<div class=\"elementor-element elementor-element-405b747 e-flex e-con-boxed e-con e-parent\" data-id=\"405b747\" data-element_type=\"container\">\n\t\t\t\t\t<div class=\"e-con-inner\">\n\t\t\t\t<div class=\"elementor-element elementor-element-c53bd49 elementor-widget elementor-widget-heading\" data-id=\"c53bd49\" data-element_type=\"widget\" data-widget_type=\"heading.default\">\n\t\t\t\t<div class=\"elementor-widget-container\">\n\t\t\t\t\t<h2 class=\"elementor-heading-title elementor-size-default\">7. Chemarea mea<\/h2>\t\t\t\t<\/div>\n\t\t\t\t<\/div>\n\t\t\t\t\t<\/div>\n\t\t\t\t<\/div>\n\t\t<div class=\"elementor-element elementor-element-c45fb48 e-flex e-con-boxed e-con e-parent\" data-id=\"c45fb48\" data-element_type=\"container\">\n\t\t\t\t\t<div class=\"e-con-inner\">\n\t\t\t\t<div class=\"elementor-element elementor-element-4f4bbe9 elementor-widget elementor-widget-text-editor\" data-id=\"4f4bbe9\" data-element_type=\"widget\" data-widget_type=\"text-editor.default\">\n\t\t\t\t<div class=\"elementor-widget-container\">\n\t\t\t\t\t\t\t\t\t<p>Acest manifest nu este construit ca s\u0103 sune frumos.<br \/>Este motivul pentru care continui s\u0103 practic ortodon\u021bia \u00eentr-un mod integrat, responsabil \u0219i orientat spre viitor.<\/p><p>\u00cei invit al\u0103turi de mine pe:<\/p><ul><li>p\u0103rin\u021bii care nu mai accept\u0103 c\u0103 \u201eo s\u0103 treac\u0103\u201d;<\/li><li>colegii care simt c\u0103 din\u021bii nu pot fi separa\u021bi de respira\u021bie \u0219i func\u021bie;<\/li><li>speciali\u0219tii care cred \u00een preven\u021bie adev\u0103rat\u0103, nu \u00een \u201emonitorizare p\u00e2n\u0103 e prea t\u00e2rziu\u201d.<\/li><\/ul>\t\t\t\t\t\t\t\t<\/div>\n\t\t\t\t<\/div>\n\t\t\t\t\t<\/div>\n\t\t\t\t<\/div>\n\t\t<div class=\"elementor-element elementor-element-3989853 e-flex e-con-boxed e-con e-parent\" data-id=\"3989853\" data-element_type=\"container\">\n\t\t\t\t\t<div class=\"e-con-inner\">\n\t\t\t\t<div class=\"elementor-element elementor-element-2e0f01d elementor-widget__width-initial elementor-widget elementor-widget-text-editor\" data-id=\"2e0f01d\" data-element_type=\"widget\" data-widget_type=\"text-editor.default\">\n\t\t\t\t<div class=\"elementor-widget-container\">\n\t\t\t\t\t\t\t\t\t<p><strong>IOMFT nu este o ni\u0219\u0103. Este platforma care promoveaza sanatatea generalasi accept\u0103 realitatea biologic\u0103 a secolului XXI.<br \/>Este realitatea biologic\u0103 a copiilor de ast\u0103zi.<\/strong><\/p><p><strong>Eu, Ilia Teodora Jipa, cred c\u0103 suntem \u00een fa\u021ba unei mari schimb\u0103ri. O schimbare pentru toate genera\u021biile care urmeaz\u0103. Pentru felul \u00een care \u00eei cre\u0219tem \u0219i \u00eei trat\u0103m.<\/strong><\/p><p><strong>IOMFT este cadrul. Copiii sunt motiva\u021bia.<br \/>\u0218i nu m\u0103 mai dam\u00a0 \u00eenapoi.<\/strong><\/p>\t\t\t\t\t\t\t\t<\/div>\n\t\t\t\t<\/div>\n\t\t\t\t\t<\/div>\n\t\t\t\t<\/div>\n\t\t\t\t<\/div>\n\t\t","protected":false},"excerpt":{"rendered":"<p>Manifest pentru schimbare Sunt Ilia Teodora Jipa \u0219i sunt medic ortodont. Ani de zile am \u00eenv\u0103\u021bat s\u0103 aliniez din\u021bi. Ast\u0103zi \u0219tiu c\u0103 nu mai e suficient. V\u0103d zilnic copii cu fe\u021be \u00eenguste, maxilare mici, respira\u021bie pe gur\u0103, sfor\u0103it \u201ede copil mic\u201d, somn rupt \u00een buc\u0103\u021bi, hiperactivitate, oboseal\u0103, bruxism, enurezis, posturi pr\u0103bu\u0219ite \u00eenainte de clasa preg\u0103titoare. &hellip; <\/p>\n<p class=\"link-more\"><a href=\"https:\/\/www.iomft.ro\/index.php\/dr-ilia-jipa\/\" class=\"more-link\">Continue reading<span class=\"screen-reader-text\"> &#8222;Dr Ilia Jipa&#8221;<\/span><\/a><\/p>\n","protected":false},"author":1,"featured_media":0,"parent":0,"menu_order":0,"comment_status":"closed","ping_status":"closed","template":"","meta":{"_acf_changed":false,"footnotes":""},"class_list":["post-1330","page","type-page","status-publish","hentry"],"acf":[],"yoast_head":"<!-- This site is optimized with the Yoast SEO plugin v27.3 - https:\/\/yoast.com\/product\/yoast-seo-wordpress\/ -->\n<title>Dr Ilia Jipa - IOMFT<\/title>\n<meta name=\"robots\" content=\"index, follow, max-snippet:-1, max-image-preview:large, max-video-preview:-1\" \/>\n<link rel=\"canonical\" href=\"https:\/\/www.iomft.ro\/index.php\/dr-ilia-jipa\/\" \/>\n<meta property=\"og:locale\" content=\"ro_RO\" \/>\n<meta property=\"og:type\" content=\"article\" \/>\n<meta property=\"og:title\" content=\"Dr Ilia Jipa - IOMFT\" \/>\n<meta property=\"og:description\" content=\"Manifest pentru schimbare Sunt Ilia Teodora Jipa \u0219i sunt medic ortodont. Ani de zile am \u00eenv\u0103\u021bat s\u0103 aliniez din\u021bi. Ast\u0103zi \u0219tiu c\u0103 nu mai e suficient. V\u0103d zilnic copii cu fe\u021be \u00eenguste, maxilare mici, respira\u021bie pe gur\u0103, sfor\u0103it \u201ede copil mic\u201d, somn rupt \u00een buc\u0103\u021bi, hiperactivitate, oboseal\u0103, bruxism, enurezis, posturi pr\u0103bu\u0219ite \u00eenainte de clasa preg\u0103titoare. &hellip; Continue reading &quot;Dr Ilia Jipa&quot;\" \/>\n<meta property=\"og:url\" content=\"https:\/\/www.iomft.ro\/index.php\/dr-ilia-jipa\/\" \/>\n<meta property=\"og:site_name\" content=\"IOMFT\" \/>\n<meta property=\"article:modified_time\" content=\"2026-02-26T09:33:32+00:00\" \/>\n<meta name=\"twitter:card\" content=\"summary_large_image\" \/>\n<meta name=\"twitter:label1\" content=\"Timp estimat pentru citire\" \/>\n\t<meta name=\"twitter:data1\" content=\"7 minute\" \/>\n<script type=\"application\/ld+json\" class=\"yoast-schema-graph\">{\"@context\":\"https:\\\/\\\/schema.org\",\"@graph\":[{\"@type\":\"WebPage\",\"@id\":\"https:\\\/\\\/www.iomft.ro\\\/index.php\\\/dr-ilia-jipa\\\/\",\"url\":\"https:\\\/\\\/www.iomft.ro\\\/index.php\\\/dr-ilia-jipa\\\/\",\"name\":\"Dr Ilia Jipa - IOMFT\",\"isPartOf\":{\"@id\":\"https:\\\/\\\/www.iomft.ro\\\/#website\"},\"datePublished\":\"2025-12-05T07:47:01+00:00\",\"dateModified\":\"2026-02-26T09:33:32+00:00\",\"breadcrumb\":{\"@id\":\"https:\\\/\\\/www.iomft.ro\\\/index.php\\\/dr-ilia-jipa\\\/#breadcrumb\"},\"inLanguage\":\"ro-RO\",\"potentialAction\":[{\"@type\":\"ReadAction\",\"target\":[\"https:\\\/\\\/www.iomft.ro\\\/index.php\\\/dr-ilia-jipa\\\/\"]}]},{\"@type\":\"BreadcrumbList\",\"@id\":\"https:\\\/\\\/www.iomft.ro\\\/index.php\\\/dr-ilia-jipa\\\/#breadcrumb\",\"itemListElement\":[{\"@type\":\"ListItem\",\"position\":1,\"name\":\"Home\",\"item\":\"https:\\\/\\\/www.iomft.ro\\\/\"},{\"@type\":\"ListItem\",\"position\":2,\"name\":\"Dr Ilia Jipa\"}]},{\"@type\":\"WebSite\",\"@id\":\"https:\\\/\\\/www.iomft.ro\\\/#website\",\"url\":\"https:\\\/\\\/www.iomft.ro\\\/\",\"name\":\"IOMFT\",\"description\":\"\",\"publisher\":{\"@id\":\"https:\\\/\\\/www.iomft.ro\\\/#organization\"},\"potentialAction\":[{\"@type\":\"SearchAction\",\"target\":{\"@type\":\"EntryPoint\",\"urlTemplate\":\"https:\\\/\\\/www.iomft.ro\\\/?s={search_term_string}\"},\"query-input\":{\"@type\":\"PropertyValueSpecification\",\"valueRequired\":true,\"valueName\":\"search_term_string\"}}],\"inLanguage\":\"ro-RO\"},{\"@type\":\"Organization\",\"@id\":\"https:\\\/\\\/www.iomft.ro\\\/#organization\",\"name\":\"IOMFT\",\"url\":\"https:\\\/\\\/www.iomft.ro\\\/\",\"logo\":{\"@type\":\"ImageObject\",\"inLanguage\":\"ro-RO\",\"@id\":\"https:\\\/\\\/www.iomft.ro\\\/#\\\/schema\\\/logo\\\/image\\\/\",\"url\":\"https:\\\/\\\/www.iomft.ro\\\/wp-content\\\/uploads\\\/2024\\\/09\\\/cropped-logo@2x.png\",\"contentUrl\":\"https:\\\/\\\/www.iomft.ro\\\/wp-content\\\/uploads\\\/2024\\\/09\\\/cropped-logo@2x.png\",\"width\":1000,\"height\":250,\"caption\":\"IOMFT\"},\"image\":{\"@id\":\"https:\\\/\\\/www.iomft.ro\\\/#\\\/schema\\\/logo\\\/image\\\/\"}}]}<\/script>\n<!-- \/ Yoast SEO plugin. -->","yoast_head_json":{"title":"Dr Ilia Jipa - IOMFT","robots":{"index":"index","follow":"follow","max-snippet":"max-snippet:-1","max-image-preview":"max-image-preview:large","max-video-preview":"max-video-preview:-1"},"canonical":"https:\/\/www.iomft.ro\/index.php\/dr-ilia-jipa\/","og_locale":"ro_RO","og_type":"article","og_title":"Dr Ilia Jipa - IOMFT","og_description":"Manifest pentru schimbare Sunt Ilia Teodora Jipa \u0219i sunt medic ortodont. Ani de zile am \u00eenv\u0103\u021bat s\u0103 aliniez din\u021bi. Ast\u0103zi \u0219tiu c\u0103 nu mai e suficient. V\u0103d zilnic copii cu fe\u021be \u00eenguste, maxilare mici, respira\u021bie pe gur\u0103, sfor\u0103it \u201ede copil mic\u201d, somn rupt \u00een buc\u0103\u021bi, hiperactivitate, oboseal\u0103, bruxism, enurezis, posturi pr\u0103bu\u0219ite \u00eenainte de clasa preg\u0103titoare. &hellip; Continue reading \"Dr Ilia Jipa\"","og_url":"https:\/\/www.iomft.ro\/index.php\/dr-ilia-jipa\/","og_site_name":"IOMFT","article_modified_time":"2026-02-26T09:33:32+00:00","twitter_card":"summary_large_image","twitter_misc":{"Timp estimat pentru citire":"7 minute"},"schema":{"@context":"https:\/\/schema.org","@graph":[{"@type":"WebPage","@id":"https:\/\/www.iomft.ro\/index.php\/dr-ilia-jipa\/","url":"https:\/\/www.iomft.ro\/index.php\/dr-ilia-jipa\/","name":"Dr Ilia Jipa - IOMFT","isPartOf":{"@id":"https:\/\/www.iomft.ro\/#website"},"datePublished":"2025-12-05T07:47:01+00:00","dateModified":"2026-02-26T09:33:32+00:00","breadcrumb":{"@id":"https:\/\/www.iomft.ro\/index.php\/dr-ilia-jipa\/#breadcrumb"},"inLanguage":"ro-RO","potentialAction":[{"@type":"ReadAction","target":["https:\/\/www.iomft.ro\/index.php\/dr-ilia-jipa\/"]}]},{"@type":"BreadcrumbList","@id":"https:\/\/www.iomft.ro\/index.php\/dr-ilia-jipa\/#breadcrumb","itemListElement":[{"@type":"ListItem","position":1,"name":"Home","item":"https:\/\/www.iomft.ro\/"},{"@type":"ListItem","position":2,"name":"Dr Ilia Jipa"}]},{"@type":"WebSite","@id":"https:\/\/www.iomft.ro\/#website","url":"https:\/\/www.iomft.ro\/","name":"IOMFT","description":"","publisher":{"@id":"https:\/\/www.iomft.ro\/#organization"},"potentialAction":[{"@type":"SearchAction","target":{"@type":"EntryPoint","urlTemplate":"https:\/\/www.iomft.ro\/?s={search_term_string}"},"query-input":{"@type":"PropertyValueSpecification","valueRequired":true,"valueName":"search_term_string"}}],"inLanguage":"ro-RO"},{"@type":"Organization","@id":"https:\/\/www.iomft.ro\/#organization","name":"IOMFT","url":"https:\/\/www.iomft.ro\/","logo":{"@type":"ImageObject","inLanguage":"ro-RO","@id":"https:\/\/www.iomft.ro\/#\/schema\/logo\/image\/","url":"https:\/\/www.iomft.ro\/wp-content\/uploads\/2024\/09\/cropped-logo@2x.png","contentUrl":"https:\/\/www.iomft.ro\/wp-content\/uploads\/2024\/09\/cropped-logo@2x.png","width":1000,"height":250,"caption":"IOMFT"},"image":{"@id":"https:\/\/www.iomft.ro\/#\/schema\/logo\/image\/"}}]}},"jetpack_sharing_enabled":true,"_links":{"self":[{"href":"https:\/\/www.iomft.ro\/index.php\/wp-json\/wp\/v2\/pages\/1330","targetHints":{"allow":["GET"]}}],"collection":[{"href":"https:\/\/www.iomft.ro\/index.php\/wp-json\/wp\/v2\/pages"}],"about":[{"href":"https:\/\/www.iomft.ro\/index.php\/wp-json\/wp\/v2\/types\/page"}],"author":[{"embeddable":true,"href":"https:\/\/www.iomft.ro\/index.php\/wp-json\/wp\/v2\/users\/1"}],"replies":[{"embeddable":true,"href":"https:\/\/www.iomft.ro\/index.php\/wp-json\/wp\/v2\/comments?post=1330"}],"version-history":[{"count":74,"href":"https:\/\/www.iomft.ro\/index.php\/wp-json\/wp\/v2\/pages\/1330\/revisions"}],"predecessor-version":[{"id":1881,"href":"https:\/\/www.iomft.ro\/index.php\/wp-json\/wp\/v2\/pages\/1330\/revisions\/1881"}],"wp:attachment":[{"href":"https:\/\/www.iomft.ro\/index.php\/wp-json\/wp\/v2\/media?parent=1330"}],"curies":[{"name":"wp","href":"https:\/\/api.w.org\/{rel}","templated":true}]}}