{"id":1336,"date":"2025-12-05T07:58:54","date_gmt":"2025-12-05T07:58:54","guid":{"rendered":"https:\/\/www.iomft.ro\/?page_id=1336"},"modified":"2026-02-16T17:31:59","modified_gmt":"2026-02-16T17:31:59","slug":"preventie","status":"publish","type":"page","link":"https:\/\/www.iomft.ro\/index.php\/preventie\/","title":{"rendered":"Preven\u021bie"},"content":{"rendered":"\t\t<div data-elementor-type=\"wp-page\" data-elementor-id=\"1336\" class=\"elementor elementor-1336\">\n\t\t\t\t<div class=\"elementor-element elementor-element-70f03c8 e-grid e-con-boxed e-con e-parent\" data-id=\"70f03c8\" data-element_type=\"container\" id=\"header_top\" data-settings=\"{&quot;background_background&quot;:&quot;classic&quot;}\">\n\t\t\t\t\t<div class=\"e-con-inner\">\n\t\t\t\t<div class=\"elementor-element elementor-element-da97bb4 home_intro elementor-widget elementor-widget-heading\" data-id=\"da97bb4\" data-element_type=\"widget\" data-widget_type=\"heading.default\">\n\t\t\t\t<div class=\"elementor-widget-container\">\n\t\t\t\t\t<h2 class=\"elementor-heading-title elementor-size-default\">Preven\u021bia<\/h2>\t\t\t\t<\/div>\n\t\t\t\t<\/div>\n\t\t\t\t<div class=\"elementor-element elementor-element-fb482b2 elementor-widget__width-initial elementor-widget elementor-widget-text-editor\" data-id=\"fb482b2\" data-element_type=\"widget\" data-widget_type=\"text-editor.default\">\n\t\t\t\t<div class=\"elementor-widget-container\">\n\t\t\t\t\t\t\t\t\t<p>Nu mai putem sta pasivi \u0219i s\u0103 a\u0219tept\u0103m ca problemele s\u0103 \u201ese instaleze\u201d doar pentru c\u0103 nu a venit \u00eenc\u0103 v\u00e2rsta la care\u00a0ne permitem s\u0103 le trat\u0103m.<\/p><p>Nu ne mai putem permite abordarea \u201ea\u0219tept\u0103m s\u0103 se \u00eendrepte singure\u201d.<br \/>Nu se \u00eendreapt\u0103. Se ad\u00e2ncesc.<\/p>\t\t\t\t\t\t\t\t<\/div>\n\t\t\t\t<\/div>\n\t\t\t\t\t<\/div>\n\t\t\t\t<\/div>\n\t\t<div class=\"elementor-element elementor-element-02ec290 e-con-full e-flex e-con e-parent\" data-id=\"02ec290\" data-element_type=\"container\" data-settings=\"{&quot;background_background&quot;:&quot;classic&quot;}\">\n\t\t<div class=\"elementor-element elementor-element-52f1941 e-flex e-con-boxed e-con e-child\" data-id=\"52f1941\" data-element_type=\"container\">\n\t\t\t\t\t<div class=\"e-con-inner\">\n\t\t\t\t<div class=\"elementor-element elementor-element-ee45455 elementor-widget elementor-widget-text-editor\" data-id=\"ee45455\" data-element_type=\"widget\" data-widget_type=\"text-editor.default\">\n\t\t\t\t<div class=\"elementor-widget-container\">\n\t\t\t\t\t\t\t\t\t<h2>Cum putem schimba viitorul copiilor, dac\u0103 alegem s\u0103 ne uit\u0103m altfel la dezvoltarea lor.<\/h2><p><strong>\u00cen ultimele decenii, dezvoltarea copiilor no\u0219tri\u00a0 s-a schimbat. Fe\u021bele multora au devenit\u00a0 mai \u00eenguste, respira\u021bia mai dificil\u0103, somnul mai agitat, iar comportamentele sunt mai variabile ca oric\u00e2nd. \u0218i nu, nu este o \u00eent\u00e2mplare. Nu este genetic\u0103 pur\u0103. Nu este \u201ea\u0219a e el\u201d. Nu este o faz\u0103.<\/strong><\/p><p>Este rezultatul unui mediu care modeleaz\u0103 biologia \u00eentr-un ritm mai rapid dec\u00e2t putem percepe.<\/p><p>Ast\u0103zi \u0219tim cu certitudine c\u0103 <strong>genetica stabile\u0219te poten\u021bialul<\/strong>, dar <strong>epigenetica \u2014 aerul, hrana, mi\u0219carea, obiceiurile, pozi\u021bia corpului, respira\u021bia \u2014 decide rezultatul final<\/strong>.<br \/>\u0218i rezultatul nu este unul favorabil genera\u021biilor actuale de copii.<\/p><p>Antropologii o spun clar: specia uman\u0103 este, pentru prima dat\u0103 \u00een istorie, \u00een proces de <strong>\u00eengustare cranio-facial\u0103, mic\u0219orare a maxilarelor \u0219i compromitere progresiv\u0103 a c\u0103ilor aeriene<\/strong>. O consecin\u021b\u0103 direct\u0103 a stilului de via\u021b\u0103 modern: alimenta\u021bie moale, respira\u021bie oral\u0103, alergii, sedentarism, lipsa mastica\u021biei reale, somn de slab\u0103 calitate.<\/p>\t\t\t\t\t\t\t\t<\/div>\n\t\t\t\t<\/div>\n\t\t\t\t\t<\/div>\n\t\t\t\t<\/div>\n\t\t\t\t<\/div>\n\t\t<div class=\"elementor-element elementor-element-07f677d e-con-full e-flex e-con e-parent\" data-id=\"07f677d\" data-element_type=\"container\" data-settings=\"{&quot;background_background&quot;:&quot;classic&quot;}\">\n\t\t<div class=\"elementor-element elementor-element-53773a9 e-flex e-con-boxed e-con e-child\" data-id=\"53773a9\" data-element_type=\"container\">\n\t\t\t\t\t<div class=\"e-con-inner\">\n\t\t\t\t<div class=\"elementor-element elementor-element-c66748f elementor-widget elementor-widget-text-editor\" data-id=\"c66748f\" data-element_type=\"widget\" data-widget_type=\"text-editor.default\">\n\t\t\t\t<div class=\"elementor-widget-container\">\n\t\t\t\t\t\t\t\t\t<h2>1. De ce preven\u021bia \u00een dezvoltarea oro-facial\u0103 nu mai este op\u021bional\u0103<\/h2><p>Pentru prima dat\u0103, copiii prezint\u0103:<\/p><ul><li>respira\u021bie oral\u0103 \u00eenc\u0103 din primii ani;<\/li><li>palate mult mai \u00eenguste dec\u00e2t genera\u021biile anterioare;<\/li><li>maxilare subdezvoltate;<\/li><li>sfor\u0103it la v\u00e2rste la care acest lucru nu ar trebui s\u0103 existe deloc;<\/li><li>malocluzie \u00een propor\u021bii epidemice;<\/li><li>tulbur\u0103ri de mastica\u021bie \u0219i degluti\u021bie;<\/li><li>agita\u021bie, neaten\u021bie, hiperactivitate sau, invers, letargie cronic\u0103;<\/li><li>bruxism, enurezis, treziri repetate;<\/li><li>postur\u0103 dezechilibrat\u0103, cap \u00eenainte, umeri tensiona\u021bi.<\/li><\/ul><p><strong>Aceste manifest\u0103ri NU sunt rare.<br \/>Sunt deja norm\u0103, nu excep\u021bie.<\/strong><\/p><p><strong>\u0218i toate au o r\u0103d\u0103cin\u0103 comun\u0103: func\u021biile orale \u0219i respiratorii care se dezvolt\u0103 anormal \u00eenc\u0103 din primii ani de via\u021b\u0103.<\/strong><\/p><p><strong>Preven\u021bia \u00eenseamn\u0103 s\u0103 recunoa\u0219tem aceste semne devreme, \u00eenainte ca ele s\u0103 devin\u0103 probleme care necesit\u0103 tratamente lungi \u0219i costisitoare.<\/strong><\/p>\t\t\t\t\t\t\t\t<\/div>\n\t\t\t\t<\/div>\n\t\t\t\t\t<\/div>\n\t\t\t\t<\/div>\n\t\t\t\t<\/div>\n\t\t<div class=\"elementor-element elementor-element-b5cc9a3 e-flex e-con-boxed e-con e-parent\" data-id=\"b5cc9a3\" data-element_type=\"container\">\n\t\t\t\t\t<div class=\"e-con-inner\">\n\t\t\t\t\t<\/div>\n\t\t\t\t<\/div>\n\t\t<div class=\"elementor-element elementor-element-0904b89 e-flex e-con-boxed e-con e-parent\" data-id=\"0904b89\" data-element_type=\"container\">\n\t\t\t\t\t<div class=\"e-con-inner\">\n\t\t\t\t<div class=\"elementor-element elementor-element-0feafcb elementor-widget elementor-widget-heading\" data-id=\"0feafcb\" data-element_type=\"widget\" data-widget_type=\"heading.default\">\n\t\t\t\t<div class=\"elementor-widget-container\">\n\t\t\t\t\t<h2 class=\"elementor-heading-title elementor-size-default\">2. De ce copiii din prezent nu se mai dezvolt\u0103 ca genera\u021biile anterioare<\/h2>\t\t\t\t<\/div>\n\t\t\t\t<\/div>\n\t\t\t\t\t<\/div>\n\t\t\t\t<\/div>\n\t\t<div class=\"elementor-element elementor-element-45c278d e-flex e-con-boxed e-con e-parent\" data-id=\"45c278d\" data-element_type=\"container\" data-settings=\"{&quot;background_background&quot;:&quot;classic&quot;}\">\n\t\t\t\t\t<div class=\"e-con-inner\">\n\t\t\t\t<div class=\"elementor-element elementor-element-8a6833d elementor-widget__width-initial elementor-widget elementor-widget-text-editor\" data-id=\"8a6833d\" data-element_type=\"widget\" data-widget_type=\"text-editor.default\">\n\t\t\t\t<div class=\"elementor-widget-container\">\n\t\t\t\t\t\t\t\t\t<p>Dezvoltarea uman\u0103 este calibrat\u0103 pe un anumit tip de mediu:<br \/>\u2014 aer curat,<br \/>\u2014 alimente ferme care solicit\u0103 mastica\u021bia,<br \/>\u2014 respira\u021bie nazal\u0103 constant\u0103,<br \/>\u2014 activitate fizic\u0103,<br \/>\u2014 somn nefragmentat,<br \/>\u2014 microbiom divers,<br \/>\u2014 expunere limitat\u0103 la alergeni \u0219i inflama\u021bie.<\/p><p>Copiii de ast\u0103zi primesc opusul:<\/p><ul><li>alimente moi, ultraprocesate \u2192 maxilare care nu se dezvolt\u0103 complet;<\/li><li>respira\u021bie oral\u0103 \u2192 c\u0103i aeriene \u00eenguste, inflama\u021bie cronic\u0103;<\/li><li>alergii \u2192 congestie nazal\u0103 permanent\u0103;<\/li><li>ecrane \u2192 postur\u0103 forward-head;<\/li><li>somn \u00eentrerupt \u2192 dezvoltare cerebral\u0103 afectat\u0103;<\/li><li>lips\u0103 de mi\u0219care \u2192 tonus muscular sc\u0103zut.<\/li><\/ul>\t\t\t\t\t\t\t\t<\/div>\n\t\t\t\t<\/div>\n\t\t\t\t\t<\/div>\n\t\t\t\t<\/div>\n\t\t<div class=\"elementor-element elementor-element-f95b405 e-flex e-con-boxed e-con e-parent\" data-id=\"f95b405\" data-element_type=\"container\">\n\t\t\t\t\t<div class=\"e-con-inner\">\n\t\t\t\t<div class=\"elementor-element elementor-element-32f09ba elementor-widget__width-initial elementor-widget elementor-widget-text-editor\" data-id=\"32f09ba\" data-element_type=\"widget\" data-widget_type=\"text-editor.default\">\n\t\t\t\t<div class=\"elementor-widget-container\">\n\t\t\t\t\t\t\t\t\t<p><strong>Epigenetica lucreaz\u0103 f\u0103r\u0103 oprire, \u00een bine sau \u00een r\u0103u.<br \/>Iar mediul modern trage \u00een jos dezvoltarea cranio-facial\u0103 a copiilor.<\/strong><\/p>\t\t\t\t\t\t\t\t<\/div>\n\t\t\t\t<\/div>\n\t\t\t\t\t<\/div>\n\t\t\t\t<\/div>\n\t\t<div class=\"elementor-element elementor-element-26cd7a7 e-flex e-con-boxed e-con e-parent\" data-id=\"26cd7a7\" data-element_type=\"container\">\n\t\t\t\t\t<div class=\"e-con-inner\">\n\t\t\t\t<div class=\"elementor-element elementor-element-f6b5a5c elementor-widget elementor-widget-heading\" data-id=\"f6b5a5c\" data-element_type=\"widget\" data-widget_type=\"heading.default\">\n\t\t\t\t<div class=\"elementor-widget-container\">\n\t\t\t\t\t<h2 class=\"elementor-heading-title elementor-size-default\">3. Ce facem noi la IOMFT: preven\u021bie real\u0103, bazat\u0103 pe func\u021bie \u0219i dezvoltare<\/h2>\t\t\t\t<\/div>\n\t\t\t\t<\/div>\n\t\t\t\t\t<\/div>\n\t\t\t\t<\/div>\n\t\t<div class=\"elementor-element elementor-element-f81e72f e-flex e-con-boxed e-con e-parent\" data-id=\"f81e72f\" data-element_type=\"container\" data-settings=\"{&quot;background_background&quot;:&quot;classic&quot;}\">\n\t\t\t\t\t<div class=\"e-con-inner\">\n\t\t\t\t<div class=\"elementor-element elementor-element-f84228e elementor-widget__width-initial elementor-widget elementor-widget-text-editor\" data-id=\"f84228e\" data-element_type=\"widget\" data-widget_type=\"text-editor.default\">\n\t\t\t\t<div class=\"elementor-widget-container\">\n\t\t\t\t\t\t\t\t\t<p>Scopul nostru este s\u0103 intervenim <strong>devreme<\/strong>, \u00eenainte de apari\u021bia malocluziilor severe, \u00eenainte de sfor\u0103it cronic, \u00eenainte ca postura s\u0103 se pr\u0103bu\u0219easc\u0103, \u00eenainte ca obiceiurile s\u0103 se fixeze.<\/p><p>Abordarea noastr\u0103 este unic\u0103 prin faptul c\u0103:<\/p>\t\t\t\t\t\t\t\t<\/div>\n\t\t\t\t<\/div>\n\t\t\t\t\t<\/div>\n\t\t\t\t<\/div>\n\t\t<div class=\"elementor-element elementor-element-f525167 e-flex e-con-boxed e-con e-parent\" data-id=\"f525167\" data-element_type=\"container\">\n\t\t\t\t\t<div class=\"e-con-inner\">\n\t\t\t\t<div class=\"elementor-element elementor-element-f74b751 elementor-widget__width-initial elementor-widget elementor-widget-text-editor\" data-id=\"f74b751\" data-element_type=\"widget\" data-widget_type=\"text-editor.default\">\n\t\t\t\t<div class=\"elementor-widget-container\">\n\t\t\t\t\t\t\t\t\t<strong>a) Privim copilul ca un \u00eentreg, nu ca un set de simptome izolate<\/strong>\t\t\t\t\t\t\t\t<\/div>\n\t\t\t\t<\/div>\n\t\t\t\t\t<\/div>\n\t\t\t\t<\/div>\n\t\t<div class=\"elementor-element elementor-element-8373eb7 e-flex e-con-boxed e-con e-parent\" data-id=\"8373eb7\" data-element_type=\"container\" data-settings=\"{&quot;background_background&quot;:&quot;classic&quot;}\">\n\t\t\t\t\t<div class=\"e-con-inner\">\n\t\t\t\t<div class=\"elementor-element elementor-element-04f2182 elementor-widget__width-initial elementor-widget elementor-widget-text-editor\" data-id=\"04f2182\" data-element_type=\"widget\" data-widget_type=\"text-editor.default\">\n\t\t\t\t<div class=\"elementor-widget-container\">\n\t\t\t\t\t\t\t\t\t<p>Un copil nu respir\u0103 prost doar noaptea.<br \/>Nu \u00eenghite gre\u0219it doar la \u0219coal\u0103.<br \/>Nu st\u0103 cu capul \u00eenainte doar \u201edin obi\u0219nuin\u021b\u0103\u201d.<\/p><p>Totul este interconectat.<\/p>\t\t\t\t\t\t\t\t<\/div>\n\t\t\t\t<\/div>\n\t\t\t\t\t<\/div>\n\t\t\t\t<\/div>\n\t\t<div class=\"elementor-element elementor-element-58cc585 e-flex e-con-boxed e-con e-parent\" data-id=\"58cc585\" data-element_type=\"container\">\n\t\t\t\t\t<div class=\"e-con-inner\">\n\t\t\t\t<div class=\"elementor-element elementor-element-f3a8b2d elementor-widget__width-initial elementor-widget elementor-widget-text-editor\" data-id=\"f3a8b2d\" data-element_type=\"widget\" data-widget_type=\"text-editor.default\">\n\t\t\t\t<div class=\"elementor-widget-container\">\n\t\t\t\t\t\t\t\t\t<strong>b) Evalu\u0103m forma \u2013 \u00eenainte ca problemele s\u0103 fie \u201evizibile\u201d<\/strong>\t\t\t\t\t\t\t\t<\/div>\n\t\t\t\t<\/div>\n\t\t\t\t\t<\/div>\n\t\t\t\t<\/div>\n\t\t<div class=\"elementor-element elementor-element-f583603 e-flex e-con-boxed e-con e-parent\" data-id=\"f583603\" data-element_type=\"container\" data-settings=\"{&quot;background_background&quot;:&quot;classic&quot;}\">\n\t\t\t\t\t<div class=\"e-con-inner\">\n\t\t\t\t<div class=\"elementor-element elementor-element-b1d370d elementor-widget__width-initial elementor-widget elementor-widget-text-editor\" data-id=\"b1d370d\" data-element_type=\"widget\" data-widget_type=\"text-editor.default\">\n\t\t\t\t<div class=\"elementor-widget-container\">\n\t\t\t\t\t\t\t\t\t<p>Analiz\u0103m:<\/p><ul><li>palatul,<\/li><li>pozi\u021bia limbii,<\/li><li>frenul,<\/li><li>maxilarele,<\/li><li>c\u0103ile aeriene,<\/li><li>postura cranio-cervical\u0103.<\/li><\/ul><p>\u0218i vedem lucruri pe care p\u0103rin\u021bii \u0219i mul\u021bi speciali\u0219ti nu le pot vedea \u00eenc\u0103.<\/p>\t\t\t\t\t\t\t\t<\/div>\n\t\t\t\t<\/div>\n\t\t\t\t\t<\/div>\n\t\t\t\t<\/div>\n\t\t<div class=\"elementor-element elementor-element-4499b42 e-flex e-con-boxed e-con e-parent\" data-id=\"4499b42\" data-element_type=\"container\">\n\t\t\t\t\t<div class=\"e-con-inner\">\n\t\t\t\t<div class=\"elementor-element elementor-element-3c6cdcb elementor-widget__width-initial elementor-widget elementor-widget-text-editor\" data-id=\"3c6cdcb\" data-element_type=\"widget\" data-widget_type=\"text-editor.default\">\n\t\t\t\t<div class=\"elementor-widget-container\">\n\t\t\t\t\t\t\t\t\t<strong>c) Corect\u0103m func\u021bia \u2013 pentru a schimba traiectoria dezvolt\u0103rii<\/strong>\t\t\t\t\t\t\t\t<\/div>\n\t\t\t\t<\/div>\n\t\t\t\t\t<\/div>\n\t\t\t\t<\/div>\n\t\t<div class=\"elementor-element elementor-element-6891f36 e-flex e-con-boxed e-con e-parent\" data-id=\"6891f36\" data-element_type=\"container\" data-settings=\"{&quot;background_background&quot;:&quot;classic&quot;}\">\n\t\t\t\t\t<div class=\"e-con-inner\">\n\t\t\t\t<div class=\"elementor-element elementor-element-61ba81b elementor-widget__width-initial elementor-widget elementor-widget-text-editor\" data-id=\"61ba81b\" data-element_type=\"widget\" data-widget_type=\"text-editor.default\">\n\t\t\t\t<div class=\"elementor-widget-container\">\n\t\t\t\t\t\t\t\t\t<p>Prin terapie miofunc\u021bional\u0103, respira\u021bie nazal\u0103, mastica\u021bie corect\u0103, igien\u0103 a somnului, exerci\u021bii zilnice simple \u0219i protocoale interdisciplinare, modific\u0103m cursul cre\u0219terii.<\/p>\t\t\t\t\t\t\t\t<\/div>\n\t\t\t\t<\/div>\n\t\t\t\t\t<\/div>\n\t\t\t\t<\/div>\n\t\t<div class=\"elementor-element elementor-element-5b4c2a1 e-flex e-con-boxed e-con e-parent\" data-id=\"5b4c2a1\" data-element_type=\"container\">\n\t\t\t\t\t<div class=\"e-con-inner\">\n\t\t\t\t<div class=\"elementor-element elementor-element-9a2db51 elementor-widget__width-initial elementor-widget elementor-widget-text-editor\" data-id=\"9a2db51\" data-element_type=\"widget\" data-widget_type=\"text-editor.default\">\n\t\t\t\t<div class=\"elementor-widget-container\">\n\t\t\t\t\t\t\t\t\t<p><strong>d) Schimb\u0103m viitorul \u2013 nu doar prezentul<\/strong><\/p>\t\t\t\t\t\t\t\t<\/div>\n\t\t\t\t<\/div>\n\t\t\t\t\t<\/div>\n\t\t\t\t<\/div>\n\t\t<div class=\"elementor-element elementor-element-213f4d0 e-flex e-con-boxed e-con e-parent\" data-id=\"213f4d0\" data-element_type=\"container\" data-settings=\"{&quot;background_background&quot;:&quot;classic&quot;}\">\n\t\t\t\t\t<div class=\"e-con-inner\">\n\t\t\t\t<div class=\"elementor-element elementor-element-d080e81 elementor-widget__width-initial elementor-widget elementor-widget-text-editor\" data-id=\"d080e81\" data-element_type=\"widget\" data-widget_type=\"text-editor.default\">\n\t\t\t\t<div class=\"elementor-widget-container\">\n\t\t\t\t\t\t\t\t\t<p>Un copil care respir\u0103 pe nas, are limba sus \u0219i mestec\u0103 adecvat devine un adolescent \u0219i apoi un adult:<\/p><ul><li>cu fa\u021b\u0103 armonioas\u0103,<\/li><li>cu c\u0103i aeriene stabile,<\/li><li>cu somn odihnitor,<\/li><li>cu creier oxigenat,<\/li><li>cu comportament echilibrat,<\/li><li>cu risc sc\u0103zut de boli respiratorii, cardiace sau metabolice.<\/li><\/ul>\t\t\t\t\t\t\t\t<\/div>\n\t\t\t\t<\/div>\n\t\t\t\t\t<\/div>\n\t\t\t\t<\/div>\n\t\t<div class=\"elementor-element elementor-element-7531cc3 e-flex e-con-boxed e-con e-parent\" data-id=\"7531cc3\" data-element_type=\"container\">\n\t\t\t\t\t<div class=\"e-con-inner\">\n\t\t\t\t<div class=\"elementor-element elementor-element-b591576 elementor-widget__width-initial elementor-widget elementor-widget-text-editor\" data-id=\"b591576\" data-element_type=\"widget\" data-widget_type=\"text-editor.default\">\n\t\t\t\t<div class=\"elementor-widget-container\">\n\t\t\t\t\t\t\t\t\t<p><strong>Preven\u021bia \u00eenseamn\u0103 s\u0103n\u0103tate pe termen lung, nu doar tratament punctual.<\/strong><\/p>\t\t\t\t\t\t\t\t<\/div>\n\t\t\t\t<\/div>\n\t\t\t\t\t<\/div>\n\t\t\t\t<\/div>\n\t\t<div class=\"elementor-element elementor-element-41f0360 e-flex e-con-boxed e-con e-parent\" data-id=\"41f0360\" data-element_type=\"container\">\n\t\t\t\t\t<div class=\"e-con-inner\">\n\t\t\t\t<div class=\"elementor-element elementor-element-ab5f476 elementor-widget elementor-widget-heading\" data-id=\"ab5f476\" data-element_type=\"widget\" data-widget_type=\"heading.default\">\n\t\t\t\t<div class=\"elementor-widget-container\">\n\t\t\t\t\t<h2 class=\"elementor-heading-title elementor-size-default\">4. De ce trebuie s\u0103 privim altfel copiii<\/h2>\t\t\t\t<\/div>\n\t\t\t\t<\/div>\n\t\t\t\t\t<\/div>\n\t\t\t\t<\/div>\n\t\t<div class=\"elementor-element elementor-element-8a7b0a3 e-flex e-con-boxed e-con e-parent\" data-id=\"8a7b0a3\" data-element_type=\"container\" data-settings=\"{&quot;background_background&quot;:&quot;classic&quot;}\">\n\t\t\t\t\t<div class=\"e-con-inner\">\n\t\t\t\t<div class=\"elementor-element elementor-element-616a57a elementor-widget__width-initial elementor-widget elementor-widget-text-editor\" data-id=\"616a57a\" data-element_type=\"widget\" data-widget_type=\"text-editor.default\">\n\t\t\t\t<div class=\"elementor-widget-container\">\n\t\t\t\t\t\t\t\t\t<p>Pentru c\u0103 adev\u0103rul direct este acesta:<\/p>\t\t\t\t\t\t\t\t<\/div>\n\t\t\t\t<\/div>\n\t\t\t\t\t<\/div>\n\t\t\t\t<\/div>\n\t\t<div class=\"elementor-element elementor-element-5e679e8 e-flex e-con-boxed e-con e-parent\" data-id=\"5e679e8\" data-element_type=\"container\">\n\t\t\t\t\t<div class=\"e-con-inner\">\n\t\t\t\t<div class=\"elementor-element elementor-element-e6af3ea elementor-widget__width-initial elementor-widget elementor-widget-text-editor\" data-id=\"e6af3ea\" data-element_type=\"widget\" data-widget_type=\"text-editor.default\">\n\t\t\t\t<div class=\"elementor-widget-container\">\n\t\t\t\t\t\t\t\t\t<p><strong>Copiii no\u0219tri nu cresc \u00eentr-un mediu care sus\u021bine dezvoltarea natural\u0103 pentru care sunt programa\u021bi biologic.<\/strong><\/p>\t\t\t\t\t\t\t\t<\/div>\n\t\t\t\t<\/div>\n\t\t\t\t\t<\/div>\n\t\t\t\t<\/div>\n\t\t<div class=\"elementor-element elementor-element-efd6cf2 e-flex e-con-boxed e-con e-parent\" data-id=\"efd6cf2\" data-element_type=\"container\" data-settings=\"{&quot;background_background&quot;:&quot;classic&quot;}\">\n\t\t\t\t\t<div class=\"e-con-inner\">\n\t\t\t\t<div class=\"elementor-element elementor-element-952df72 elementor-widget__width-initial elementor-widget elementor-widget-text-editor\" data-id=\"952df72\" data-element_type=\"widget\" data-widget_type=\"text-editor.default\">\n\t\t\t\t<div class=\"elementor-widget-container\">\n\t\t\t\t\t\t\t\t\t<p>\u0218i consecin\u021bele se v\u0103d \u00een:<\/p><ul><li>epidemia de respira\u021bie oral\u0103,<\/li><li>epidemia de malocluzie,<\/li><li>tulbur\u0103rile de somn,<\/li><li>afect\u0103rile de aten\u021bie \u0219i comportament,<\/li><li>posturile distorsionate,<\/li><li>problemele cranio-faciale ireversibile.<\/li><\/ul>\t\t\t\t\t\t\t\t<\/div>\n\t\t\t\t<\/div>\n\t\t\t\t\t<\/div>\n\t\t\t\t<\/div>\n\t\t<div class=\"elementor-element elementor-element-ffef75d e-flex e-con-boxed e-con e-parent\" data-id=\"ffef75d\" data-element_type=\"container\">\n\t\t\t\t\t<div class=\"e-con-inner\">\n\t\t\t\t<div class=\"elementor-element elementor-element-40784c2 elementor-widget__width-initial elementor-widget elementor-widget-text-editor\" data-id=\"40784c2\" data-element_type=\"widget\" data-widget_type=\"text-editor.default\">\n\t\t\t\t<div class=\"elementor-widget-container\">\n\t\t\t\t\t\t\t\t\t<p><strong>Nu putem continua s\u0103 aplic\u0103m modele de acum 50 de ani la copiii de ast\u0103zi.<br \/>Ei au nevoie de o alt\u0103 abordare:<br \/>preventiv\u0103, func\u021bional\u0103, interdisciplinar\u0103 \u0219i timpurie.<\/strong><\/p><p><strong>Nu mai a\u0219tept\u0103m s\u0103 \u201efie suficient de mari ca s\u0103 \u00eencepem tratamentul\u201d.<br \/>\u00cencepem acum \u2014 pentru c\u0103 forma \u0219i func\u021bia se modeleaz\u0103 cel mai u\u0219or \u00een copil\u0103rie.<\/strong><\/p>\t\t\t\t\t\t\t\t<\/div>\n\t\t\t\t<\/div>\n\t\t\t\t\t<\/div>\n\t\t\t\t<\/div>\n\t\t<div class=\"elementor-element elementor-element-54806ef e-flex e-con-boxed e-con e-parent\" data-id=\"54806ef\" data-element_type=\"container\">\n\t\t\t\t\t<div class=\"e-con-inner\">\n\t\t\t\t<div class=\"elementor-element elementor-element-f016ef6 elementor-widget elementor-widget-heading\" data-id=\"f016ef6\" data-element_type=\"widget\" data-widget_type=\"heading.default\">\n\t\t\t\t<div class=\"elementor-widget-container\">\n\t\t\t\t\t<h2 class=\"elementor-heading-title elementor-size-default\">Concluzie: preven\u021bia este interven\u021bie timpurie, nu am\u00e2nare<\/h2>\t\t\t\t<\/div>\n\t\t\t\t<\/div>\n\t\t\t\t\t<\/div>\n\t\t\t\t<\/div>\n\t\t<div class=\"elementor-element elementor-element-7603e9a e-flex e-con-boxed e-con e-parent\" data-id=\"7603e9a\" data-element_type=\"container\" data-settings=\"{&quot;background_background&quot;:&quot;classic&quot;}\">\n\t\t\t\t\t<div class=\"e-con-inner\">\n\t\t\t\t<div class=\"elementor-element elementor-element-accea8d elementor-widget__width-initial elementor-widget elementor-widget-text-editor\" data-id=\"accea8d\" data-element_type=\"widget\" data-widget_type=\"text-editor.default\">\n\t\t\t\t<div class=\"elementor-widget-container\">\n\t\t\t\t\t\t\t\t\t<p>Dac\u0103 vrem s\u0103 schimb\u0103m viitorul copiilor, trebuie s\u0103 schimb\u0103m modul \u00een care privim prezentul lor.<\/p><ul><li>S\u0103 observ\u0103m respira\u021bia.<\/li><li>S\u0103 observ\u0103m postura.<\/li><li>S\u0103 observ\u0103m somnul.<\/li><li>S\u0103 observ\u0103m mastica\u021bia.<\/li><li>S\u0103 intervenim \u00eenainte ca disfunc\u021biile s\u0103 se transforme \u00een anomalii.<\/li><\/ul>\t\t\t\t\t\t\t\t<\/div>\n\t\t\t\t<\/div>\n\t\t\t\t\t<\/div>\n\t\t\t\t<\/div>\n\t\t<div class=\"elementor-element elementor-element-3989853 e-flex e-con-boxed e-con e-parent\" data-id=\"3989853\" data-element_type=\"container\">\n\t\t\t\t\t<div class=\"e-con-inner\">\n\t\t\t\t<div class=\"elementor-element elementor-element-2e0f01d elementor-widget__width-initial elementor-widget elementor-widget-text-editor\" data-id=\"2e0f01d\" data-element_type=\"widget\" data-widget_type=\"text-editor.default\">\n\t\t\t\t<div class=\"elementor-widget-container\">\n\t\t\t\t\t\t\t\t\t<p><strong>Aceasta este misiunea preven\u021biei.<br \/>Aceasta este misiunea IOMFT.<br \/>Aceasta este direc\u021bia de care Rom\u00e2nia are nevoie.<\/strong><\/p>\t\t\t\t\t\t\t\t<\/div>\n\t\t\t\t<\/div>\n\t\t\t\t\t<\/div>\n\t\t\t\t<\/div>\n\t\t\t\t<\/div>\n\t\t","protected":false},"excerpt":{"rendered":"<p>Preven\u021bia Nu mai putem sta pasivi \u0219i s\u0103 a\u0219tept\u0103m ca problemele s\u0103 \u201ese instaleze\u201d doar pentru c\u0103 nu a venit \u00eenc\u0103 v\u00e2rsta la care\u00a0ne permitem s\u0103 le trat\u0103m. Nu ne mai putem permite abordarea \u201ea\u0219tept\u0103m s\u0103 se \u00eendrepte singure\u201d.Nu se \u00eendreapt\u0103. Se ad\u00e2ncesc. Cum putem schimba viitorul copiilor, dac\u0103 alegem s\u0103 ne uit\u0103m altfel la &hellip; <\/p>\n<p class=\"link-more\"><a href=\"https:\/\/www.iomft.ro\/index.php\/preventie\/\" class=\"more-link\">Continue reading<span class=\"screen-reader-text\"> &#8222;Preven\u021bie&#8221;<\/span><\/a><\/p>\n","protected":false},"author":1,"featured_media":0,"parent":0,"menu_order":0,"comment_status":"closed","ping_status":"closed","template":"","meta":{"_acf_changed":false,"footnotes":""},"class_list":["post-1336","page","type-page","status-publish","hentry"],"acf":[],"yoast_head":"<!-- This site is optimized with the Yoast SEO plugin v27.3 - https:\/\/yoast.com\/product\/yoast-seo-wordpress\/ -->\n<title>Preven\u021bie - IOMFT<\/title>\n<meta name=\"robots\" content=\"index, follow, max-snippet:-1, max-image-preview:large, max-video-preview:-1\" \/>\n<link rel=\"canonical\" href=\"https:\/\/www.iomft.ro\/index.php\/preventie\/\" \/>\n<meta property=\"og:locale\" content=\"ro_RO\" \/>\n<meta property=\"og:type\" content=\"article\" \/>\n<meta property=\"og:title\" content=\"Preven\u021bie - IOMFT\" \/>\n<meta property=\"og:description\" content=\"Preven\u021bia Nu mai putem sta pasivi \u0219i s\u0103 a\u0219tept\u0103m ca problemele s\u0103 \u201ese instaleze\u201d doar pentru c\u0103 nu a venit \u00eenc\u0103 v\u00e2rsta la care\u00a0ne permitem s\u0103 le trat\u0103m. Nu ne mai putem permite abordarea \u201ea\u0219tept\u0103m s\u0103 se \u00eendrepte singure\u201d.Nu se \u00eendreapt\u0103. Se ad\u00e2ncesc. Cum putem schimba viitorul copiilor, dac\u0103 alegem s\u0103 ne uit\u0103m altfel la &hellip; Continue reading &quot;Preven\u021bie&quot;\" \/>\n<meta property=\"og:url\" content=\"https:\/\/www.iomft.ro\/index.php\/preventie\/\" \/>\n<meta property=\"og:site_name\" content=\"IOMFT\" \/>\n<meta property=\"article:modified_time\" content=\"2026-02-16T17:31:59+00:00\" \/>\n<meta name=\"twitter:card\" content=\"summary_large_image\" \/>\n<meta name=\"twitter:label1\" content=\"Timp estimat pentru citire\" \/>\n\t<meta name=\"twitter:data1\" content=\"5 minute\" \/>\n<script type=\"application\/ld+json\" class=\"yoast-schema-graph\">{\"@context\":\"https:\\\/\\\/schema.org\",\"@graph\":[{\"@type\":\"WebPage\",\"@id\":\"https:\\\/\\\/www.iomft.ro\\\/index.php\\\/preventie\\\/\",\"url\":\"https:\\\/\\\/www.iomft.ro\\\/index.php\\\/preventie\\\/\",\"name\":\"Preven\u021bie - IOMFT\",\"isPartOf\":{\"@id\":\"https:\\\/\\\/www.iomft.ro\\\/#website\"},\"datePublished\":\"2025-12-05T07:58:54+00:00\",\"dateModified\":\"2026-02-16T17:31:59+00:00\",\"breadcrumb\":{\"@id\":\"https:\\\/\\\/www.iomft.ro\\\/index.php\\\/preventie\\\/#breadcrumb\"},\"inLanguage\":\"ro-RO\",\"potentialAction\":[{\"@type\":\"ReadAction\",\"target\":[\"https:\\\/\\\/www.iomft.ro\\\/index.php\\\/preventie\\\/\"]}]},{\"@type\":\"BreadcrumbList\",\"@id\":\"https:\\\/\\\/www.iomft.ro\\\/index.php\\\/preventie\\\/#breadcrumb\",\"itemListElement\":[{\"@type\":\"ListItem\",\"position\":1,\"name\":\"Home\",\"item\":\"https:\\\/\\\/www.iomft.ro\\\/\"},{\"@type\":\"ListItem\",\"position\":2,\"name\":\"Preven\u021bie\"}]},{\"@type\":\"WebSite\",\"@id\":\"https:\\\/\\\/www.iomft.ro\\\/#website\",\"url\":\"https:\\\/\\\/www.iomft.ro\\\/\",\"name\":\"IOMFT\",\"description\":\"\",\"publisher\":{\"@id\":\"https:\\\/\\\/www.iomft.ro\\\/#organization\"},\"potentialAction\":[{\"@type\":\"SearchAction\",\"target\":{\"@type\":\"EntryPoint\",\"urlTemplate\":\"https:\\\/\\\/www.iomft.ro\\\/?s={search_term_string}\"},\"query-input\":{\"@type\":\"PropertyValueSpecification\",\"valueRequired\":true,\"valueName\":\"search_term_string\"}}],\"inLanguage\":\"ro-RO\"},{\"@type\":\"Organization\",\"@id\":\"https:\\\/\\\/www.iomft.ro\\\/#organization\",\"name\":\"IOMFT\",\"url\":\"https:\\\/\\\/www.iomft.ro\\\/\",\"logo\":{\"@type\":\"ImageObject\",\"inLanguage\":\"ro-RO\",\"@id\":\"https:\\\/\\\/www.iomft.ro\\\/#\\\/schema\\\/logo\\\/image\\\/\",\"url\":\"https:\\\/\\\/www.iomft.ro\\\/wp-content\\\/uploads\\\/2024\\\/09\\\/cropped-logo@2x.png\",\"contentUrl\":\"https:\\\/\\\/www.iomft.ro\\\/wp-content\\\/uploads\\\/2024\\\/09\\\/cropped-logo@2x.png\",\"width\":1000,\"height\":250,\"caption\":\"IOMFT\"},\"image\":{\"@id\":\"https:\\\/\\\/www.iomft.ro\\\/#\\\/schema\\\/logo\\\/image\\\/\"}}]}<\/script>\n<!-- \/ Yoast SEO plugin. -->","yoast_head_json":{"title":"Preven\u021bie - IOMFT","robots":{"index":"index","follow":"follow","max-snippet":"max-snippet:-1","max-image-preview":"max-image-preview:large","max-video-preview":"max-video-preview:-1"},"canonical":"https:\/\/www.iomft.ro\/index.php\/preventie\/","og_locale":"ro_RO","og_type":"article","og_title":"Preven\u021bie - IOMFT","og_description":"Preven\u021bia Nu mai putem sta pasivi \u0219i s\u0103 a\u0219tept\u0103m ca problemele s\u0103 \u201ese instaleze\u201d doar pentru c\u0103 nu a venit \u00eenc\u0103 v\u00e2rsta la care\u00a0ne permitem s\u0103 le trat\u0103m. Nu ne mai putem permite abordarea \u201ea\u0219tept\u0103m s\u0103 se \u00eendrepte singure\u201d.Nu se \u00eendreapt\u0103. Se ad\u00e2ncesc. Cum putem schimba viitorul copiilor, dac\u0103 alegem s\u0103 ne uit\u0103m altfel la &hellip; Continue reading \"Preven\u021bie\"","og_url":"https:\/\/www.iomft.ro\/index.php\/preventie\/","og_site_name":"IOMFT","article_modified_time":"2026-02-16T17:31:59+00:00","twitter_card":"summary_large_image","twitter_misc":{"Timp estimat pentru citire":"5 minute"},"schema":{"@context":"https:\/\/schema.org","@graph":[{"@type":"WebPage","@id":"https:\/\/www.iomft.ro\/index.php\/preventie\/","url":"https:\/\/www.iomft.ro\/index.php\/preventie\/","name":"Preven\u021bie - IOMFT","isPartOf":{"@id":"https:\/\/www.iomft.ro\/#website"},"datePublished":"2025-12-05T07:58:54+00:00","dateModified":"2026-02-16T17:31:59+00:00","breadcrumb":{"@id":"https:\/\/www.iomft.ro\/index.php\/preventie\/#breadcrumb"},"inLanguage":"ro-RO","potentialAction":[{"@type":"ReadAction","target":["https:\/\/www.iomft.ro\/index.php\/preventie\/"]}]},{"@type":"BreadcrumbList","@id":"https:\/\/www.iomft.ro\/index.php\/preventie\/#breadcrumb","itemListElement":[{"@type":"ListItem","position":1,"name":"Home","item":"https:\/\/www.iomft.ro\/"},{"@type":"ListItem","position":2,"name":"Preven\u021bie"}]},{"@type":"WebSite","@id":"https:\/\/www.iomft.ro\/#website","url":"https:\/\/www.iomft.ro\/","name":"IOMFT","description":"","publisher":{"@id":"https:\/\/www.iomft.ro\/#organization"},"potentialAction":[{"@type":"SearchAction","target":{"@type":"EntryPoint","urlTemplate":"https:\/\/www.iomft.ro\/?s={search_term_string}"},"query-input":{"@type":"PropertyValueSpecification","valueRequired":true,"valueName":"search_term_string"}}],"inLanguage":"ro-RO"},{"@type":"Organization","@id":"https:\/\/www.iomft.ro\/#organization","name":"IOMFT","url":"https:\/\/www.iomft.ro\/","logo":{"@type":"ImageObject","inLanguage":"ro-RO","@id":"https:\/\/www.iomft.ro\/#\/schema\/logo\/image\/","url":"https:\/\/www.iomft.ro\/wp-content\/uploads\/2024\/09\/cropped-logo@2x.png","contentUrl":"https:\/\/www.iomft.ro\/wp-content\/uploads\/2024\/09\/cropped-logo@2x.png","width":1000,"height":250,"caption":"IOMFT"},"image":{"@id":"https:\/\/www.iomft.ro\/#\/schema\/logo\/image\/"}}]}},"jetpack_sharing_enabled":true,"_links":{"self":[{"href":"https:\/\/www.iomft.ro\/index.php\/wp-json\/wp\/v2\/pages\/1336","targetHints":{"allow":["GET"]}}],"collection":[{"href":"https:\/\/www.iomft.ro\/index.php\/wp-json\/wp\/v2\/pages"}],"about":[{"href":"https:\/\/www.iomft.ro\/index.php\/wp-json\/wp\/v2\/types\/page"}],"author":[{"embeddable":true,"href":"https:\/\/www.iomft.ro\/index.php\/wp-json\/wp\/v2\/users\/1"}],"replies":[{"embeddable":true,"href":"https:\/\/www.iomft.ro\/index.php\/wp-json\/wp\/v2\/comments?post=1336"}],"version-history":[{"count":10,"href":"https:\/\/www.iomft.ro\/index.php\/wp-json\/wp\/v2\/pages\/1336\/revisions"}],"predecessor-version":[{"id":1763,"href":"https:\/\/www.iomft.ro\/index.php\/wp-json\/wp\/v2\/pages\/1336\/revisions\/1763"}],"wp:attachment":[{"href":"https:\/\/www.iomft.ro\/index.php\/wp-json\/wp\/v2\/media?parent=1336"}],"curies":[{"name":"wp","href":"https:\/\/api.w.org\/{rel}","templated":true}]}}