{"id":832,"date":"2025-10-14T15:31:45","date_gmt":"2025-10-14T15:31:45","guid":{"rendered":"https:\/\/www.iomft.ro\/?page_id=832"},"modified":"2026-02-16T17:45:42","modified_gmt":"2026-02-16T17:45:42","slug":"forma-si-dezvoltarea-fetei-sunt-cauza-respiratiei-orale","status":"publish","type":"page","link":"https:\/\/www.iomft.ro\/index.php\/forma-si-dezvoltarea-fetei-sunt-cauza-respiratiei-orale\/","title":{"rendered":"Forma \u0219i dezvoltarea fe\u021bei sunt cauza respira\u021biei orale"},"content":{"rendered":"\t\t<div data-elementor-type=\"wp-page\" data-elementor-id=\"832\" class=\"elementor elementor-832\">\n\t\t\t\t<div class=\"elementor-element elementor-element-4027235 e-grid e-con-boxed e-con e-parent\" data-id=\"4027235\" data-element_type=\"container\" id=\"header_top\" data-settings=\"{&quot;background_background&quot;:&quot;classic&quot;}\">\n\t\t\t\t\t<div class=\"e-con-inner\">\n\t\t\t\t<div class=\"elementor-element elementor-element-9d8cf7c home_intro elementor-widget elementor-widget-heading\" data-id=\"9d8cf7c\" data-element_type=\"widget\" data-widget_type=\"heading.default\">\n\t\t\t\t<div class=\"elementor-widget-container\">\n\t\t\t\t\t<h2 class=\"elementor-heading-title elementor-size-default\">C\u0103ile aeriene\n<\/h2>\t\t\t\t<\/div>\n\t\t\t\t<\/div>\n\t\t\t\t<div class=\"elementor-element elementor-element-d9711ef elementor-widget__width-initial elementor-widget elementor-widget-text-editor\" data-id=\"d9711ef\" data-element_type=\"widget\" data-widget_type=\"text-editor.default\">\n\t\t\t\t<div class=\"elementor-widget-container\">\n\t\t\t\t\t\t\t\t\t<p>\u00cengustarea fe\u021bei \u0219i a c\u0103ilor aeriene la copiii moderni este rezultatul direct al schimb\u0103rilor de stil de via\u021b\u0103 \u0219i alimenta\u021bie \u2013 nu al geneticii.<\/p>\t\t\t\t\t\t\t\t<\/div>\n\t\t\t\t<\/div>\n\t\t\t\t\t<\/div>\n\t\t\t\t<\/div>\n\t\t<div class=\"elementor-element elementor-element-ebfbbeb e-con-full e-flex e-con e-parent\" data-id=\"ebfbbeb\" data-element_type=\"container\" data-settings=\"{&quot;background_background&quot;:&quot;classic&quot;}\">\n\t\t<div class=\"elementor-element elementor-element-2a7ea00 e-flex e-con-boxed e-con e-child\" data-id=\"2a7ea00\" data-element_type=\"container\">\n\t\t\t\t\t<div class=\"e-con-inner\">\n\t\t\t\t<div class=\"elementor-element elementor-element-4676ac1 elementor-widget elementor-widget-text-editor\" data-id=\"4676ac1\" data-element_type=\"widget\" data-widget_type=\"text-editor.default\">\n\t\t\t\t<div class=\"elementor-widget-container\">\n\t\t\t\t\t\t\t\t\t<h2>De ce maxilarele copiilor no\u0219tri se mic\u0219oreaz\u0103?<\/h2><p>\u00cen ultimele decenii, medici, stomatologi \u0219i antropologi au observat un fenomen \u00eengrijor\u0103tor: fe\u021bele \u0219i maxilarele copiilor devin tot mai mici, iar c\u0103ile aeriene se \u00eengusteaz\u0103. De aici numeroase boli cronice cauzate de o respira\u021bie deficitara si modific\u0103ri faciale si posturale din ce in ce mai numeroase.<\/p><p>Acest fenomen de \u201cmic\u0219orare a fe\u021bei\u201d nu este doar o problem\u0103 estetic\u0103 \u2013 are implica\u021bii profunde pentru respira\u021bie, somn, s\u0103n\u0103tatea dentar\u0103 \u0219i dezvoltarea general\u0103. \u00cen\u021belegerea cauzelor \u0219i a solu\u021biilor este esen\u021bial\u0103 at\u00e2t pentru p\u0103rin\u021bi, c\u00e2t \u0219i pentru speciali\u0219ti.<\/p><h2>FA\u021aA DEZVOLTAT\u0102 &gt; MAXILAR DEZVOLTAT &gt; C\u0102I AERIENE LIBERE<\/h2>\t\t\t\t\t\t\t\t<\/div>\n\t\t\t\t<\/div>\n\t\t\t\t\t<\/div>\n\t\t\t\t<\/div>\n\t\t\t\t<\/div>\n\t\t<div class=\"elementor-element elementor-element-449a358 e-flex e-con-boxed e-con e-parent\" data-id=\"449a358\" data-element_type=\"container\">\n\t\t\t\t\t<div class=\"e-con-inner\">\n\t\t\t\t<div class=\"elementor-element elementor-element-cc6174b elementor-widget elementor-widget-heading\" data-id=\"cc6174b\" data-element_type=\"widget\" data-widget_type=\"heading.default\">\n\t\t\t\t<div class=\"elementor-widget-container\">\n\t\t\t\t\t<h3 class=\"elementor-heading-title elementor-size-default\">Context istoric \u0219i antropologic<\/h3>\t\t\t\t<\/div>\n\t\t\t\t<\/div>\n\t\t\t\t\t<\/div>\n\t\t\t\t<\/div>\n\t\t<div class=\"elementor-element elementor-element-948fabf e-flex e-con-boxed e-con e-parent\" data-id=\"948fabf\" data-element_type=\"container\">\n\t\t\t\t\t<div class=\"e-con-inner\">\n\t\t\t\t<div class=\"elementor-element elementor-element-5304e0d elementor-widget elementor-widget-heading\" data-id=\"5304e0d\" data-element_type=\"widget\" data-widget_type=\"heading.default\">\n\t\t\t\t<div class=\"elementor-widget-container\">\n\t\t\t\t\t<h3 class=\"elementor-heading-title elementor-size-default\">Fe\u021bele str\u0103mo\u0219ilor no\u0219tri: <\/h3>\t\t\t\t<\/div>\n\t\t\t\t<\/div>\n\t\t\t\t\t<\/div>\n\t\t\t\t<\/div>\n\t\t<div class=\"elementor-element elementor-element-2acd5a0 e-flex e-con-boxed e-con e-parent\" data-id=\"2acd5a0\" data-element_type=\"container\">\n\t\t\t\t\t<div class=\"e-con-inner\">\n\t\t\t\t<div class=\"elementor-element elementor-element-ce873bf elementor-widget elementor-widget-text-editor\" data-id=\"ce873bf\" data-element_type=\"widget\" data-widget_type=\"text-editor.default\">\n\t\t\t\t<div class=\"elementor-widget-container\">\n\t\t\t\t\t\t\t\t\t<p>Craniile vechi din societ\u0103\u021bile de v\u00e2n\u0103tori-culeg\u0103tori arat\u0103 maxilare late, arcade dentare largi \u0219i din\u021bi drep\u021bi. Aceste popula\u021bii aveau rareori din\u021bi \u00eenghesui\u021bi sau probleme de c\u0103i aeriene.<\/p>\t\t\t\t\t\t\t\t<\/div>\n\t\t\t\t<\/div>\n\t\t\t\t\t<\/div>\n\t\t\t\t<\/div>\n\t\t<div class=\"elementor-element elementor-element-81bf6da e-flex e-con-boxed e-con e-parent\" data-id=\"81bf6da\" data-element_type=\"container\">\n\t\t\t\t\t<div class=\"e-con-inner\">\n\t\t\t\t<div class=\"elementor-element elementor-element-103772c elementor-widget elementor-widget-heading\" data-id=\"103772c\" data-element_type=\"widget\" data-widget_type=\"heading.default\">\n\t\t\t\t<div class=\"elementor-widget-container\">\n\t\t\t\t\t<h3 class=\"elementor-heading-title elementor-size-default\">Diete \u0219i obiceiuri tradi\u021bionale: <\/h3>\t\t\t\t<\/div>\n\t\t\t\t<\/div>\n\t\t\t\t\t<\/div>\n\t\t\t\t<\/div>\n\t\t<div class=\"elementor-element elementor-element-e28cac1 e-flex e-con-boxed e-con e-parent\" data-id=\"e28cac1\" data-element_type=\"container\">\n\t\t\t\t\t<div class=\"e-con-inner\">\n\t\t\t\t<div class=\"elementor-element elementor-element-7f12492 elementor-widget elementor-widget-text-editor\" data-id=\"7f12492\" data-element_type=\"widget\" data-widget_type=\"text-editor.default\">\n\t\t\t\t<div class=\"elementor-widget-container\">\n\t\t\t\t\t\t\t\t\t<p>Copiii din societ\u0103\u021bile tradi\u021bionale erau al\u0103pta\u021bi mai mult timp, \u00een\u021b\u0103rca\u021bi cu alimente tari \u0219i fibrosase, \u0219i petreceau ani buni mestec\u00e2nd carne, r\u0103d\u0103cini \u0219i legume dure. Acest mestecat constant antrena mu\u0219chii maxilarului \u0219i stimula cre\u0219terea osoas\u0103.<\/p>\t\t\t\t\t\t\t\t<\/div>\n\t\t\t\t<\/div>\n\t\t\t\t\t<\/div>\n\t\t\t\t<\/div>\n\t\t<div class=\"elementor-element elementor-element-f1f5b98 e-flex e-con-boxed e-con e-parent\" data-id=\"f1f5b98\" data-element_type=\"container\">\n\t\t\t\t\t<div class=\"e-con-inner\">\n\t\t\t\t<div class=\"elementor-element elementor-element-aa8cda3 elementor-widget elementor-widget-heading\" data-id=\"aa8cda3\" data-element_type=\"widget\" data-widget_type=\"heading.default\">\n\t\t\t\t<div class=\"elementor-widget-container\">\n\t\t\t\t\t<h3 class=\"elementor-heading-title elementor-size-default\">Schimbarea modern\u0103: Ce s-a \u00eent\u00e2mplat?<\/h3>\t\t\t\t<\/div>\n\t\t\t\t<\/div>\n\t\t\t\t\t<\/div>\n\t\t\t\t<\/div>\n\t\t<div class=\"elementor-element elementor-element-1d1e48d e-flex e-con-boxed e-con e-parent\" data-id=\"1d1e48d\" data-element_type=\"container\">\n\t\t\t\t\t<div class=\"e-con-inner\">\n\t\t\t\t<div class=\"elementor-element elementor-element-2f4158a elementor-widget elementor-widget-heading\" data-id=\"2f4158a\" data-element_type=\"widget\" data-widget_type=\"heading.default\">\n\t\t\t\t<div class=\"elementor-widget-container\">\n\t\t\t\t\t<h3 class=\"elementor-heading-title elementor-size-default\">\u2022\tIndustrializare \u0219i alimente procesate: <\/h3>\t\t\t\t<\/div>\n\t\t\t\t<\/div>\n\t\t\t\t\t<\/div>\n\t\t\t\t<\/div>\n\t\t<div class=\"elementor-element elementor-element-1c30105 e-flex e-con-boxed e-con e-parent\" data-id=\"1c30105\" data-element_type=\"container\">\n\t\t\t\t\t<div class=\"e-con-inner\">\n\t\t\t\t<div class=\"elementor-element elementor-element-4a748ef elementor-widget elementor-widget-text-editor\" data-id=\"4a748ef\" data-element_type=\"widget\" data-widget_type=\"text-editor.default\">\n\t\t\t\t<div class=\"elementor-widget-container\">\n\t\t\t\t\t\t\t\t\t<p>Introducerea alimentelor moi (p\u00e2ine alb\u0103, cereale, piureuri) a redus mult mestecatul la copii.<\/p>\t\t\t\t\t\t\t\t<\/div>\n\t\t\t\t<\/div>\n\t\t\t\t\t<\/div>\n\t\t\t\t<\/div>\n\t\t<div class=\"elementor-element elementor-element-acb8241 e-flex e-con-boxed e-con e-parent\" data-id=\"acb8241\" data-element_type=\"container\">\n\t\t\t\t\t<div class=\"e-con-inner\">\n\t\t\t\t<div class=\"elementor-element elementor-element-097b8e9 elementor-widget elementor-widget-heading\" data-id=\"097b8e9\" data-element_type=\"widget\" data-widget_type=\"heading.default\">\n\t\t\t\t<div class=\"elementor-widget-container\">\n\t\t\t\t\t<h3 class=\"elementor-heading-title elementor-size-default\">\u2022\tBiberonul \u0219i suzeta: <\/h3>\t\t\t\t<\/div>\n\t\t\t\t<\/div>\n\t\t\t\t\t<\/div>\n\t\t\t\t<\/div>\n\t\t<div class=\"elementor-element elementor-element-4d05146 e-flex e-con-boxed e-con e-parent\" data-id=\"4d05146\" data-element_type=\"container\">\n\t\t\t\t\t<div class=\"e-con-inner\">\n\t\t\t\t<div class=\"elementor-element elementor-element-705ace0 elementor-widget elementor-widget-text-editor\" data-id=\"705ace0\" data-element_type=\"widget\" data-widget_type=\"text-editor.default\">\n\t\t\t\t<div class=\"elementor-widget-container\">\n\t\t\t\t\t\t\t\t\t<p>Acestea schimb\u0103 modul \u00een care bebelu\u0219ii folosesc gura \u0219i limba, reduc\u00e2nd exerci\u021biul natural oferit de al\u0103ptare.<\/p>\t\t\t\t\t\t\t\t<\/div>\n\t\t\t\t<\/div>\n\t\t\t\t\t<\/div>\n\t\t\t\t<\/div>\n\t\t<div class=\"elementor-element elementor-element-a5410ed e-flex e-con-boxed e-con e-parent\" data-id=\"a5410ed\" data-element_type=\"container\">\n\t\t\t\t\t<div class=\"e-con-inner\">\n\t\t\t\t<div class=\"elementor-element elementor-element-3758386 elementor-widget elementor-widget-heading\" data-id=\"3758386\" data-element_type=\"widget\" data-widget_type=\"heading.default\">\n\t\t\t\t<div class=\"elementor-widget-container\">\n\t\t\t\t\t<h3 class=\"elementor-heading-title elementor-size-default\">\u2022\tMestecat redus: <\/h3>\t\t\t\t<\/div>\n\t\t\t\t<\/div>\n\t\t\t\t\t<\/div>\n\t\t\t\t<\/div>\n\t\t<div class=\"elementor-element elementor-element-b54db1a e-flex e-con-boxed e-con e-parent\" data-id=\"b54db1a\" data-element_type=\"container\">\n\t\t\t\t\t<div class=\"e-con-inner\">\n\t\t\t\t<div class=\"elementor-element elementor-element-8650f91 elementor-widget elementor-widget-text-editor\" data-id=\"8650f91\" data-element_type=\"widget\" data-widget_type=\"text-editor.default\">\n\t\t\t\t<div class=\"elementor-widget-container\">\n\t\t\t\t\t\t\t\t\t<p>Mai pu\u021bin mestecat \u00eenseamn\u0103 stimulare mai mic\u0103 pentru cre\u0219terea maxilarului, duc\u00e2nd la maxilare mai mici \u0219i spa\u021biu insuficient pentru din\u021bi \u0219i c\u0103i aeriene.<\/p>\t\t\t\t\t\t\t\t<\/div>\n\t\t\t\t<\/div>\n\t\t\t\t\t<\/div>\n\t\t\t\t<\/div>\n\t\t<div class=\"elementor-element elementor-element-2064188 e-flex e-con-boxed e-con e-parent\" data-id=\"2064188\" data-element_type=\"container\">\n\t\t\t\t\t<div class=\"e-con-inner\">\n\t\t\t\t<div class=\"elementor-element elementor-element-180d192 elementor-widget elementor-widget-heading\" data-id=\"180d192\" data-element_type=\"widget\" data-widget_type=\"heading.default\">\n\t\t\t\t<div class=\"elementor-widget-container\">\n\t\t\t\t\t<h3 class=\"elementor-heading-title elementor-size-default\">\u2022\tSchimbare rapid\u0103: <\/h3>\t\t\t\t<\/div>\n\t\t\t\t<\/div>\n\t\t\t\t\t<\/div>\n\t\t\t\t<\/div>\n\t\t<div class=\"elementor-element elementor-element-146a1ea e-flex e-con-boxed e-con e-parent\" data-id=\"146a1ea\" data-element_type=\"container\">\n\t\t\t\t\t<div class=\"e-con-inner\">\n\t\t\t\t<div class=\"elementor-element elementor-element-1ca5223 elementor-widget elementor-widget-text-editor\" data-id=\"1ca5223\" data-element_type=\"widget\" data-widget_type=\"text-editor.default\">\n\t\t\t\t<div class=\"elementor-widget-container\">\n\t\t\t\t\t\t\t\t\t<p>Aceste modific\u0103ri au ap\u0103rut \u00een doar c\u00e2teva genera\u021bii \u2013 mult prea repede pentru a fi explicate genetic.<\/p>\t\t\t\t\t\t\t\t<\/div>\n\t\t\t\t<\/div>\n\t\t\t\t\t<\/div>\n\t\t\t\t<\/div>\n\t\t<div class=\"elementor-element elementor-element-5eb88ec e-flex e-con-boxed e-con e-parent\" data-id=\"5eb88ec\" data-element_type=\"container\">\n\t\t\t\t\t<div class=\"e-con-inner\">\n\t\t\t\t<div class=\"elementor-element elementor-element-0af6691 elementor-widget elementor-widget-heading\" data-id=\"0af6691\" data-element_type=\"widget\" data-widget_type=\"heading.default\">\n\t\t\t\t<div class=\"elementor-widget-container\">\n\t\t\t\t\t<h2 class=\"elementor-heading-title elementor-size-default\">Pentru speciali\u0219ti:<\/h2>\t\t\t\t<\/div>\n\t\t\t\t<\/div>\n\t\t\t\t\t<\/div>\n\t\t\t\t<\/div>\n\t\t<div class=\"elementor-element elementor-element-2126cff e-flex e-con-boxed e-con e-parent\" data-id=\"2126cff\" data-element_type=\"container\">\n\t\t\t\t\t<div class=\"e-con-inner\">\n\t\t\t\t<div class=\"elementor-element elementor-element-039056a elementor-widget elementor-widget-text-editor\" data-id=\"039056a\" data-element_type=\"widget\" data-widget_type=\"text-editor.default\">\n\t\t\t\t<div class=\"elementor-widget-container\">\n\t\t\t\t\t\t\t\t\t<p><strong>Lua\u021bi o anamnez\u0103 detaliat\u0103 despre alimenta\u021bie \u0219i obiceiuri orale. \u00centreba\u021bi despre durata al\u0103pt\u0103rii, introducerea solidelor \u0219i folosirea biberonului\/suzetei. <\/strong><\/p>\t\t\t\t\t\t\t\t<\/div>\n\t\t\t\t<\/div>\n\t\t\t\t\t<\/div>\n\t\t\t\t<\/div>\n\t\t<div class=\"elementor-element elementor-element-aea751c e-flex e-con-boxed e-con e-parent\" data-id=\"aea751c\" data-element_type=\"container\">\n\t\t\t\t\t<div class=\"e-con-inner\">\n\t\t\t\t<div class=\"elementor-element elementor-element-2e9af3a elementor-widget elementor-widget-heading\" data-id=\"2e9af3a\" data-element_type=\"widget\" data-widget_type=\"heading.default\">\n\t\t\t\t<div class=\"elementor-widget-container\">\n\t\t\t\t\t<h2 class=\"elementor-heading-title elementor-size-default\"> \u0218tiin\u021ba mestecatului \u0219i a mu\u0219chilor<\/h2>\t\t\t\t<\/div>\n\t\t\t\t<\/div>\n\t\t\t\t\t<\/div>\n\t\t\t\t<\/div>\n\t\t<div class=\"elementor-element elementor-element-ecbe5ff e-flex e-con-boxed e-con e-parent\" data-id=\"ecbe5ff\" data-element_type=\"container\">\n\t\t\t\t\t<div class=\"e-con-inner\">\n\t\t\t\t<div class=\"elementor-element elementor-element-e856492 elementor-widget elementor-widget-heading\" data-id=\"e856492\" data-element_type=\"widget\" data-widget_type=\"heading.default\">\n\t\t\t\t<div class=\"elementor-widget-container\">\n\t\t\t\t\t<h3 class=\"elementor-heading-title elementor-size-default\">\u2022\tMestecatul ca exerci\u021biu: <\/h3>\t\t\t\t<\/div>\n\t\t\t\t<\/div>\n\t\t\t\t\t<\/div>\n\t\t\t\t<\/div>\n\t\t<div class=\"elementor-element elementor-element-5bbc0bb e-flex e-con-boxed e-con e-parent\" data-id=\"5bbc0bb\" data-element_type=\"container\">\n\t\t\t\t\t<div class=\"e-con-inner\">\n\t\t\t\t<div class=\"elementor-element elementor-element-c756816 elementor-widget elementor-widget-text-editor\" data-id=\"c756816\" data-element_type=\"widget\" data-widget_type=\"text-editor.default\">\n\t\t\t\t<div class=\"elementor-widget-container\">\n\t\t\t\t\t\t\t\t\t<p>Mestecatul alimentelor tari stimuleaz\u0103 mu\u0219chii \u0219i oasele maxilarului, men\u021bin\u00e2nd arcadele dentare largi.<\/p>\t\t\t\t\t\t\t\t<\/div>\n\t\t\t\t<\/div>\n\t\t\t\t\t<\/div>\n\t\t\t\t<\/div>\n\t\t<div class=\"elementor-element elementor-element-1eb9dad e-flex e-con-boxed e-con e-parent\" data-id=\"1eb9dad\" data-element_type=\"container\">\n\t\t\t\t\t<div class=\"e-con-inner\">\n\t\t\t\t<div class=\"elementor-element elementor-element-990a26d elementor-widget elementor-widget-heading\" data-id=\"990a26d\" data-element_type=\"widget\" data-widget_type=\"heading.default\">\n\t\t\t\t<div class=\"elementor-widget-container\">\n\t\t\t\t\t<h3 class=\"elementor-heading-title elementor-size-default\">\u2022\tPostura limbii: <\/h3>\t\t\t\t<\/div>\n\t\t\t\t<\/div>\n\t\t\t\t\t<\/div>\n\t\t\t\t<\/div>\n\t\t<div class=\"elementor-element elementor-element-ca85d5f e-flex e-con-boxed e-con e-parent\" data-id=\"ca85d5f\" data-element_type=\"container\">\n\t\t\t\t\t<div class=\"e-con-inner\">\n\t\t\t\t<div class=\"elementor-element elementor-element-a2f9757 elementor-widget elementor-widget-text-editor\" data-id=\"a2f9757\" data-element_type=\"widget\" data-widget_type=\"text-editor.default\">\n\t\t\t\t<div class=\"elementor-widget-container\">\n\t\t\t\t\t\t\t\t\t<p>O postur\u0103 corect\u0103 a limbii (sprijinit\u0103 pe cerul gurii) ajut\u0103 la modelarea palatului \u0219i la men\u021binerea c\u0103ilor aeriene deschise.<\/p>\t\t\t\t\t\t\t\t<\/div>\n\t\t\t\t<\/div>\n\t\t\t\t\t<\/div>\n\t\t\t\t<\/div>\n\t\t<div class=\"elementor-element elementor-element-6ff4167 e-flex e-con-boxed e-con e-parent\" data-id=\"6ff4167\" data-element_type=\"container\">\n\t\t\t\t\t<div class=\"e-con-inner\">\n\t\t\t\t<div class=\"elementor-element elementor-element-50aaa60 elementor-widget elementor-widget-heading\" data-id=\"50aaa60\" data-element_type=\"widget\" data-widget_type=\"heading.default\">\n\t\t\t\t<div class=\"elementor-widget-container\">\n\t\t\t\t\t<h3 class=\"elementor-heading-title elementor-size-default\">\u2022\tObiceiuri orale: <\/h3>\t\t\t\t<\/div>\n\t\t\t\t<\/div>\n\t\t\t\t\t<\/div>\n\t\t\t\t<\/div>\n\t\t<div class=\"elementor-element elementor-element-f4da995 e-flex e-con-boxed e-con e-parent\" data-id=\"f4da995\" data-element_type=\"container\">\n\t\t\t\t\t<div class=\"e-con-inner\">\n\t\t\t\t<div class=\"elementor-element elementor-element-c67b16c elementor-widget elementor-widget-text-editor\" data-id=\"c67b16c\" data-element_type=\"widget\" data-widget_type=\"text-editor.default\">\n\t\t\t\t<div class=\"elementor-widget-container\">\n\t\t\t\t\t\t\t\t\t<p>Sugerea degetului, folosirea prelungit\u0103 a suzetei \u0219i respira\u021bia pe gur\u0103 pot afecta negativ dezvoltarea fe\u021bei \u0219i a maxilarului.<\/p>\t\t\t\t\t\t\t\t<\/div>\n\t\t\t\t<\/div>\n\t\t\t\t\t<\/div>\n\t\t\t\t<\/div>\n\t\t<div class=\"elementor-element elementor-element-35285b5 e-flex e-con-boxed e-con e-parent\" data-id=\"35285b5\" data-element_type=\"container\">\n\t\t\t\t\t<div class=\"e-con-inner\">\n\t\t\t\t<div class=\"elementor-element elementor-element-7528750 elementor-widget elementor-widget-heading\" data-id=\"7528750\" data-element_type=\"widget\" data-widget_type=\"heading.default\">\n\t\t\t\t<div class=\"elementor-widget-container\">\n\t\t\t\t\t<h2 class=\"elementor-heading-title elementor-size-default\">Sfat pentru p\u0103rin\u021bi: <\/h2>\t\t\t\t<\/div>\n\t\t\t\t<\/div>\n\t\t\t\t\t<\/div>\n\t\t\t\t<\/div>\n\t\t<div class=\"elementor-element elementor-element-dbecd93 e-flex e-con-boxed e-con e-parent\" data-id=\"dbecd93\" data-element_type=\"container\">\n\t\t\t\t\t<div class=\"e-con-inner\">\n\t\t\t\t<div class=\"elementor-element elementor-element-8b27ba4 elementor-widget elementor-widget-text-editor\" data-id=\"8b27ba4\" data-element_type=\"widget\" data-widget_type=\"text-editor.default\">\n\t\t\t\t<div class=\"elementor-widget-container\">\n\t\t\t\t\t\t\t\t\t<p><strong>\u00cencurajeaz\u0103 copilul s\u0103 m\u0103n\u00e2nce alimente crude, tari \u0219i variate \u2013 mere, morcovi, carne \u2013 pentru a stimula mestecatul. <\/strong><\/p>\t\t\t\t\t\t\t\t<\/div>\n\t\t\t\t<\/div>\n\t\t\t\t\t<\/div>\n\t\t\t\t<\/div>\n\t\t<div class=\"elementor-element elementor-element-552569e e-flex e-con-boxed e-con e-parent\" data-id=\"552569e\" data-element_type=\"container\">\n\t\t\t\t\t<div class=\"e-con-inner\">\n\t\t\t\t<div class=\"elementor-element elementor-element-f4245d1 elementor-widget elementor-widget-heading\" data-id=\"f4245d1\" data-element_type=\"widget\" data-widget_type=\"heading.default\">\n\t\t\t\t<div class=\"elementor-widget-container\">\n\t\t\t\t\t<h2 class=\"elementor-heading-title elementor-size-default\">Consecin\u021be: fe\u021be \u00eenguste, din\u021bi \u00eenghesui\u021bi \u0219i probleme de c\u0103i aeriene<\/h2>\t\t\t\t<\/div>\n\t\t\t\t<\/div>\n\t\t\t\t\t<\/div>\n\t\t\t\t<\/div>\n\t\t<div class=\"elementor-element elementor-element-7a3b34c e-flex e-con-boxed e-con e-parent\" data-id=\"7a3b34c\" data-element_type=\"container\">\n\t\t\t\t\t<div class=\"e-con-inner\">\n\t\t\t\t<div class=\"elementor-element elementor-element-1289af2 elementor-widget elementor-widget-heading\" data-id=\"1289af2\" data-element_type=\"widget\" data-widget_type=\"heading.default\">\n\t\t\t\t<div class=\"elementor-widget-container\">\n\t\t\t\t\t<h3 class=\"elementor-heading-title elementor-size-default\">\u2022\t\u00cenghesuirea din\u021bilor \u0219i malocluzia: <\/h3>\t\t\t\t<\/div>\n\t\t\t\t<\/div>\n\t\t\t\t\t<\/div>\n\t\t\t\t<\/div>\n\t\t<div class=\"elementor-element elementor-element-02f3374 e-flex e-con-boxed e-con e-parent\" data-id=\"02f3374\" data-element_type=\"container\">\n\t\t\t\t\t<div class=\"e-con-inner\">\n\t\t\t\t<div class=\"elementor-element elementor-element-018905e elementor-widget elementor-widget-text-editor\" data-id=\"018905e\" data-element_type=\"widget\" data-widget_type=\"text-editor.default\">\n\t\t\t\t<div class=\"elementor-widget-container\">\n\t\t\t\t\t\t\t\t\t<p>Maxilarele mici nu las\u0103 loc pentru to\u021bi din\u021bii, duc\u00e2nd la din\u021bi str\u00e2mbi \u0219i nevoie de ortodon\u021bie.<\/p>\t\t\t\t\t\t\t\t<\/div>\n\t\t\t\t<\/div>\n\t\t\t\t\t<\/div>\n\t\t\t\t<\/div>\n\t\t<div class=\"elementor-element elementor-element-8cf9232 e-flex e-con-boxed e-con e-parent\" data-id=\"8cf9232\" data-element_type=\"container\">\n\t\t\t\t\t<div class=\"e-con-inner\">\n\t\t\t\t<div class=\"elementor-element elementor-element-e95c5bf elementor-widget elementor-widget-heading\" data-id=\"e95c5bf\" data-element_type=\"widget\" data-widget_type=\"heading.default\">\n\t\t\t\t<div class=\"elementor-widget-container\">\n\t\t\t\t\t<h3 class=\"elementor-heading-title elementor-size-default\">\u2022\tC\u0103i aeriene \u00eenguste: <\/h3>\t\t\t\t<\/div>\n\t\t\t\t<\/div>\n\t\t\t\t\t<\/div>\n\t\t\t\t<\/div>\n\t\t<div class=\"elementor-element elementor-element-81464e2 e-flex e-con-boxed e-con e-parent\" data-id=\"81464e2\" data-element_type=\"container\">\n\t\t\t\t\t<div class=\"e-con-inner\">\n\t\t\t\t<div class=\"elementor-element elementor-element-8d2eba7 elementor-widget elementor-widget-text-editor\" data-id=\"8d2eba7\" data-element_type=\"widget\" data-widget_type=\"text-editor.default\">\n\t\t\t\t<div class=\"elementor-widget-container\">\n\t\t\t\t\t\t\t\t\t<p>Maxilarul mic \u0219i palatul \u00eenalt reduc spa\u021biul pentru c\u0103ile aeriene, cresc\u00e2nd riscul de respira\u021bie pe gur\u0103, sfor\u0103it \u0219i tulbur\u0103ri de somn.<\/p>\t\t\t\t\t\t\t\t<\/div>\n\t\t\t\t<\/div>\n\t\t\t\t\t<\/div>\n\t\t\t\t<\/div>\n\t\t<div class=\"elementor-element elementor-element-201dc2c e-flex e-con-boxed e-con e-parent\" data-id=\"201dc2c\" data-element_type=\"container\">\n\t\t\t\t\t<div class=\"e-con-inner\">\n\t\t\t\t<div class=\"elementor-element elementor-element-f82fe60 elementor-widget elementor-widget-heading\" data-id=\"f82fe60\" data-element_type=\"widget\" data-widget_type=\"heading.default\">\n\t\t\t\t<div class=\"elementor-widget-container\">\n\t\t\t\t\t<h3 class=\"elementor-heading-title elementor-size-default\">\u2022\tAspect facial: <\/h3>\t\t\t\t<\/div>\n\t\t\t\t<\/div>\n\t\t\t\t\t<\/div>\n\t\t\t\t<\/div>\n\t\t<div class=\"elementor-element elementor-element-b337e75 e-flex e-con-boxed e-con e-parent\" data-id=\"b337e75\" data-element_type=\"container\">\n\t\t\t\t\t<div class=\"e-con-inner\">\n\t\t\t\t<div class=\"elementor-element elementor-element-bc7e377 elementor-widget elementor-widget-text-editor\" data-id=\"bc7e377\" data-element_type=\"widget\" data-widget_type=\"text-editor.default\">\n\t\t\t\t<div class=\"elementor-widget-container\">\n\t\t\t\t\t\t\t\t\t<p>Respira\u021bia pe gur\u0103 cronic\u0103 \u0219i obiceiurile orale proaste pot duce la fa\u021b\u0103 alungit\u0103 , palida, lipsita de expresivitate , barbie retrasa, buze intredeschise, uscate, dinti si limba vizibile (\u201cfacies adenoid \u201d).<\/p>\t\t\t\t\t\t\t\t<\/div>\n\t\t\t\t<\/div>\n\t\t\t\t\t<\/div>\n\t\t\t\t<\/div>\n\t\t<div class=\"elementor-element elementor-element-be92917 e-flex e-con-boxed e-con e-parent\" data-id=\"be92917\" data-element_type=\"container\">\n\t\t\t\t\t<div class=\"e-con-inner\">\n\t\t\t\t<div class=\"elementor-element elementor-element-8e15a26 elementor-widget elementor-widget-heading\" data-id=\"8e15a26\" data-element_type=\"widget\" data-widget_type=\"heading.default\">\n\t\t\t\t<div class=\"elementor-widget-container\">\n\t\t\t\t\t<h2 class=\"elementor-heading-title elementor-size-default\">Fapt \u0219ocant:<\/h2>\t\t\t\t<\/div>\n\t\t\t\t<\/div>\n\t\t\t\t\t<\/div>\n\t\t\t\t<\/div>\n\t\t<div class=\"elementor-element elementor-element-0c814a7 e-flex e-con-boxed e-con e-parent\" data-id=\"0c814a7\" data-element_type=\"container\">\n\t\t\t\t\t<div class=\"e-con-inner\">\n\t\t\t\t<div class=\"elementor-element elementor-element-ca4bdc9 elementor-widget elementor-widget-text-editor\" data-id=\"ca4bdc9\" data-element_type=\"widget\" data-widget_type=\"text-editor.default\">\n\t\t\t\t<div class=\"elementor-widget-container\">\n\t\t\t\t\t\t\t\t\t<p><strong>\u201c\u00centr-o singur\u0103 genera\u021bie de la adoptarea dietei occidentale, popula\u021biile au v\u0103zut o cre\u0219tere dramatic\u0103 a din\u021bilor str\u00e2mbi \u0219i a problemelor de c\u0103i aeriene \u2013 probleme practic inexistente la str\u0103mo\u0219i.\u201d <\/strong><\/p>\t\t\t\t\t\t\t\t<\/div>\n\t\t\t\t<\/div>\n\t\t\t\t\t<\/div>\n\t\t\t\t<\/div>\n\t\t<div class=\"elementor-element elementor-element-7a39f57 e-flex e-con-boxed e-con e-parent\" data-id=\"7a39f57\" data-element_type=\"container\">\n\t\t\t\t\t<div class=\"e-con-inner\">\n\t\t\t\t<div class=\"elementor-element elementor-element-7f66099 elementor-widget elementor-widget-heading\" data-id=\"7f66099\" data-element_type=\"widget\" data-widget_type=\"heading.default\">\n\t\t\t\t<div class=\"elementor-widget-container\">\n\t\t\t\t\t<h2 class=\"elementor-heading-title elementor-size-default\">Studiu de caz: <\/h2>\t\t\t\t<\/div>\n\t\t\t\t<\/div>\n\t\t\t\t\t<\/div>\n\t\t\t\t<\/div>\n\t\t<div class=\"elementor-element elementor-element-017f120 e-flex e-con-boxed e-con e-parent\" data-id=\"017f120\" data-element_type=\"container\">\n\t\t\t\t\t<div class=\"e-con-inner\">\n\t\t\t\t<div class=\"elementor-element elementor-element-406cf47 elementor-widget elementor-widget-text-editor\" data-id=\"406cf47\" data-element_type=\"widget\" data-widget_type=\"text-editor.default\">\n\t\t\t\t<div class=\"elementor-widget-container\">\n\t\t\t\t\t\t\t\t\t<p><strong>Matias, de 7 ani, crescut cu alimente moi \u0219i hr\u0103nit cu biberonul, prezint\u0103 din\u021bi \u00eenghesui\u021bi, palat \u00eenalt \u0219i respira\u021bie pe gur\u0103 frecvent\u0103. Dup\u0103 trecerea la o diet\u0103 cu mai multe alimente crude, exersarea respira\u021biei nazale \u0219i terapie miofunc\u021bional\u0103, cre\u0219terea maxilarului s-a \u00eembun\u0103t\u0103\u021bit, iar somnul \u0219i comportamentul s-au stabilizat. <\/strong><\/p>\t\t\t\t\t\t\t\t<\/div>\n\t\t\t\t<\/div>\n\t\t\t\t\t<\/div>\n\t\t\t\t<\/div>\n\t\t<div class=\"elementor-element elementor-element-86c15f8 e-flex e-con-boxed e-con e-parent\" data-id=\"86c15f8\" data-element_type=\"container\">\n\t\t\t\t\t<div class=\"e-con-inner\">\n\t\t\t\t<div class=\"elementor-element elementor-element-3d560bf elementor-widget elementor-widget-heading\" data-id=\"3d560bf\" data-element_type=\"widget\" data-widget_type=\"heading.default\">\n\t\t\t\t<div class=\"elementor-widget-container\">\n\t\t\t\t\t<h2 class=\"elementor-heading-title elementor-size-default\"> Preven\u021bie \u0219i interven\u021bie<\/h2>\t\t\t\t<\/div>\n\t\t\t\t<\/div>\n\t\t\t\t\t<\/div>\n\t\t\t\t<\/div>\n\t\t<div class=\"elementor-element elementor-element-3c59051 e-flex e-con-boxed e-con e-parent\" data-id=\"3c59051\" data-element_type=\"container\">\n\t\t\t\t\t<div class=\"e-con-inner\">\n\t\t\t\t<div class=\"elementor-element elementor-element-95dccba elementor-widget elementor-widget-heading\" data-id=\"95dccba\" data-element_type=\"widget\" data-widget_type=\"heading.default\">\n\t\t\t\t<div class=\"elementor-widget-container\">\n\t\t\t\t\t<h2 class=\"elementor-heading-title elementor-size-default\">Pentru p\u0103rin\u021bi:<\/h2>\t\t\t\t<\/div>\n\t\t\t\t<\/div>\n\t\t\t\t\t<\/div>\n\t\t\t\t<\/div>\n\t\t<div class=\"elementor-element elementor-element-4259bdf e-flex e-con-boxed e-con e-parent\" data-id=\"4259bdf\" data-element_type=\"container\">\n\t\t\t\t\t<div class=\"e-con-inner\">\n\t\t\t\t<div class=\"elementor-element elementor-element-90daadd elementor-widget elementor-widget-text-editor\" data-id=\"90daadd\" data-element_type=\"widget\" data-widget_type=\"text-editor.default\">\n\t\t\t\t<div class=\"elementor-widget-container\">\n\t\t\t\t\t\t\t\t\t<ul><li><strong>Al\u0103pteaz\u0103 exclusiv primele 6 luni \u0219i continu\u0103 al\u0103turi de solide cel pu\u021bin un an.<\/strong><\/li><li><strong>Introdu texturi variate \u0219i \u00eencurajeaz\u0103 auto-hr\u0103nirea cu alimente care necesit\u0103 mestecat.<\/strong><\/li><li><strong>Limiteaz\u0103 biberonul \u0219i suzeta c\u00e2t mai devreme.<\/strong><\/li><li><strong>Ofer\u0103 legume crude, fructe \u00eentregi \u0219i carne pentru mestecat.<\/strong><\/li><li><strong>Monitorizeaz\u0103 obiceiurile orale: suptul degetului, rosul unghiilor, respira\u021bia pe gur\u0103.<\/strong><\/li><\/ul>\t\t\t\t\t\t\t\t<\/div>\n\t\t\t\t<\/div>\n\t\t\t\t\t<\/div>\n\t\t\t\t<\/div>\n\t\t<div class=\"elementor-element elementor-element-b9f4b29 e-con-full e-flex e-con e-parent\" data-id=\"b9f4b29\" data-element_type=\"container\">\n\t\t\t\t<div class=\"elementor-element elementor-element-755323d elementor-widget elementor-widget-image\" data-id=\"755323d\" data-element_type=\"widget\" data-widget_type=\"image.default\">\n\t\t\t\t<div class=\"elementor-widget-container\">\n\t\t\t\t\t\t\t\t\t\t\t\t\t\t\t\t<a href=\"\/index.php\/chestionar\/\">\n\t\t\t\t\t\t\t<img fetchpriority=\"high\" decoding=\"async\" width=\"1440\" height=\"480\" src=\"https:\/\/www.iomft.ro\/wp-content\/uploads\/2025\/10\/completeaza-chestionarul-1.png\" class=\"attachment-full size-full wp-image-982\" alt=\"\" srcset=\"https:\/\/www.iomft.ro\/wp-content\/uploads\/2025\/10\/completeaza-chestionarul-1.png 1440w, https:\/\/www.iomft.ro\/wp-content\/uploads\/2025\/10\/completeaza-chestionarul-1-300x100.png 300w, https:\/\/www.iomft.ro\/wp-content\/uploads\/2025\/10\/completeaza-chestionarul-1-1024x341.png 1024w, https:\/\/www.iomft.ro\/wp-content\/uploads\/2025\/10\/completeaza-chestionarul-1-768x256.png 768w, https:\/\/www.iomft.ro\/wp-content\/uploads\/2025\/10\/completeaza-chestionarul-1-600x200.png 600w\" sizes=\"100vw\" \/>\t\t\t\t\t\t\t\t<\/a>\n\t\t\t\t\t\t\t\t\t\t\t\t\t\t\t<\/div>\n\t\t\t\t<\/div>\n\t\t\t\t<\/div>\n\t\t<div class=\"elementor-element elementor-element-d74681e e-flex e-con-boxed e-con e-parent\" data-id=\"d74681e\" data-element_type=\"container\">\n\t\t\t\t\t<div class=\"e-con-inner\">\n\t\t\t\t<div class=\"elementor-element elementor-element-4c00225 elementor-widget elementor-widget-heading\" data-id=\"4c00225\" data-element_type=\"widget\" data-widget_type=\"heading.default\">\n\t\t\t\t<div class=\"elementor-widget-container\">\n\t\t\t\t\t<h2 class=\"elementor-heading-title elementor-size-default\">Pentru speciali\u0219ti:<\/h2>\t\t\t\t<\/div>\n\t\t\t\t<\/div>\n\t\t\t\t\t<\/div>\n\t\t\t\t<\/div>\n\t\t<div class=\"elementor-element elementor-element-ea5d1d7 e-flex e-con-boxed e-con e-parent\" data-id=\"ea5d1d7\" data-element_type=\"container\">\n\t\t\t\t\t<div class=\"e-con-inner\">\n\t\t\t\t<div class=\"elementor-element elementor-element-23103e4 elementor-widget elementor-widget-text-editor\" data-id=\"23103e4\" data-element_type=\"widget\" data-widget_type=\"text-editor.default\">\n\t\t\t\t<div class=\"elementor-widget-container\">\n\t\t\t\t\t\t\t\t\t<ul><li><strong>Screening precoce pentru dezvoltarea maxilarului, l\u0103\u021bimea arcadei dentare \u0219i dimensiunea c\u0103ilor aeriene la controalele de rutin\u0103.<\/strong><\/li><li><strong>Abordare interdisciplinar\u0103: colaborare cu pediatru, dentist, ortodont, terapeut miofunc\u021bional.<\/strong><\/li><li><strong>Educa\u021bi familiile despre importan\u021ba mestecatului, posturii limbii \u0219i respira\u021biei nazale.<\/strong><\/li><li><strong>Interven\u021bie timpurie: trimite\u021bi la ortodont sau terapie miofunc\u021bional\u0103 la primele semne de \u00eengustare sau \u00eenghesuire.<\/strong><\/li><\/ul>\t\t\t\t\t\t\t\t<\/div>\n\t\t\t\t<\/div>\n\t\t\t\t\t<\/div>\n\t\t\t\t<\/div>\n\t\t<div class=\"elementor-element elementor-element-9dc4ee9 e-flex e-con-boxed e-con e-parent\" data-id=\"9dc4ee9\" data-element_type=\"container\">\n\t\t\t\t\t<div class=\"e-con-inner\">\n\t\t\t\t<div class=\"elementor-element elementor-element-f348d1f elementor-widget elementor-widget-heading\" data-id=\"f348d1f\" data-element_type=\"widget\" data-widget_type=\"heading.default\">\n\t\t\t\t<div class=\"elementor-widget-container\">\n\t\t\t\t\t<h2 class=\"elementor-heading-title elementor-size-default\">Concluzie<\/h2>\t\t\t\t<\/div>\n\t\t\t\t<\/div>\n\t\t\t\t\t<\/div>\n\t\t\t\t<\/div>\n\t\t<div class=\"elementor-element elementor-element-82cfd7d e-flex e-con-boxed e-con e-parent\" data-id=\"82cfd7d\" data-element_type=\"container\">\n\t\t\t\t\t<div class=\"e-con-inner\">\n\t\t\t\t<div class=\"elementor-element elementor-element-65987e2 elementor-widget elementor-widget-text-editor\" data-id=\"65987e2\" data-element_type=\"widget\" data-widget_type=\"text-editor.default\">\n\t\t\t\t<div class=\"elementor-widget-container\">\n\t\t\t\t\t\t\t\t\t<ul><li><strong>\u00cengustarea fe\u021bei \u0219i a c\u0103ilor aeriene la copiii moderni este rezultatul direct al schimb\u0103rilor de stil de via\u021b\u0103 \u0219i alimenta\u021bie \u2013 nu al geneticii.<\/strong><\/li><li><strong>Preven\u021bia \u00eencepe devreme: al\u0103ptare, mestecat, obiceiuri orale s\u0103n\u0103toase.<\/strong><\/li><li><strong>Recunoa\u0219terea \u0219i interven\u021bia timpurie pot preveni probleme dentare \u0219i respiratorii pe via\u021b\u0103.<\/strong><\/li><\/ul>\t\t\t\t\t\t\t\t<\/div>\n\t\t\t\t<\/div>\n\t\t\t\t\t<\/div>\n\t\t\t\t<\/div>\n\t\t<div class=\"elementor-element elementor-element-4ca4ae0 e-flex e-con-boxed e-con e-parent\" data-id=\"4ca4ae0\" data-element_type=\"container\">\n\t\t\t\t\t<div class=\"e-con-inner\">\n\t\t\t\t<div class=\"elementor-element elementor-element-8393bd7 elementor-widget elementor-widget-text-editor\" data-id=\"8393bd7\" data-element_type=\"widget\" data-widget_type=\"text-editor.default\">\n\t\t\t\t<div class=\"elementor-widget-container\">\n\t\t\t\t\t\t\t\t\t<p><strong>Acum c\u0103 am \u00een\u021beles de ce fe\u021bele \u0219i c\u0103ile aeriene ale copiilor no\u0219tri se \u00eengusteaz\u0103, este esen\u021bial s\u0103 vedem cum aceste schimb\u0103ri duc la probleme de respira\u021bie, tulbur\u0103ri de somn \u0219i afec\u021biuni cronice. \u00cen urm\u0103torul capitol, vom explora dificult\u0103\u021bile de respira\u021bie din timpul somnului, ce se \u00eent\u00e2mpl\u0103 la nivelul c\u0103ilor aeriene \u0219i cum putem recunoa\u0219te \u0219i corecta aceste probleme \u00eenc\u0103 din copil\u0103rie.<\/strong><\/p>\t\t\t\t\t\t\t\t<\/div>\n\t\t\t\t<\/div>\n\t\t\t\t\t<\/div>\n\t\t\t\t<\/div>\n\t\t<div class=\"elementor-element elementor-element-6e9afbd e-flex e-con-boxed e-con e-parent\" data-id=\"6e9afbd\" data-element_type=\"container\">\n\t\t\t\t\t<div class=\"e-con-inner\">\n\t\t\t\t<div class=\"elementor-element elementor-element-de186ce elementor-widget elementor-widget-heading\" data-id=\"de186ce\" data-element_type=\"widget\" data-widget_type=\"heading.default\">\n\t\t\t\t<div class=\"elementor-widget-container\">\n\t\t\t\t\t<h3 class=\"elementor-heading-title elementor-size-default\">Referin\u021be<\/h3>\t\t\t\t<\/div>\n\t\t\t\t<\/div>\n\t\t\t\t\t<\/div>\n\t\t\t\t<\/div>\n\t\t<div class=\"elementor-element elementor-element-60251f9 e-flex e-con-boxed e-con e-parent\" data-id=\"60251f9\" data-element_type=\"container\">\n\t\t\t\t\t<div class=\"e-con-inner\">\n\t\t\t\t<div class=\"elementor-element elementor-element-e230cc6 elementor-widget elementor-widget-text-editor\" data-id=\"e230cc6\" data-element_type=\"widget\" data-widget_type=\"text-editor.default\">\n\t\t\t\t<div class=\"elementor-widget-container\">\n\t\t\t\t\t\t\t\t\t<ol><li><strong>Price, W.A. (1939). Nutrition and Physical Degeneration.<\/strong><\/li><li><strong>Lieberman, D.E. (2011). The Evolution of the Human Head.<\/strong><\/li><li><strong>Palmer, B. (2007). The influence of breastfeeding on the development of the oral cavity: A commentary.<\/strong><\/li><li><strong>Harvold, E.P. (1981). Primate experiments on oral respiration.<\/strong><\/li><\/ol>\t\t\t\t\t\t\t\t<\/div>\n\t\t\t\t<\/div>\n\t\t\t\t\t<\/div>\n\t\t\t\t<\/div>\n\t\t\t\t<\/div>\n\t\t","protected":false},"excerpt":{"rendered":"<p>C\u0103ile aeriene \u00cengustarea fe\u021bei \u0219i a c\u0103ilor aeriene la copiii moderni este rezultatul direct al schimb\u0103rilor de stil de via\u021b\u0103 \u0219i alimenta\u021bie \u2013 nu al geneticii. De ce maxilarele copiilor no\u0219tri se mic\u0219oreaz\u0103? \u00cen ultimele decenii, medici, stomatologi \u0219i antropologi au observat un fenomen \u00eengrijor\u0103tor: fe\u021bele \u0219i maxilarele copiilor devin tot mai mici, iar c\u0103ile &hellip; <\/p>\n<p class=\"link-more\"><a href=\"https:\/\/www.iomft.ro\/index.php\/forma-si-dezvoltarea-fetei-sunt-cauza-respiratiei-orale\/\" class=\"more-link\">Continue reading<span class=\"screen-reader-text\"> &#8222;Forma \u0219i dezvoltarea fe\u021bei sunt cauza respira\u021biei orale&#8221;<\/span><\/a><\/p>\n","protected":false},"author":1,"featured_media":0,"parent":0,"menu_order":0,"comment_status":"closed","ping_status":"closed","template":"","meta":{"_acf_changed":false,"footnotes":""},"class_list":["post-832","page","type-page","status-publish","hentry"],"acf":[],"yoast_head":"<!-- This site is optimized with the Yoast SEO plugin v27.3 - https:\/\/yoast.com\/product\/yoast-seo-wordpress\/ -->\n<title>Forma \u0219i dezvoltarea fe\u021bei sunt cauza respira\u021biei orale - IOMFT<\/title>\n<meta name=\"robots\" content=\"index, follow, max-snippet:-1, max-image-preview:large, max-video-preview:-1\" \/>\n<link rel=\"canonical\" href=\"https:\/\/www.iomft.ro\/index.php\/forma-si-dezvoltarea-fetei-sunt-cauza-respiratiei-orale\/\" \/>\n<meta property=\"og:locale\" content=\"ro_RO\" \/>\n<meta property=\"og:type\" content=\"article\" \/>\n<meta property=\"og:title\" content=\"Forma \u0219i dezvoltarea fe\u021bei sunt cauza respira\u021biei orale - IOMFT\" \/>\n<meta property=\"og:description\" content=\"C\u0103ile aeriene \u00cengustarea fe\u021bei \u0219i a c\u0103ilor aeriene la copiii moderni este rezultatul direct al schimb\u0103rilor de stil de via\u021b\u0103 \u0219i alimenta\u021bie \u2013 nu al geneticii. De ce maxilarele copiilor no\u0219tri se mic\u0219oreaz\u0103? \u00cen ultimele decenii, medici, stomatologi \u0219i antropologi au observat un fenomen \u00eengrijor\u0103tor: fe\u021bele \u0219i maxilarele copiilor devin tot mai mici, iar c\u0103ile &hellip; Continue reading &quot;Forma \u0219i dezvoltarea fe\u021bei sunt cauza respira\u021biei orale&quot;\" \/>\n<meta property=\"og:url\" content=\"https:\/\/www.iomft.ro\/index.php\/forma-si-dezvoltarea-fetei-sunt-cauza-respiratiei-orale\/\" \/>\n<meta property=\"og:site_name\" content=\"IOMFT\" \/>\n<meta property=\"article:modified_time\" content=\"2026-02-16T17:45:42+00:00\" \/>\n<meta property=\"og:image\" content=\"https:\/\/www.iomft.ro\/wp-content\/uploads\/2025\/10\/completeaza-chestionarul-1.png\" \/>\n\t<meta property=\"og:image:width\" content=\"1440\" \/>\n\t<meta property=\"og:image:height\" content=\"480\" \/>\n\t<meta property=\"og:image:type\" content=\"image\/png\" \/>\n<meta name=\"twitter:card\" content=\"summary_large_image\" \/>\n<meta name=\"twitter:label1\" content=\"Timp estimat pentru citire\" \/>\n\t<meta name=\"twitter:data1\" content=\"5 minute\" \/>\n<script type=\"application\/ld+json\" class=\"yoast-schema-graph\">{\"@context\":\"https:\\\/\\\/schema.org\",\"@graph\":[{\"@type\":\"WebPage\",\"@id\":\"https:\\\/\\\/www.iomft.ro\\\/index.php\\\/forma-si-dezvoltarea-fetei-sunt-cauza-respiratiei-orale\\\/\",\"url\":\"https:\\\/\\\/www.iomft.ro\\\/index.php\\\/forma-si-dezvoltarea-fetei-sunt-cauza-respiratiei-orale\\\/\",\"name\":\"Forma \u0219i dezvoltarea fe\u021bei sunt cauza respira\u021biei orale - IOMFT\",\"isPartOf\":{\"@id\":\"https:\\\/\\\/www.iomft.ro\\\/#website\"},\"primaryImageOfPage\":{\"@id\":\"https:\\\/\\\/www.iomft.ro\\\/index.php\\\/forma-si-dezvoltarea-fetei-sunt-cauza-respiratiei-orale\\\/#primaryimage\"},\"image\":{\"@id\":\"https:\\\/\\\/www.iomft.ro\\\/index.php\\\/forma-si-dezvoltarea-fetei-sunt-cauza-respiratiei-orale\\\/#primaryimage\"},\"thumbnailUrl\":\"https:\\\/\\\/www.iomft.ro\\\/wp-content\\\/uploads\\\/2025\\\/10\\\/completeaza-chestionarul-1.png\",\"datePublished\":\"2025-10-14T15:31:45+00:00\",\"dateModified\":\"2026-02-16T17:45:42+00:00\",\"breadcrumb\":{\"@id\":\"https:\\\/\\\/www.iomft.ro\\\/index.php\\\/forma-si-dezvoltarea-fetei-sunt-cauza-respiratiei-orale\\\/#breadcrumb\"},\"inLanguage\":\"ro-RO\",\"potentialAction\":[{\"@type\":\"ReadAction\",\"target\":[\"https:\\\/\\\/www.iomft.ro\\\/index.php\\\/forma-si-dezvoltarea-fetei-sunt-cauza-respiratiei-orale\\\/\"]}]},{\"@type\":\"ImageObject\",\"inLanguage\":\"ro-RO\",\"@id\":\"https:\\\/\\\/www.iomft.ro\\\/index.php\\\/forma-si-dezvoltarea-fetei-sunt-cauza-respiratiei-orale\\\/#primaryimage\",\"url\":\"https:\\\/\\\/www.iomft.ro\\\/wp-content\\\/uploads\\\/2025\\\/10\\\/completeaza-chestionarul-1.png\",\"contentUrl\":\"https:\\\/\\\/www.iomft.ro\\\/wp-content\\\/uploads\\\/2025\\\/10\\\/completeaza-chestionarul-1.png\",\"width\":1440,\"height\":480},{\"@type\":\"BreadcrumbList\",\"@id\":\"https:\\\/\\\/www.iomft.ro\\\/index.php\\\/forma-si-dezvoltarea-fetei-sunt-cauza-respiratiei-orale\\\/#breadcrumb\",\"itemListElement\":[{\"@type\":\"ListItem\",\"position\":1,\"name\":\"Home\",\"item\":\"https:\\\/\\\/www.iomft.ro\\\/\"},{\"@type\":\"ListItem\",\"position\":2,\"name\":\"Forma \u0219i dezvoltarea fe\u021bei sunt cauza respira\u021biei orale\"}]},{\"@type\":\"WebSite\",\"@id\":\"https:\\\/\\\/www.iomft.ro\\\/#website\",\"url\":\"https:\\\/\\\/www.iomft.ro\\\/\",\"name\":\"IOMFT\",\"description\":\"\",\"publisher\":{\"@id\":\"https:\\\/\\\/www.iomft.ro\\\/#organization\"},\"potentialAction\":[{\"@type\":\"SearchAction\",\"target\":{\"@type\":\"EntryPoint\",\"urlTemplate\":\"https:\\\/\\\/www.iomft.ro\\\/?s={search_term_string}\"},\"query-input\":{\"@type\":\"PropertyValueSpecification\",\"valueRequired\":true,\"valueName\":\"search_term_string\"}}],\"inLanguage\":\"ro-RO\"},{\"@type\":\"Organization\",\"@id\":\"https:\\\/\\\/www.iomft.ro\\\/#organization\",\"name\":\"IOMFT\",\"url\":\"https:\\\/\\\/www.iomft.ro\\\/\",\"logo\":{\"@type\":\"ImageObject\",\"inLanguage\":\"ro-RO\",\"@id\":\"https:\\\/\\\/www.iomft.ro\\\/#\\\/schema\\\/logo\\\/image\\\/\",\"url\":\"https:\\\/\\\/www.iomft.ro\\\/wp-content\\\/uploads\\\/2024\\\/09\\\/cropped-logo@2x.png\",\"contentUrl\":\"https:\\\/\\\/www.iomft.ro\\\/wp-content\\\/uploads\\\/2024\\\/09\\\/cropped-logo@2x.png\",\"width\":1000,\"height\":250,\"caption\":\"IOMFT\"},\"image\":{\"@id\":\"https:\\\/\\\/www.iomft.ro\\\/#\\\/schema\\\/logo\\\/image\\\/\"}}]}<\/script>\n<!-- \/ Yoast SEO plugin. -->","yoast_head_json":{"title":"Forma \u0219i dezvoltarea fe\u021bei sunt cauza respira\u021biei orale - IOMFT","robots":{"index":"index","follow":"follow","max-snippet":"max-snippet:-1","max-image-preview":"max-image-preview:large","max-video-preview":"max-video-preview:-1"},"canonical":"https:\/\/www.iomft.ro\/index.php\/forma-si-dezvoltarea-fetei-sunt-cauza-respiratiei-orale\/","og_locale":"ro_RO","og_type":"article","og_title":"Forma \u0219i dezvoltarea fe\u021bei sunt cauza respira\u021biei orale - IOMFT","og_description":"C\u0103ile aeriene \u00cengustarea fe\u021bei \u0219i a c\u0103ilor aeriene la copiii moderni este rezultatul direct al schimb\u0103rilor de stil de via\u021b\u0103 \u0219i alimenta\u021bie \u2013 nu al geneticii. De ce maxilarele copiilor no\u0219tri se mic\u0219oreaz\u0103? \u00cen ultimele decenii, medici, stomatologi \u0219i antropologi au observat un fenomen \u00eengrijor\u0103tor: fe\u021bele \u0219i maxilarele copiilor devin tot mai mici, iar c\u0103ile &hellip; Continue reading \"Forma \u0219i dezvoltarea fe\u021bei sunt cauza respira\u021biei orale\"","og_url":"https:\/\/www.iomft.ro\/index.php\/forma-si-dezvoltarea-fetei-sunt-cauza-respiratiei-orale\/","og_site_name":"IOMFT","article_modified_time":"2026-02-16T17:45:42+00:00","og_image":[{"width":1440,"height":480,"url":"https:\/\/www.iomft.ro\/wp-content\/uploads\/2025\/10\/completeaza-chestionarul-1.png","type":"image\/png"}],"twitter_card":"summary_large_image","twitter_misc":{"Timp estimat pentru citire":"5 minute"},"schema":{"@context":"https:\/\/schema.org","@graph":[{"@type":"WebPage","@id":"https:\/\/www.iomft.ro\/index.php\/forma-si-dezvoltarea-fetei-sunt-cauza-respiratiei-orale\/","url":"https:\/\/www.iomft.ro\/index.php\/forma-si-dezvoltarea-fetei-sunt-cauza-respiratiei-orale\/","name":"Forma \u0219i dezvoltarea fe\u021bei sunt cauza respira\u021biei orale - IOMFT","isPartOf":{"@id":"https:\/\/www.iomft.ro\/#website"},"primaryImageOfPage":{"@id":"https:\/\/www.iomft.ro\/index.php\/forma-si-dezvoltarea-fetei-sunt-cauza-respiratiei-orale\/#primaryimage"},"image":{"@id":"https:\/\/www.iomft.ro\/index.php\/forma-si-dezvoltarea-fetei-sunt-cauza-respiratiei-orale\/#primaryimage"},"thumbnailUrl":"https:\/\/www.iomft.ro\/wp-content\/uploads\/2025\/10\/completeaza-chestionarul-1.png","datePublished":"2025-10-14T15:31:45+00:00","dateModified":"2026-02-16T17:45:42+00:00","breadcrumb":{"@id":"https:\/\/www.iomft.ro\/index.php\/forma-si-dezvoltarea-fetei-sunt-cauza-respiratiei-orale\/#breadcrumb"},"inLanguage":"ro-RO","potentialAction":[{"@type":"ReadAction","target":["https:\/\/www.iomft.ro\/index.php\/forma-si-dezvoltarea-fetei-sunt-cauza-respiratiei-orale\/"]}]},{"@type":"ImageObject","inLanguage":"ro-RO","@id":"https:\/\/www.iomft.ro\/index.php\/forma-si-dezvoltarea-fetei-sunt-cauza-respiratiei-orale\/#primaryimage","url":"https:\/\/www.iomft.ro\/wp-content\/uploads\/2025\/10\/completeaza-chestionarul-1.png","contentUrl":"https:\/\/www.iomft.ro\/wp-content\/uploads\/2025\/10\/completeaza-chestionarul-1.png","width":1440,"height":480},{"@type":"BreadcrumbList","@id":"https:\/\/www.iomft.ro\/index.php\/forma-si-dezvoltarea-fetei-sunt-cauza-respiratiei-orale\/#breadcrumb","itemListElement":[{"@type":"ListItem","position":1,"name":"Home","item":"https:\/\/www.iomft.ro\/"},{"@type":"ListItem","position":2,"name":"Forma \u0219i dezvoltarea fe\u021bei sunt cauza respira\u021biei orale"}]},{"@type":"WebSite","@id":"https:\/\/www.iomft.ro\/#website","url":"https:\/\/www.iomft.ro\/","name":"IOMFT","description":"","publisher":{"@id":"https:\/\/www.iomft.ro\/#organization"},"potentialAction":[{"@type":"SearchAction","target":{"@type":"EntryPoint","urlTemplate":"https:\/\/www.iomft.ro\/?s={search_term_string}"},"query-input":{"@type":"PropertyValueSpecification","valueRequired":true,"valueName":"search_term_string"}}],"inLanguage":"ro-RO"},{"@type":"Organization","@id":"https:\/\/www.iomft.ro\/#organization","name":"IOMFT","url":"https:\/\/www.iomft.ro\/","logo":{"@type":"ImageObject","inLanguage":"ro-RO","@id":"https:\/\/www.iomft.ro\/#\/schema\/logo\/image\/","url":"https:\/\/www.iomft.ro\/wp-content\/uploads\/2024\/09\/cropped-logo@2x.png","contentUrl":"https:\/\/www.iomft.ro\/wp-content\/uploads\/2024\/09\/cropped-logo@2x.png","width":1000,"height":250,"caption":"IOMFT"},"image":{"@id":"https:\/\/www.iomft.ro\/#\/schema\/logo\/image\/"}}]}},"jetpack_sharing_enabled":true,"_links":{"self":[{"href":"https:\/\/www.iomft.ro\/index.php\/wp-json\/wp\/v2\/pages\/832","targetHints":{"allow":["GET"]}}],"collection":[{"href":"https:\/\/www.iomft.ro\/index.php\/wp-json\/wp\/v2\/pages"}],"about":[{"href":"https:\/\/www.iomft.ro\/index.php\/wp-json\/wp\/v2\/types\/page"}],"author":[{"embeddable":true,"href":"https:\/\/www.iomft.ro\/index.php\/wp-json\/wp\/v2\/users\/1"}],"replies":[{"embeddable":true,"href":"https:\/\/www.iomft.ro\/index.php\/wp-json\/wp\/v2\/comments?post=832"}],"version-history":[{"count":53,"href":"https:\/\/www.iomft.ro\/index.php\/wp-json\/wp\/v2\/pages\/832\/revisions"}],"predecessor-version":[{"id":1785,"href":"https:\/\/www.iomft.ro\/index.php\/wp-json\/wp\/v2\/pages\/832\/revisions\/1785"}],"wp:attachment":[{"href":"https:\/\/www.iomft.ro\/index.php\/wp-json\/wp\/v2\/media?parent=832"}],"curies":[{"name":"wp","href":"https:\/\/api.w.org\/{rel}","templated":true}]}}