{"id":892,"date":"2025-10-14T17:50:28","date_gmt":"2025-10-14T17:50:28","guid":{"rendered":"https:\/\/www.iomft.ro\/?page_id=892"},"modified":"2026-02-26T11:49:13","modified_gmt":"2026-02-26T11:49:13","slug":"tulburarile-respiratorii-in-somn-sdb-la-copii","status":"publish","type":"page","link":"https:\/\/www.iomft.ro\/index.php\/tulburarile-respiratorii-in-somn-sdb-la-copii\/","title":{"rendered":"Tulbur\u0103rile Respiratorii \u00een Somn (SDB) la copii"},"content":{"rendered":"\t\t<div data-elementor-type=\"wp-page\" data-elementor-id=\"892\" class=\"elementor elementor-892\">\n\t\t\t\t<div class=\"elementor-element elementor-element-c94ba93 e-grid e-con-boxed e-con e-parent\" data-id=\"c94ba93\" data-element_type=\"container\" id=\"header_top\" data-settings=\"{&quot;background_background&quot;:&quot;classic&quot;}\">\n\t\t\t\t\t<div class=\"e-con-inner\">\n\t\t\t\t<div class=\"elementor-element elementor-element-314ee19 home_intro elementor-widget elementor-widget-heading\" data-id=\"314ee19\" data-element_type=\"widget\" data-widget_type=\"heading.default\">\n\t\t\t\t<div class=\"elementor-widget-container\">\n\t\t\t\t\t<h2 class=\"elementor-heading-title elementor-size-default\">Apneea<\/h2>\t\t\t\t<\/div>\n\t\t\t\t<\/div>\n\t\t\t\t<div class=\"elementor-element elementor-element-46a239c elementor-widget__width-initial elementor-widget elementor-widget-text-editor\" data-id=\"46a239c\" data-element_type=\"widget\" data-widget_type=\"text-editor.default\">\n\t\t\t\t<div class=\"elementor-widget-container\">\n\t\t\t\t\t\t\t\t\t<p>Acestea afecteaz\u0103 calitatea somnului \u0219i dezvoltarea normal\u0103 a copilului, av\u00e2nd\u00a0consecin\u021be pe termen lung asupra s\u0103n\u0103t\u0103\u021bii cardiovasculare, metabolice \u0219i neurocognitive.<\/p>\t\t\t\t\t\t\t\t<\/div>\n\t\t\t\t<\/div>\n\t\t\t\t\t<\/div>\n\t\t\t\t<\/div>\n\t\t<div class=\"elementor-element elementor-element-19ab87d e-con-full e-flex e-con e-parent\" data-id=\"19ab87d\" data-element_type=\"container\" data-settings=\"{&quot;background_background&quot;:&quot;classic&quot;}\">\n\t\t<div class=\"elementor-element elementor-element-3b8b349 e-flex e-con-boxed e-con e-child\" data-id=\"3b8b349\" data-element_type=\"container\">\n\t\t\t\t\t<div class=\"e-con-inner\">\n\t\t\t\t<div class=\"elementor-element elementor-element-96a0d6e elementor-widget elementor-widget-text-editor\" data-id=\"96a0d6e\" data-element_type=\"widget\" data-widget_type=\"text-editor.default\">\n\t\t\t\t<div class=\"elementor-widget-container\">\n\t\t\t\t\t\t\t\t\t<h2>Tulbur\u0103rile Respiratorii \u00een Somn (SDB) la copii<\/h2><p><strong>Cum este corect? Tulburarile de somn? Sau care sunt tulburarile respiratorii din timpul somnului. Orice termen am folosi el inseamna unul si acelasi lucru. <span style=\"text-decoration: underline;\">Somn fragmentat incorect pentru un copil in crestere , o forma de sufocare mai mica sau mai mare cu consecinte<\/span> .<\/strong><\/p><p><strong>Tulbur\u0103rile respiratorii obstructive \u00een somn (SDB) reprezint\u0103 un spectru de disfunc\u021bii ale c\u0103ilor aeriene, care pot evolua <span style=\"text-decoration: underline;\">de la sfor\u0103itul primar p\u00e2n\u0103 la apneea obstructiv\u0103 de somn (OSA) complet\u0103<\/span>.<\/strong><\/p><p><strong>Acestea afecteaz\u0103 calitatea somnului \u0219i dezvoltarea normal\u0103 a copilului, av\u00e2nd <span style=\"text-decoration: underline;\">consecin\u021be pe termen lung asupra s\u0103n\u0103t\u0103\u021bii cardiovasculare, metabolice \u0219i neurocognitive<\/span>.<\/strong><\/p>\t\t\t\t\t\t\t\t<\/div>\n\t\t\t\t<\/div>\n\t\t\t\t\t<\/div>\n\t\t\t\t<\/div>\n\t\t\t\t<\/div>\n\t\t<div class=\"elementor-element elementor-element-a926f9f e-con-full e-flex e-con e-parent\" data-id=\"a926f9f\" data-element_type=\"container\" data-settings=\"{&quot;background_background&quot;:&quot;classic&quot;}\">\n\t\t<div class=\"elementor-element elementor-element-ef5adc1 e-flex e-con-boxed e-con e-child\" data-id=\"ef5adc1\" data-element_type=\"container\">\n\t\t\t\t\t<div class=\"e-con-inner\">\n\t\t\t\t<div class=\"elementor-element elementor-element-d12eb2e elementor-widget elementor-widget-text-editor\" data-id=\"d12eb2e\" data-element_type=\"widget\" data-widget_type=\"text-editor.default\">\n\t\t\t\t<div class=\"elementor-widget-container\">\n\t\t\t\t\t\t\t\t\t<h2>Introducere<\/h2><p>Sleep-Disordered Breathing (SDB) se refer\u0103 la un spectru de afec\u021biuni \u00een care respira\u021bia este par\u021bial sau complet blocat\u0103 \u00een timpul somnului. Pentru a \u00een\u021belege c\u00e2t de dramatic afecteaz\u0103 un c\u0103i aeriene blocate copilul t\u0103u, \u00eencearc\u0103 s\u0103-\u021bi pui m\u00e2na peste nas \u0219i gur\u0103, ap\u0103s\u00e2nd pu\u021bin, \u0219i s\u0103 \u00eencerci s\u0103 respiri timp de un minut. Chiar dac\u0103 po\u021bi trage pu\u021bin aer pe l\u00e2ng\u0103 degete, vei observa c\u00e2t de greu este s\u0103 respiri profund. A\u0219a se simte s\u0103 dormi cu o cale aerian\u0103 par\u021bial blocat\u0103.<\/p>\t\t\t\t\t\t\t\t<\/div>\n\t\t\t\t<\/div>\n\t\t\t\t\t<\/div>\n\t\t\t\t<\/div>\n\t\t\t\t<\/div>\n\t\t<div class=\"elementor-element elementor-element-e830722 e-flex e-con-boxed e-con e-parent\" data-id=\"e830722\" data-element_type=\"container\">\n\t\t\t\t\t<div class=\"e-con-inner\">\n\t\t\t\t<div class=\"elementor-element elementor-element-19159b8 elementor-widget elementor-widget-heading\" data-id=\"19159b8\" data-element_type=\"widget\" data-widget_type=\"heading.default\">\n\t\t\t\t<div class=\"elementor-widget-container\">\n\t\t\t\t\t<h2 class=\"elementor-heading-title elementor-size-default\">Sfat pentru p\u0103rin\u021bi:<\/h2>\t\t\t\t<\/div>\n\t\t\t\t<\/div>\n\t\t\t\t\t<\/div>\n\t\t\t\t<\/div>\n\t\t<div class=\"elementor-element elementor-element-e1a6a37 e-flex e-con-boxed e-con e-parent\" data-id=\"e1a6a37\" data-element_type=\"container\">\n\t\t\t\t\t<div class=\"e-con-inner\">\n\t\t\t\t<div class=\"elementor-element elementor-element-d87766c elementor-widget elementor-widget-text-editor\" data-id=\"d87766c\" data-element_type=\"widget\" data-widget_type=\"text-editor.default\">\n\t\t\t\t<div class=\"elementor-widget-container\">\n\t\t\t\t\t\t\t\t\t<p><strong>Dac\u0103 observi dificult\u0103\u021bi de respira\u021bie, sfor\u0103it sau treziri frecvente, nu ignora \u2013 ac\u021bioneaz\u0103 rapid! <\/strong><\/p>\t\t\t\t\t\t\t\t<\/div>\n\t\t\t\t<\/div>\n\t\t\t\t\t<\/div>\n\t\t\t\t<\/div>\n\t\t<div class=\"elementor-element elementor-element-405b747 e-flex e-con-boxed e-con e-parent\" data-id=\"405b747\" data-element_type=\"container\">\n\t\t\t\t\t<div class=\"e-con-inner\">\n\t\t\t\t<div class=\"elementor-element elementor-element-c53bd49 elementor-widget elementor-widget-heading\" data-id=\"c53bd49\" data-element_type=\"widget\" data-widget_type=\"heading.default\">\n\t\t\t\t<div class=\"elementor-widget-container\">\n\t\t\t\t\t<h2 class=\"elementor-heading-title elementor-size-default\">Tipuri de tulbur\u0103ri respiratorii in timpul somnului:<\/h2>\t\t\t\t<\/div>\n\t\t\t\t<\/div>\n\t\t\t\t\t<\/div>\n\t\t\t\t<\/div>\n\t\t<div class=\"elementor-element elementor-element-c45fb48 e-flex e-con-boxed e-con e-parent\" data-id=\"c45fb48\" data-element_type=\"container\">\n\t\t\t\t\t<div class=\"e-con-inner\">\n\t\t\t\t<div class=\"elementor-element elementor-element-4f4bbe9 elementor-widget elementor-widget-text-editor\" data-id=\"4f4bbe9\" data-element_type=\"widget\" data-widget_type=\"text-editor.default\">\n\t\t\t\t<div class=\"elementor-widget-container\">\n\t\t\t\t\t\t\t\t\t<ul><li>Respira\u021bie audibil\u0103, greoaie, rapid\u0103, hiperventilare<\/li><li>Respira\u021bie pe gur\u0103 frecventa : respira\u021bie pe gur\u0103 \u00een loc de nas, adesea din cauza nasului \u00eenfundat.<\/li><li>Sfor\u0103it: ocazional sau frecvent cauzat de obstruc\u021bie par\u021bial\u0103 a c\u0103ilor aeriene sau de p\u0103trunderea aerului \u00eentr-o cantitate mare printr-un spa\u021biu aerian restr\u00e2ns ..<\/li><li>Rezistenta cailor aeriene superioare -UARS<\/li><li>Hipoventilara obstructiva<\/li><li>Apnee obstructiv\u0103 \u00een somn (OSA): episoade repetate de blocare complet\u0103 sau par\u021bial\u0103 a c\u0103ilor aeriene, cu oprirea \u0219i reluarea respira\u021biei \u00een timpul somnului.<\/li><\/ul>\t\t\t\t\t\t\t\t<\/div>\n\t\t\t\t<\/div>\n\t\t\t\t\t<\/div>\n\t\t\t\t<\/div>\n\t\t<div class=\"elementor-element elementor-element-9c855bf e-flex e-con-boxed e-con e-parent\" data-id=\"9c855bf\" data-element_type=\"container\">\n\t\t\t\t\t<div class=\"e-con-inner\">\n\t\t\t\t<div class=\"elementor-element elementor-element-1f4f789 elementor-widget elementor-widget-heading\" data-id=\"1f4f789\" data-element_type=\"widget\" data-widget_type=\"heading.default\">\n\t\t\t\t<div class=\"elementor-widget-container\">\n\t\t\t\t\t<h2 class=\"elementor-heading-title elementor-size-default\">Factori predispozan\u021bi<\/h2>\t\t\t\t<\/div>\n\t\t\t\t<\/div>\n\t\t\t\t\t<\/div>\n\t\t\t\t<\/div>\n\t\t<div class=\"elementor-element elementor-element-5709918 e-flex e-con-boxed e-con e-parent\" data-id=\"5709918\" data-element_type=\"container\">\n\t\t\t\t\t<div class=\"e-con-inner\">\n\t\t\t\t<div class=\"elementor-element elementor-element-5e52110 elementor-widget elementor-widget-text-editor\" data-id=\"5e52110\" data-element_type=\"widget\" data-widget_type=\"text-editor.default\">\n\t\t\t\t<div class=\"elementor-widget-container\">\n\t\t\t\t\t\t\t\t\t<ul><li><strong>Anatomici: anomalii craniofaciale (dezvoltare insuficienta a oaselor maxilare si faciale, retrognatiemandibulara, compresie maxilar sau palat adanc ogival, mu\u0219c\u0103tur\u0103 \u00eencruci\u0219at\u0103, macroglosie), hipertrofie adeno-amigdalian\u0103.<\/strong><\/li><li><strong>Medicali: astm, obezitate, prematuritate, sindrom Down, rinit\u0103 alergic\u0103.<\/strong><\/li><li><strong>Al\u021bi factori: expunere la fumat, nivel socioeconomic sc\u0103zut, traumatisme faciale, apartenen\u021ba la anumite grupe etnice (copiii afro-americani au risc mai mare).<\/strong><\/li><\/ul>\t\t\t\t\t\t\t\t<\/div>\n\t\t\t\t<\/div>\n\t\t\t\t\t<\/div>\n\t\t\t\t<\/div>\n\t\t<div class=\"elementor-element elementor-element-6052ec8 e-flex e-con-boxed e-con e-parent\" data-id=\"6052ec8\" data-element_type=\"container\">\n\t\t\t\t\t<div class=\"e-con-inner\">\n\t\t\t\t<div class=\"elementor-element elementor-element-e8b734c elementor-widget elementor-widget-heading\" data-id=\"e8b734c\" data-element_type=\"widget\" data-widget_type=\"heading.default\">\n\t\t\t\t<div class=\"elementor-widget-container\">\n\t\t\t\t\t<h2 class=\"elementor-heading-title elementor-size-default\">Prevalen\u021b\u0103:<\/h2>\t\t\t\t<\/div>\n\t\t\t\t<\/div>\n\t\t\t\t\t<\/div>\n\t\t\t\t<\/div>\n\t\t<div class=\"elementor-element elementor-element-b71ed81 e-flex e-con-boxed e-con e-parent\" data-id=\"b71ed81\" data-element_type=\"container\">\n\t\t\t\t\t<div class=\"e-con-inner\">\n\t\t\t\t<div class=\"elementor-element elementor-element-94e36ee elementor-widget elementor-widget-text-editor\" data-id=\"94e36ee\" data-element_type=\"widget\" data-widget_type=\"text-editor.default\">\n\t\t\t\t<div class=\"elementor-widget-container\">\n\t\t\t\t\t\t\t\t\t<ul><li>10\u201321% dintre copiii mici sfor\u0103ie regulat.<\/li><li>OSA afecteaz\u0103 p\u00e2n\u0103 la 50% dintre copii dac\u0103 este diagnosticat\u0103, dar multe cazuri r\u0103m\u00e2n nediagnosticate.<\/li><\/ul>\t\t\t\t\t\t\t\t<\/div>\n\t\t\t\t<\/div>\n\t\t\t\t\t<\/div>\n\t\t\t\t<\/div>\n\t\t<div class=\"elementor-element elementor-element-5818ee9 e-flex e-con-boxed e-con e-parent\" data-id=\"5818ee9\" data-element_type=\"container\">\n\t\t\t\t\t<div class=\"e-con-inner\">\n\t\t\t\t<div class=\"elementor-element elementor-element-7c446d6 elementor-widget elementor-widget-heading\" data-id=\"7c446d6\" data-element_type=\"widget\" data-widget_type=\"heading.default\">\n\t\t\t\t<div class=\"elementor-widget-container\">\n\t\t\t\t\t<h2 class=\"elementor-heading-title elementor-size-default\">Sfat pentru p\u0103rin\u021bi:<\/h2>\t\t\t\t<\/div>\n\t\t\t\t<\/div>\n\t\t\t\t\t<\/div>\n\t\t\t\t<\/div>\n\t\t<div class=\"elementor-element elementor-element-2252f7c e-flex e-con-boxed e-con e-parent\" data-id=\"2252f7c\" data-element_type=\"container\">\n\t\t\t\t\t<div class=\"e-con-inner\">\n\t\t\t\t<div class=\"elementor-element elementor-element-48e14a7 elementor-widget elementor-widget-text-editor\" data-id=\"48e14a7\" data-element_type=\"widget\" data-widget_type=\"text-editor.default\">\n\t\t\t\t<div class=\"elementor-widget-container\">\n\t\t\t\t\t\t\t\t\t<p><strong>Un somn agitat, sfor\u0103itul \u0219i respira\u021bia pe gur\u0103 nu sunt normale la copii, chiar dac\u0103 par \u201cinofensive\u201d. <\/strong><\/p>\t\t\t\t\t\t\t\t<\/div>\n\t\t\t\t<\/div>\n\t\t\t\t\t<\/div>\n\t\t\t\t<\/div>\n\t\t<div class=\"elementor-element elementor-element-5eb88ec e-flex e-con-boxed e-con e-parent\" data-id=\"5eb88ec\" data-element_type=\"container\">\n\t\t\t\t\t<div class=\"e-con-inner\">\n\t\t\t\t<div class=\"elementor-element elementor-element-0af6691 elementor-widget elementor-widget-heading\" data-id=\"0af6691\" data-element_type=\"widget\" data-widget_type=\"heading.default\">\n\t\t\t\t<div class=\"elementor-widget-container\">\n\t\t\t\t\t<h2 class=\"elementor-heading-title elementor-size-default\">Recunoa\u0219terea SDB: Semne \u0219i simptome<\/h2>\t\t\t\t<\/div>\n\t\t\t\t<\/div>\n\t\t\t\t\t<\/div>\n\t\t\t\t<\/div>\n\t\t<div class=\"elementor-element elementor-element-aea751c e-flex e-con-boxed e-con e-parent\" data-id=\"aea751c\" data-element_type=\"container\">\n\t\t\t\t\t<div class=\"e-con-inner\">\n\t\t\t\t<div class=\"elementor-element elementor-element-2e9af3a elementor-widget elementor-widget-heading\" data-id=\"2e9af3a\" data-element_type=\"widget\" data-widget_type=\"heading.default\">\n\t\t\t\t<div class=\"elementor-widget-container\">\n\t\t\t\t\t<h2 class=\"elementor-heading-title elementor-size-default\">Simptome nocturne:<\/h2>\t\t\t\t<\/div>\n\t\t\t\t<\/div>\n\t\t\t\t\t<\/div>\n\t\t\t\t<\/div>\n\t\t<div class=\"elementor-element elementor-element-5bbc0bb e-flex e-con-boxed e-con e-parent\" data-id=\"5bbc0bb\" data-element_type=\"container\">\n\t\t\t\t\t<div class=\"e-con-inner\">\n\t\t\t\t<div class=\"elementor-element elementor-element-c756816 elementor-widget elementor-widget-text-editor\" data-id=\"c756816\" data-element_type=\"widget\" data-widget_type=\"text-editor.default\">\n\t\t\t\t<div class=\"elementor-widget-container\">\n\t\t\t\t\t\t\t\t\t<ul><li>Sfor\u0103it puternic sau frecvent<\/li><li>Respira\u021bie pe gur\u0103, postur\u0103 cu gura deschis\u0103<\/li><li>Opriri scurte ale respira\u021biei \u00een somn<\/li><li>Somn agitat, mi\u0219c\u0103ri frecvente, lenjerie dezordonat\u0103<\/li><li>Enurezis, teroare nocturn\u0103, treziri frecvente<\/li><li>Scr\u00e2\u0219nit din din\u021bi, pozi\u021bii neobi\u0219nuite ale corpului \u2013 hiperextensia gatului, dormitul tip covrig, fundul in \u00a0sus)<\/li><li>Transpira\u021bii \u00een somn<\/li><\/ul>\t\t\t\t\t\t\t\t<\/div>\n\t\t\t\t<\/div>\n\t\t\t\t\t<\/div>\n\t\t\t\t<\/div>\n\t\t<div class=\"elementor-element elementor-element-66b3ffb e-flex e-con-boxed e-con e-parent\" data-id=\"66b3ffb\" data-element_type=\"container\">\n\t\t\t\t\t<div class=\"e-con-inner\">\n\t\t\t\t<div class=\"elementor-element elementor-element-462338c elementor-widget elementor-widget-heading\" data-id=\"462338c\" data-element_type=\"widget\" data-widget_type=\"heading.default\">\n\t\t\t\t<div class=\"elementor-widget-container\">\n\t\t\t\t\t<h2 class=\"elementor-heading-title elementor-size-default\">Simptome diurne:<\/h2>\t\t\t\t<\/div>\n\t\t\t\t<\/div>\n\t\t\t\t\t<\/div>\n\t\t\t\t<\/div>\n\t\t<div class=\"elementor-element elementor-element-a7783ab e-flex e-con-boxed e-con e-parent\" data-id=\"a7783ab\" data-element_type=\"container\">\n\t\t\t\t\t<div class=\"e-con-inner\">\n\t\t\t\t<div class=\"elementor-element elementor-element-7fa060c elementor-widget elementor-widget-text-editor\" data-id=\"7fa060c\" data-element_type=\"widget\" data-widget_type=\"text-editor.default\">\n\t\t\t\t<div class=\"elementor-widget-container\">\n\t\t\t\t\t\t\t\t\t<ul><li>Somnolen\u021b\u0103, oboseal\u0103 sau hiperactivitate , probleme de aten\u021bie, memorie \u0219i chiar simptome asem\u0103n\u0103toare ADHD.<\/li><li>Probleme de concentrare, dificult\u0103\u021bi de \u00eenv\u0103\u021bare, adormit la \u0219coal\u0103<\/li><li>Iritabilitate, anxietate, agresivitate, probleme sociale<\/li><li>Cearc\u0103ne, rinoree cronic\u0103, infec\u021bii frecvente de urechi<\/li><\/ul>\t\t\t\t\t\t\t\t<\/div>\n\t\t\t\t<\/div>\n\t\t\t\t\t<\/div>\n\t\t\t\t<\/div>\n\t\t<div class=\"elementor-element elementor-element-52ef806 e-flex e-con-boxed e-con e-parent\" data-id=\"52ef806\" data-element_type=\"container\">\n\t\t\t\t\t<div class=\"e-con-inner\">\n\t\t\t\t<div class=\"elementor-element elementor-element-cb9b35e elementor-widget elementor-widget-heading\" data-id=\"cb9b35e\" data-element_type=\"widget\" data-widget_type=\"heading.default\">\n\t\t\t\t<div class=\"elementor-widget-container\">\n\t\t\t\t\t<h2 class=\"elementor-heading-title elementor-size-default\">Red flags:<\/h2>\t\t\t\t<\/div>\n\t\t\t\t<\/div>\n\t\t\t\t\t<\/div>\n\t\t\t\t<\/div>\n\t\t<div class=\"elementor-element elementor-element-07c7db7 e-flex e-con-boxed e-con e-parent\" data-id=\"07c7db7\" data-element_type=\"container\">\n\t\t\t\t\t<div class=\"e-con-inner\">\n\t\t\t\t<div class=\"elementor-element elementor-element-f74abf1 elementor-widget elementor-widget-heading\" data-id=\"f74abf1\" data-element_type=\"widget\" data-widget_type=\"heading.default\">\n\t\t\t\t<div class=\"elementor-widget-container\">\n\t\t\t\t\t<h2 class=\"elementor-heading-title elementor-size-default\">Orice copil care sfor\u0103ie, respir\u0103 pe gur\u0103 sau are somn agitat trebuie evaluat pentru SDB. <\/h2>\t\t\t\t<\/div>\n\t\t\t\t<\/div>\n\t\t\t\t\t<\/div>\n\t\t\t\t<\/div>\n\t\t<div class=\"elementor-element elementor-element-66491c8 e-flex e-con-boxed e-con e-parent\" data-id=\"66491c8\" data-element_type=\"container\">\n\t\t\t\t\t<div class=\"e-con-inner\">\n\t\t\t\t<div class=\"elementor-element elementor-element-bf76d2c elementor-widget elementor-widget-heading\" data-id=\"bf76d2c\" data-element_type=\"widget\" data-widget_type=\"heading.default\">\n\t\t\t\t<div class=\"elementor-widget-container\">\n\t\t\t\t\t<h2 class=\"elementor-heading-title elementor-size-default\">Sfat pentru p\u0103rin\u021bi:<\/h2>\t\t\t\t<\/div>\n\t\t\t\t<\/div>\n\t\t\t\t\t<\/div>\n\t\t\t\t<\/div>\n\t\t<div class=\"elementor-element elementor-element-8ee51f9 e-flex e-con-boxed e-con e-parent\" data-id=\"8ee51f9\" data-element_type=\"container\">\n\t\t\t\t\t<div class=\"e-con-inner\">\n\t\t\t\t<div class=\"elementor-element elementor-element-2b3854b elementor-widget elementor-widget-text-editor\" data-id=\"2b3854b\" data-element_type=\"widget\" data-widget_type=\"text-editor.default\">\n\t\t\t\t<div class=\"elementor-widget-container\">\n\t\t\t\t\t\t\t\t\t<p><strong>Fii atent la aceste semne, chiar dac\u0103 par \u201cmici\u201d sau \u201cobi\u0219nuite\u201d. <\/strong><\/p>\t\t\t\t\t\t\t\t<\/div>\n\t\t\t\t<\/div>\n\t\t\t\t\t<\/div>\n\t\t\t\t<\/div>\n\t\t<div class=\"elementor-element elementor-element-35285b5 e-flex e-con-boxed e-con e-parent\" data-id=\"35285b5\" data-element_type=\"container\">\n\t\t\t\t\t<div class=\"e-con-inner\">\n\t\t\t\t<div class=\"elementor-element elementor-element-7528750 elementor-widget elementor-widget-heading\" data-id=\"7528750\" data-element_type=\"widget\" data-widget_type=\"heading.default\">\n\t\t\t\t<div class=\"elementor-widget-container\">\n\t\t\t\t\t<h2 class=\"elementor-heading-title elementor-size-default\">Cauze \u0219i factori de risc<\/h2>\t\t\t\t<\/div>\n\t\t\t\t<\/div>\n\t\t\t\t\t<\/div>\n\t\t\t\t<\/div>\n\t\t<div class=\"elementor-element elementor-element-2c19d7b e-flex e-con-boxed e-con e-parent\" data-id=\"2c19d7b\" data-element_type=\"container\">\n\t\t\t\t\t<div class=\"e-con-inner\">\n\t\t\t\t<div class=\"elementor-element elementor-element-56ed871 elementor-widget elementor-widget-heading\" data-id=\"56ed871\" data-element_type=\"widget\" data-widget_type=\"heading.default\">\n\t\t\t\t<div class=\"elementor-widget-container\">\n\t\t\t\t\t<h2 class=\"elementor-heading-title elementor-size-default\">Factori structurali:<\/h2>\t\t\t\t<\/div>\n\t\t\t\t<\/div>\n\t\t\t\t\t<\/div>\n\t\t\t\t<\/div>\n\t\t<div class=\"elementor-element elementor-element-7bad009 e-flex e-con-boxed e-con e-parent\" data-id=\"7bad009\" data-element_type=\"container\">\n\t\t\t\t\t<div class=\"e-con-inner\">\n\t\t\t\t<div class=\"elementor-element elementor-element-52518df elementor-widget elementor-widget-text-editor\" data-id=\"52518df\" data-element_type=\"widget\" data-widget_type=\"text-editor.default\">\n\t\t\t\t<div class=\"elementor-widget-container\">\n\t\t\t\t\t\t\t\t\t<ul><li>Maxilar \u00eengust(compresie maxilar) , malocluzie (din\u021bi str\u00e2mbi, din\u021bi de lapte f\u0103r\u0103 spatii intre ei )<\/li><li>Amigdale sau vegeta\u021bii adenoide m\u0103rite in volum<\/li><li>Structura facial\u0103 \u00eenfundata influen\u021bat\u0103 de genetic\u0103 \u0219i obiceiuri din copil\u0103ria mic\u0103<\/li><li>Mu\u0219c\u0103tur\u0103 \u00eencruci\u0219at\u0103 (crossbite) , maxilare mic si retrase, cre\u0219terea excesiv\u0103 a fe\u021bei pe vertical\u0103, abrazia dintilor datorate <strong>bruxismului <\/strong>\u00a0(scr\u00e2\u0219nirea din\u021bilor, prezent\u0103 la p\u00e2n\u0103 la jum\u0103tate dintre copiii cu SDB).<\/li><\/ul>\t\t\t\t\t\t\t\t<\/div>\n\t\t\t\t<\/div>\n\t\t\t\t\t<\/div>\n\t\t\t\t<\/div>\n\t\t<div class=\"elementor-element elementor-element-ff0f658 e-flex e-con-boxed e-con e-parent\" data-id=\"ff0f658\" data-element_type=\"container\">\n\t\t\t\t\t<div class=\"e-con-inner\">\n\t\t\t\t<div class=\"elementor-element elementor-element-7c9b461 elementor-widget elementor-widget-heading\" data-id=\"7c9b461\" data-element_type=\"widget\" data-widget_type=\"heading.default\">\n\t\t\t\t<div class=\"elementor-widget-container\">\n\t\t\t\t\t<h2 class=\"elementor-heading-title elementor-size-default\">Factori de stil de via\u021b\u0103 \u0219i mediu:<\/h2>\t\t\t\t<\/div>\n\t\t\t\t<\/div>\n\t\t\t\t\t<\/div>\n\t\t\t\t<\/div>\n\t\t<div class=\"elementor-element elementor-element-bf7746f e-flex e-con-boxed e-con e-parent\" data-id=\"bf7746f\" data-element_type=\"container\">\n\t\t\t\t\t<div class=\"e-con-inner\">\n\t\t\t\t<div class=\"elementor-element elementor-element-6c66f28 elementor-widget elementor-widget-text-editor\" data-id=\"6c66f28\" data-element_type=\"widget\" data-widget_type=\"text-editor.default\">\n\t\t\t\t<div class=\"elementor-widget-container\">\n\t\t\t\t\t\t\t\t\t<ul><li>Diet\u0103 moale, alimenta\u021bie cu biberon, lipsa mestecatului de alimente tari<\/li><li>Alergii cu congestie nazal\u0103<\/li><li>Expunere la fumul de \u021bigar\u0103, obezitate, istoric familial<\/li><\/ul>\t\t\t\t\t\t\t\t<\/div>\n\t\t\t\t<\/div>\n\t\t\t\t\t<\/div>\n\t\t\t\t<\/div>\n\t\t<div class=\"elementor-element elementor-element-dc45090 e-flex e-con-boxed e-con e-parent\" data-id=\"dc45090\" data-element_type=\"container\">\n\t\t\t\t\t<div class=\"e-con-inner\">\n\t\t\t\t<div class=\"elementor-element elementor-element-8ab7a35 elementor-widget elementor-widget-heading\" data-id=\"8ab7a35\" data-element_type=\"widget\" data-widget_type=\"heading.default\">\n\t\t\t\t<div class=\"elementor-widget-container\">\n\t\t\t\t\t<h2 class=\"elementor-heading-title elementor-size-default\">Perspectiv\u0103 evolutiv\u0103:<\/h2>\t\t\t\t<\/div>\n\t\t\t\t<\/div>\n\t\t\t\t\t<\/div>\n\t\t\t\t<\/div>\n\t\t<div class=\"elementor-element elementor-element-d0d65be e-flex e-con-boxed e-con e-parent\" data-id=\"d0d65be\" data-element_type=\"container\">\n\t\t\t\t\t<div class=\"e-con-inner\">\n\t\t\t\t<div class=\"elementor-element elementor-element-2d613aa elementor-widget elementor-widget-text-editor\" data-id=\"2d613aa\" data-element_type=\"widget\" data-widget_type=\"text-editor.default\">\n\t\t\t\t<div class=\"elementor-widget-container\">\n\t\t\t\t\t\t\t\t\t<ul><li>Dietele \u0219i stilul de via\u021b\u0103 moderne au dus la maxilare mai mici \u0219i din\u021bi \u00eenghesui\u021bi, cresc\u00e2nd riscul de probleme ale c\u0103ilor aeriene.<\/li><li>Studiile antropologice arat\u0103 c\u0103 dietele tradi\u021bionale \u0219i al\u0103ptarea prelungit\u0103 sus\u021bineau o dezvoltare mai bun\u0103 a maxilarului \u0219i a c\u0103ilor aeriene.<\/li><\/ul>\t\t\t\t\t\t\t\t<\/div>\n\t\t\t\t<\/div>\n\t\t\t\t\t<\/div>\n\t\t\t\t<\/div>\n\t\t<div class=\"elementor-element elementor-element-03be87c e-flex e-con-boxed e-con e-parent\" data-id=\"03be87c\" data-element_type=\"container\">\n\t\t\t\t\t<div class=\"e-con-inner\">\n\t\t\t\t<div class=\"elementor-element elementor-element-53902ee elementor-widget elementor-widget-heading\" data-id=\"53902ee\" data-element_type=\"widget\" data-widget_type=\"heading.default\">\n\t\t\t\t<div class=\"elementor-widget-container\">\n\t\t\t\t\t<h2 class=\"elementor-heading-title elementor-size-default\">Sfat pentru p\u0103rin\u021bi:<\/h2>\t\t\t\t<\/div>\n\t\t\t\t<\/div>\n\t\t\t\t\t<\/div>\n\t\t\t\t<\/div>\n\t\t<div class=\"elementor-element elementor-element-f166b7c e-flex e-con-boxed e-con e-parent\" data-id=\"f166b7c\" data-element_type=\"container\">\n\t\t\t\t\t<div class=\"e-con-inner\">\n\t\t\t\t<div class=\"elementor-element elementor-element-b4afdc0 elementor-widget elementor-widget-text-editor\" data-id=\"b4afdc0\" data-element_type=\"widget\" data-widget_type=\"text-editor.default\">\n\t\t\t\t<div class=\"elementor-widget-container\">\n\t\t\t\t\t\t\t\t\t<p><strong>Ofer\u0103 copilului alimente care necesit\u0103 mestecat \u0219i \u00eencurajeaz\u0103 respira\u021bia pe nas si mobilizarea mu\u0219chilor faciali extra si intra orali prin terapie mio func\u021bional\u0103. <\/strong><\/p>\t\t\t\t\t\t\t\t<\/div>\n\t\t\t\t<\/div>\n\t\t\t\t\t<\/div>\n\t\t\t\t<\/div>\n\t\t<div class=\"elementor-element elementor-element-552569e e-flex e-con-boxed e-con e-parent\" data-id=\"552569e\" data-element_type=\"container\">\n\t\t\t\t\t<div class=\"e-con-inner\">\n\t\t\t\t<div class=\"elementor-element elementor-element-f4245d1 elementor-widget elementor-widget-heading\" data-id=\"f4245d1\" data-element_type=\"widget\" data-widget_type=\"heading.default\">\n\t\t\t\t<div class=\"elementor-widget-container\">\n\t\t\t\t\t<h2 class=\"elementor-heading-title elementor-size-default\">Efectele SDB<\/h2>\t\t\t\t<\/div>\n\t\t\t\t<\/div>\n\t\t\t\t\t<\/div>\n\t\t\t\t<\/div>\n\t\t<div class=\"elementor-element elementor-element-02f3374 e-flex e-con-boxed e-con e-parent\" data-id=\"02f3374\" data-element_type=\"container\">\n\t\t\t\t\t<div class=\"e-con-inner\">\n\t\t\t\t<div class=\"elementor-element elementor-element-018905e elementor-widget elementor-widget-text-editor\" data-id=\"018905e\" data-element_type=\"widget\" data-widget_type=\"text-editor.default\">\n\t\t\t\t<div class=\"elementor-widget-container\">\n\t\t\t\t\t\t\t\t\t<p><strong>C\u00e2nd oamenii de toate v\u00e2rstele sunt priva\u021bi de somn, apar urm\u0103toarele dificult\u0103\u021bi: <\/strong><\/p><ul><li><strong>Capacitatea de concentrare \u0219i aten\u021bie scade.<\/strong><\/li><li><strong>Vigilen\u021ba, adic\u0103 abilitatea de a r\u0103m\u00e2ne treaz, alert \u0219i atent, este afectat\u0103.<\/strong><\/li><li><strong>Primirea informa\u021biilor devine mai dificil\u0103, apare supra\u00eenc\u0103rcarea.<\/strong><\/li><li><strong>Neuronii suprasolicita\u021bi nu mai func\u021bioneaz\u0103 corect pentru a coordona informa\u021biile.<\/strong><\/li><li><strong>Capacitatea de a lua decizii scade, deoarece avem dificult\u0103\u021bi \u00een evaluarea \u0219i interpretarea situa\u021biilor.<\/strong><\/li><li><strong>Planificarea devine dificil\u0103.<\/strong><\/li><li><strong>Judecata este afectat\u0103.<\/strong><\/li><li><strong>Performan\u021ba este afectat\u0103 deoarece neuronii nu mai transmit optim, iar mu\u0219chii nu sunt odihni\u021bi.<\/strong><\/li><li><strong>Sincronizarea intern\u0103 este afectat\u0103, sistemele de organe ale corpului nu mai sunt sincronizate.<\/strong><\/li><li><strong>Concentrarea scade.<\/strong><\/li><li><strong>Lapsusurile de concentrare \u0219i somnolen\u021ba din timpul zilei pot duce la accidente sau r\u0103niri.<\/strong><\/li><\/ul>\t\t\t\t\t\t\t\t<\/div>\n\t\t\t\t<\/div>\n\t\t\t\t\t<\/div>\n\t\t\t\t<\/div>\n\t\t<div class=\"elementor-element elementor-element-2aa4105 e-flex e-con-boxed e-con e-parent\" data-id=\"2aa4105\" data-element_type=\"container\">\n\t\t\t\t\t<div class=\"e-con-inner\">\n\t\t\t\t<div class=\"elementor-element elementor-element-04ec42c elementor-widget elementor-widget-heading\" data-id=\"04ec42c\" data-element_type=\"widget\" data-widget_type=\"heading.default\">\n\t\t\t\t<div class=\"elementor-widget-container\">\n\t\t\t\t\t<h2 class=\"elementor-heading-title elementor-size-default\">\u00cen ceea ce prive\u0219te copiii, deoarece creierul lor este \u00eenc\u0103 \u00een dezvoltare, problemele cauzate de privarea de somn \u0219i de tulbur\u0103rile de respira\u021bie \u00een somn sunt \u0219i mai mari.<\/h2>\t\t\t\t<\/div>\n\t\t\t\t<\/div>\n\t\t\t\t\t<\/div>\n\t\t\t\t<\/div>\n\t\t<div class=\"elementor-element elementor-element-a427792 e-flex e-con-boxed e-con e-parent\" data-id=\"a427792\" data-element_type=\"container\">\n\t\t\t\t\t<div class=\"e-con-inner\">\n\t\t\t\t<div class=\"elementor-element elementor-element-966ca32 elementor-widget elementor-widget-heading\" data-id=\"966ca32\" data-element_type=\"widget\" data-widget_type=\"heading.default\">\n\t\t\t\t<div class=\"elementor-widget-container\">\n\t\t\t\t\t<h2 class=\"elementor-heading-title elementor-size-default\">Asupra corpului: <\/h2>\t\t\t\t<\/div>\n\t\t\t\t<\/div>\n\t\t\t\t\t<\/div>\n\t\t\t\t<\/div>\n\t\t<div class=\"elementor-element elementor-element-9be486c e-flex e-con-boxed e-con e-parent\" data-id=\"9be486c\" data-element_type=\"container\">\n\t\t\t\t\t<div class=\"e-con-inner\">\n\t\t\t\t<div class=\"elementor-element elementor-element-f6a2b57 elementor-widget elementor-widget-text-editor\" data-id=\"f6a2b57\" data-element_type=\"widget\" data-widget_type=\"text-editor.default\">\n\t\t\t\t<div class=\"elementor-widget-container\">\n\t\t\t\t\t\t\t\t\t<ul><li>\u00cent\u00e2rziere de cre\u0219tere, secre\u021bie redus\u0103 de hormon de cre\u0219tere<\/li><li>Risc crescut de obezitate, boli cardiovasculare, tulbur\u0103ri metabolice<\/li><li>Inflama\u021bie cronic\u0103, sistem imunitar sc\u0103zut<\/li><\/ul>\t\t\t\t\t\t\t\t<\/div>\n\t\t\t\t<\/div>\n\t\t\t\t\t<\/div>\n\t\t\t\t<\/div>\n\t\t<div class=\"elementor-element elementor-element-23ed5b7 e-flex e-con-boxed e-con e-parent\" data-id=\"23ed5b7\" data-element_type=\"container\">\n\t\t\t\t\t<div class=\"e-con-inner\">\n\t\t\t\t<div class=\"elementor-element elementor-element-245f50d elementor-widget elementor-widget-heading\" data-id=\"245f50d\" data-element_type=\"widget\" data-widget_type=\"heading.default\">\n\t\t\t\t<div class=\"elementor-widget-container\">\n\t\t\t\t\t<h2 class=\"elementor-heading-title elementor-size-default\">Asupra creierului:<\/h2>\t\t\t\t<\/div>\n\t\t\t\t<\/div>\n\t\t\t\t\t<\/div>\n\t\t\t\t<\/div>\n\t\t<div class=\"elementor-element elementor-element-5f146af e-flex e-con-boxed e-con e-parent\" data-id=\"5f146af\" data-element_type=\"container\">\n\t\t\t\t\t<div class=\"e-con-inner\">\n\t\t\t\t<div class=\"elementor-element elementor-element-12de7c9 elementor-widget elementor-widget-text-editor\" data-id=\"12de7c9\" data-element_type=\"widget\" data-widget_type=\"text-editor.default\">\n\t\t\t\t<div class=\"elementor-widget-container\">\n\t\t\t\t\t\t\t\t\t<ul><li>Reducerea materiei cenu\u0219ii\u00a0 (func\u021bii cognitive \u0219i memorie)<\/li><li>Dezvoltare deficitar\u0103 a cortexului prefrontal (planificare, ra\u021bionament, autocontrol)<\/li><li>Probleme de memorie, dificult\u0103\u021bi de \u00eenv\u0103\u021bare, scoruri IQ mai mici<\/li><\/ul>\t\t\t\t\t\t\t\t<\/div>\n\t\t\t\t<\/div>\n\t\t\t\t\t<\/div>\n\t\t\t\t<\/div>\n\t\t<div class=\"elementor-element elementor-element-2c97875 e-flex e-con-boxed e-con e-parent\" data-id=\"2c97875\" data-element_type=\"container\">\n\t\t\t\t\t<div class=\"e-con-inner\">\n\t\t\t\t<div class=\"elementor-element elementor-element-437c828 elementor-widget elementor-widget-heading\" data-id=\"437c828\" data-element_type=\"widget\" data-widget_type=\"heading.default\">\n\t\t\t\t<div class=\"elementor-widget-container\">\n\t\t\t\t\t<h2 class=\"elementor-heading-title elementor-size-default\">Asupra comportamentului:<\/h2>\t\t\t\t<\/div>\n\t\t\t\t<\/div>\n\t\t\t\t\t<\/div>\n\t\t\t\t<\/div>\n\t\t<div class=\"elementor-element elementor-element-8c5762c e-flex e-con-boxed e-con e-parent\" data-id=\"8c5762c\" data-element_type=\"container\">\n\t\t\t\t\t<div class=\"e-con-inner\">\n\t\t\t\t<div class=\"elementor-element elementor-element-55835ae elementor-widget elementor-widget-text-editor\" data-id=\"55835ae\" data-element_type=\"widget\" data-widget_type=\"text-editor.default\">\n\t\t\t\t<div class=\"elementor-widget-container\">\n\t\t\t\t\t\t\t\t\t<ul><li>Simptome asem\u0103n\u0103toare ADHD: neaten\u021bie, hiperactivitate, impulsivitate<\/li><li>Anxietate, depresie, agresivitate, dificult\u0103\u021bi sociale<\/li><li>Deregl\u0103ri emo\u021bionale, crize de nervi, dificult\u0103\u021bi de adaptare<\/li><\/ul>\t\t\t\t\t\t\t\t<\/div>\n\t\t\t\t<\/div>\n\t\t\t\t\t<\/div>\n\t\t\t\t<\/div>\n\t\t<div class=\"elementor-element elementor-element-be92917 e-flex e-con-boxed e-con e-parent\" data-id=\"be92917\" data-element_type=\"container\">\n\t\t\t\t\t<div class=\"e-con-inner\">\n\t\t\t\t<div class=\"elementor-element elementor-element-8e15a26 elementor-widget elementor-widget-heading\" data-id=\"8e15a26\" data-element_type=\"widget\" data-widget_type=\"heading.default\">\n\t\t\t\t<div class=\"elementor-widget-container\">\n\t\t\t\t\t<h2 class=\"elementor-heading-title elementor-size-default\">Consecin\u021be pe termen lung: <\/h2>\t\t\t\t<\/div>\n\t\t\t\t<\/div>\n\t\t\t\t\t<\/div>\n\t\t\t\t<\/div>\n\t\t<div class=\"elementor-element elementor-element-0c814a7 e-flex e-con-boxed e-con e-parent\" data-id=\"0c814a7\" data-element_type=\"container\">\n\t\t\t\t\t<div class=\"e-con-inner\">\n\t\t\t\t<div class=\"elementor-element elementor-element-ca4bdc9 elementor-widget elementor-widget-text-editor\" data-id=\"ca4bdc9\" data-element_type=\"widget\" data-widget_type=\"text-editor.default\">\n\t\t\t\t<div class=\"elementor-widget-container\">\n\t\t\t\t\t\t\t\t\t<p><strong>Dac\u0103 nu este tratat\u0103, SDB poate duce la probleme cronice de s\u0103n\u0103tate \u0219i dezvoltare care persist\u0103 la v\u00e2rsta adult\u0103. <\/strong><\/p>\t\t\t\t\t\t\t\t<\/div>\n\t\t\t\t<\/div>\n\t\t\t\t\t<\/div>\n\t\t\t\t<\/div>\n\t\t<div class=\"elementor-element elementor-element-1ed386e e-flex e-con-boxed e-con e-parent\" data-id=\"1ed386e\" data-element_type=\"container\">\n\t\t\t\t\t<div class=\"e-con-inner\">\n\t\t\t\t<div class=\"elementor-element elementor-element-fbd3ca7 elementor-widget elementor-widget-heading\" data-id=\"fbd3ca7\" data-element_type=\"widget\" data-widget_type=\"heading.default\">\n\t\t\t\t<div class=\"elementor-widget-container\">\n\t\t\t\t\t<h2 class=\"elementor-heading-title elementor-size-default\">Sfat pentru p\u0103rin\u021bi:<\/h2>\t\t\t\t<\/div>\n\t\t\t\t<\/div>\n\t\t\t\t\t<\/div>\n\t\t\t\t<\/div>\n\t\t<div class=\"elementor-element elementor-element-bfb0338 e-flex e-con-boxed e-con e-parent\" data-id=\"bfb0338\" data-element_type=\"container\">\n\t\t\t\t\t<div class=\"e-con-inner\">\n\t\t\t\t<div class=\"elementor-element elementor-element-5e061ec elementor-widget elementor-widget-text-editor\" data-id=\"5e061ec\" data-element_type=\"widget\" data-widget_type=\"text-editor.default\">\n\t\t\t\t<div class=\"elementor-widget-container\">\n\t\t\t\t\t\t\t\t\t<p><strong>SDB netratat\u0103 poate afecta pe termen lung s\u0103n\u0103tatea, comportamentul \u0219i rezultatele \u0219colare ale copilului. <\/strong><\/p>\t\t\t\t\t\t\t\t<\/div>\n\t\t\t\t<\/div>\n\t\t\t\t\t<\/div>\n\t\t\t\t<\/div>\n\t\t<div class=\"elementor-element elementor-element-86c15f8 e-flex e-con-boxed e-con e-parent\" data-id=\"86c15f8\" data-element_type=\"container\">\n\t\t\t\t\t<div class=\"e-con-inner\">\n\t\t\t\t<div class=\"elementor-element elementor-element-3d560bf elementor-widget elementor-widget-heading\" data-id=\"3d560bf\" data-element_type=\"widget\" data-widget_type=\"heading.default\">\n\t\t\t\t<div class=\"elementor-widget-container\">\n\t\t\t\t\t<h2 class=\"elementor-heading-title elementor-size-default\">De ce SDB este adesea trecut\u0103 cu vederea:<\/h2>\t\t\t\t<\/div>\n\t\t\t\t<\/div>\n\t\t\t\t\t<\/div>\n\t\t\t\t<\/div>\n\t\t<div class=\"elementor-element elementor-element-4259bdf e-flex e-con-boxed e-con e-parent\" data-id=\"4259bdf\" data-element_type=\"container\">\n\t\t\t\t\t<div class=\"e-con-inner\">\n\t\t\t\t<div class=\"elementor-element elementor-element-90daadd elementor-widget elementor-widget-text-editor\" data-id=\"90daadd\" data-element_type=\"widget\" data-widget_type=\"text-editor.default\">\n\t\t\t\t<div class=\"elementor-widget-container\">\n\t\t\t\t\t\t\t\t\t<ul><li>Simptomele precum sfor\u0103itul \u0219i respira\u021bia pe gur\u0103 sunt adesea considerate normale sau \u201cdr\u0103gu\u021be\u201d.<\/li><li>Mul\u021bi speciali\u0219ti nu au formare \u00een medicina somnului pediatric.<\/li><li>P\u0103rin\u021bii pot fi lini\u0219ti\u021bi c\u0103 \u201cvor trece de la sine\u201d.<\/li><\/ul>\t\t\t\t\t\t\t\t<\/div>\n\t\t\t\t<\/div>\n\t\t\t\t\t<\/div>\n\t\t\t\t<\/div>\n\t\t<div class=\"elementor-element elementor-element-f5289a2 e-flex e-con-boxed e-con e-parent\" data-id=\"f5289a2\" data-element_type=\"container\">\n\t\t\t\t\t<div class=\"e-con-inner\">\n\t\t\t\t<div class=\"elementor-element elementor-element-796925d elementor-widget elementor-widget-heading\" data-id=\"796925d\" data-element_type=\"widget\" data-widget_type=\"heading.default\">\n\t\t\t\t<div class=\"elementor-widget-container\">\n\t\t\t\t\t<h2 class=\"elementor-heading-title elementor-size-default\">Sfat pentru p\u0103rin\u021bi:<\/h2>\t\t\t\t<\/div>\n\t\t\t\t<\/div>\n\t\t\t\t\t<\/div>\n\t\t\t\t<\/div>\n\t\t<div class=\"elementor-element elementor-element-e6b966d e-flex e-con-boxed e-con e-parent\" data-id=\"e6b966d\" data-element_type=\"container\">\n\t\t\t\t\t<div class=\"e-con-inner\">\n\t\t\t\t<div class=\"elementor-element elementor-element-3703435 elementor-widget elementor-widget-text-editor\" data-id=\"3703435\" data-element_type=\"widget\" data-widget_type=\"text-editor.default\">\n\t\t\t\t<div class=\"elementor-widget-container\">\n\t\t\t\t\t\t\t\t\t<p><strong>\u021aine un jurnal de somn \u0219i filmeaz\u0103 copilul dac\u0103 suspectezi probleme \u2013 aceste informa\u021bii ajut\u0103 mult la diagnostic. <\/strong><\/p>\t\t\t\t\t\t\t\t<\/div>\n\t\t\t\t<\/div>\n\t\t\t\t\t<\/div>\n\t\t\t\t<\/div>\n\t\t<div class=\"elementor-element elementor-element-9dc4ee9 e-flex e-con-boxed e-con e-parent\" data-id=\"9dc4ee9\" data-element_type=\"container\">\n\t\t\t\t\t<div class=\"e-con-inner\">\n\t\t\t\t<div class=\"elementor-element elementor-element-f348d1f elementor-widget elementor-widget-heading\" data-id=\"f348d1f\" data-element_type=\"widget\" data-widget_type=\"heading.default\">\n\t\t\t\t<div class=\"elementor-widget-container\">\n\t\t\t\t\t<h2 class=\"elementor-heading-title elementor-size-default\">Interven\u021bii \u0219i management<\/h2>\t\t\t\t<\/div>\n\t\t\t\t<\/div>\n\t\t\t\t\t<\/div>\n\t\t\t\t<\/div>\n\t\t<div class=\"elementor-element elementor-element-13edd04 e-flex e-con-boxed e-con e-parent\" data-id=\"13edd04\" data-element_type=\"container\">\n\t\t\t\t\t<div class=\"e-con-inner\">\n\t\t\t\t<div class=\"elementor-element elementor-element-ceead87 elementor-widget elementor-widget-heading\" data-id=\"ceead87\" data-element_type=\"widget\" data-widget_type=\"heading.default\">\n\t\t\t\t<div class=\"elementor-widget-container\">\n\t\t\t\t\t<h2 class=\"elementor-heading-title elementor-size-default\">Op\u021biuni medicale \u0219i chirurgicale:<\/h2>\t\t\t\t<\/div>\n\t\t\t\t<\/div>\n\t\t\t\t\t<\/div>\n\t\t\t\t<\/div>\n\t\t<div class=\"elementor-element elementor-element-82cfd7d e-flex e-con-boxed e-con e-parent\" data-id=\"82cfd7d\" data-element_type=\"container\">\n\t\t\t\t\t<div class=\"e-con-inner\">\n\t\t\t\t<div class=\"elementor-element elementor-element-65987e2 elementor-widget elementor-widget-text-editor\" data-id=\"65987e2\" data-element_type=\"widget\" data-widget_type=\"text-editor.default\">\n\t\t\t\t<div class=\"elementor-widget-container\">\n\t\t\t\t\t\t\t\t\t<ul><li>\u00cendep\u0103rtarea amigdalelor \u0219i adenoizilor este cea mai frecvent\u0103 interven\u021bie, dar nu \u00eentotdeauna complet eficient\u0103 (p\u00e2n\u0103 la 80% pot avea simptome persistente).<\/li><li>Tratamentul alergiilor \u0219i al congestiei nazale<\/li><\/ul>\t\t\t\t\t\t\t\t<\/div>\n\t\t\t\t<\/div>\n\t\t\t\t\t<\/div>\n\t\t\t\t<\/div>\n\t\t<div class=\"elementor-element elementor-element-2c97c4d e-flex e-con-boxed e-con e-parent\" data-id=\"2c97c4d\" data-element_type=\"container\">\n\t\t\t\t\t<div class=\"e-con-inner\">\n\t\t\t\t<div class=\"elementor-element elementor-element-f05568e elementor-widget elementor-widget-heading\" data-id=\"f05568e\" data-element_type=\"widget\" data-widget_type=\"heading.default\">\n\t\t\t\t<div class=\"elementor-widget-container\">\n\t\t\t\t\t<h2 class=\"elementor-heading-title elementor-size-default\">Abordare complex\u0103, \u00een echip\u0103:<\/h2>\t\t\t\t<\/div>\n\t\t\t\t<\/div>\n\t\t\t\t\t<\/div>\n\t\t\t\t<\/div>\n\t\t<div class=\"elementor-element elementor-element-1ac47e5 e-flex e-con-boxed e-con e-parent\" data-id=\"1ac47e5\" data-element_type=\"container\">\n\t\t\t\t\t<div class=\"e-con-inner\">\n\t\t\t\t<div class=\"elementor-element elementor-element-30dee5d elementor-widget elementor-widget-text-editor\" data-id=\"30dee5d\" data-element_type=\"widget\" data-widget_type=\"text-editor.default\">\n\t\t\t\t<div class=\"elementor-widget-container\">\n\t\t\t\t\t\t\t\t\t<ul><li>Interven\u021bii ortodontice interceptive \/malocluzie<\/li><li>Terapie logopedic\u0103 sau mio func\u021bionala pentru tonusul muscular oral<\/li><li>Colaborare \u00eentre ORL, stomatolog \u0219i specialist somn<\/li><\/ul>\t\t\t\t\t\t\t\t<\/div>\n\t\t\t\t<\/div>\n\t\t\t\t\t<\/div>\n\t\t\t\t<\/div>\n\t\t<div class=\"elementor-element elementor-element-7222d5b e-flex e-con-boxed e-con e-parent\" data-id=\"7222d5b\" data-element_type=\"container\">\n\t\t\t\t\t<div class=\"e-con-inner\">\n\t\t\t\t<div class=\"elementor-element elementor-element-5533d7e elementor-widget elementor-widget-heading\" data-id=\"5533d7e\" data-element_type=\"widget\" data-widget_type=\"heading.default\">\n\t\t\t\t<div class=\"elementor-widget-container\">\n\t\t\t\t\t<h2 class=\"elementor-heading-title elementor-size-default\">Strategii de acas\u0103:<\/h2>\t\t\t\t<\/div>\n\t\t\t\t<\/div>\n\t\t\t\t\t<\/div>\n\t\t\t\t<\/div>\n\t\t<div class=\"elementor-element elementor-element-c489a4e e-flex e-con-boxed e-con e-parent\" data-id=\"c489a4e\" data-element_type=\"container\">\n\t\t\t\t\t<div class=\"e-con-inner\">\n\t\t\t\t<div class=\"elementor-element elementor-element-cf0ac7d elementor-widget elementor-widget-text-editor\" data-id=\"cf0ac7d\" data-element_type=\"widget\" data-widget_type=\"text-editor.default\">\n\t\t\t\t<div class=\"elementor-widget-container\">\n\t\t\t\t\t\t\t\t\t<ul><li>\u00cencurajarea respira\u021biei nazale \u0219i a rutinei s\u0103n\u0103toase de somn<\/li><li>Eliminarea factorilor de mediu (alergeni, fumat pasiv)<\/li><\/ul>\t\t\t\t\t\t\t\t<\/div>\n\t\t\t\t<\/div>\n\t\t\t\t\t<\/div>\n\t\t\t\t<\/div>\n\t\t<div class=\"elementor-element elementor-element-95e8e08 e-flex e-con-boxed e-con e-parent\" data-id=\"95e8e08\" data-element_type=\"container\">\n\t\t\t\t\t<div class=\"e-con-inner\">\n\t\t\t\t<div class=\"elementor-element elementor-element-f39aeea elementor-widget elementor-widget-heading\" data-id=\"f39aeea\" data-element_type=\"widget\" data-widget_type=\"heading.default\">\n\t\t\t\t<div class=\"elementor-widget-container\">\n\t\t\t\t\t<h2 class=\"elementor-heading-title elementor-size-default\">Importan\u021ba interven\u021biei timpurii: <\/h2>\t\t\t\t<\/div>\n\t\t\t\t<\/div>\n\t\t\t\t\t<\/div>\n\t\t\t\t<\/div>\n\t\t<div class=\"elementor-element elementor-element-34d76c5 e-flex e-con-boxed e-con e-parent\" data-id=\"34d76c5\" data-element_type=\"container\">\n\t\t\t\t\t<div class=\"e-con-inner\">\n\t\t\t\t<div class=\"elementor-element elementor-element-5fd6dd2 elementor-widget elementor-widget-text-editor\" data-id=\"5fd6dd2\" data-element_type=\"widget\" data-widget_type=\"text-editor.default\">\n\t\t\t\t<div class=\"elementor-widget-container\">\n\t\t\t\t\t\t\t\t\t<p><strong>Recunoa\u0219terea \u0219i tratamentul precoce pot preveni probleme grave pe termen lung.<\/strong><\/p>\t\t\t\t\t\t\t\t<\/div>\n\t\t\t\t<\/div>\n\t\t\t\t\t<\/div>\n\t\t\t\t<\/div>\n\t\t<div class=\"elementor-element elementor-element-3d49810 e-flex e-con-boxed e-con e-parent\" data-id=\"3d49810\" data-element_type=\"container\">\n\t\t\t\t\t<div class=\"e-con-inner\">\n\t\t\t\t<div class=\"elementor-element elementor-element-c9cc0bd elementor-widget elementor-widget-heading\" data-id=\"c9cc0bd\" data-element_type=\"widget\" data-widget_type=\"heading.default\">\n\t\t\t\t<div class=\"elementor-widget-container\">\n\t\t\t\t\t<h2 class=\"elementor-heading-title elementor-size-default\">Sfat pentru p\u0103rin\u021bi:<\/h2>\t\t\t\t<\/div>\n\t\t\t\t<\/div>\n\t\t\t\t\t<\/div>\n\t\t\t\t<\/div>\n\t\t<div class=\"elementor-element elementor-element-17d15ae e-flex e-con-boxed e-con e-parent\" data-id=\"17d15ae\" data-element_type=\"container\">\n\t\t\t\t\t<div class=\"e-con-inner\">\n\t\t\t\t<div class=\"elementor-element elementor-element-bf19ceb elementor-widget elementor-widget-text-editor\" data-id=\"bf19ceb\" data-element_type=\"widget\" data-widget_type=\"text-editor.default\">\n\t\t\t\t<div class=\"elementor-widget-container\">\n\t\t\t\t\t\t\t\t\t<p><strong>Urmeaz\u0103 recomand\u0103rile medicului \u0219i nu am\u00e2na evaluarea dac\u0103 ai suspiciuni.<\/strong><\/p>\t\t\t\t\t\t\t\t<\/div>\n\t\t\t\t<\/div>\n\t\t\t\t\t<\/div>\n\t\t\t\t<\/div>\n\t\t<div class=\"elementor-element elementor-element-f8ec629 e-flex e-con-boxed e-con e-parent\" data-id=\"f8ec629\" data-element_type=\"container\">\n\t\t\t\t\t<div class=\"e-con-inner\">\n\t\t\t\t<div class=\"elementor-element elementor-element-16c7281 elementor-widget elementor-widget-heading\" data-id=\"16c7281\" data-element_type=\"widget\" data-widget_type=\"heading.default\">\n\t\t\t\t<div class=\"elementor-widget-container\">\n\t\t\t\t\t<h2 class=\"elementor-heading-title elementor-size-default\">Checklisturi practice<\/h2>\t\t\t\t<\/div>\n\t\t\t\t<\/div>\n\t\t\t\t\t<\/div>\n\t\t\t\t<\/div>\n\t\t<div class=\"elementor-element elementor-element-36d61e0 e-flex e-con-boxed e-con e-parent\" data-id=\"36d61e0\" data-element_type=\"container\">\n\t\t\t\t\t<div class=\"e-con-inner\">\n\t\t\t\t<div class=\"elementor-element elementor-element-6825d87 elementor-widget elementor-widget-heading\" data-id=\"6825d87\" data-element_type=\"widget\" data-widget_type=\"heading.default\">\n\t\t\t\t<div class=\"elementor-widget-container\">\n\t\t\t\t\t<h2 class=\"elementor-heading-title elementor-size-default\">Semne de somn bun la copil:<\/h2>\t\t\t\t<\/div>\n\t\t\t\t<\/div>\n\t\t\t\t\t<\/div>\n\t\t\t\t<\/div>\n\t\t<div class=\"elementor-element elementor-element-151ca8c e-flex e-con-boxed e-con e-parent\" data-id=\"151ca8c\" data-element_type=\"container\">\n\t\t\t\t\t<div class=\"e-con-inner\">\n\t\t\t\t<div class=\"elementor-element elementor-element-d5acab5 elementor-widget elementor-widget-text-editor\" data-id=\"d5acab5\" data-element_type=\"widget\" data-widget_type=\"text-editor.default\">\n\t\t\t\t<div class=\"elementor-widget-container\">\n\t\t\t\t\t\t\t\t\t<ul><li>Doarme lini\u0219tit, f\u0103r\u0103 sfor\u0103it<\/li><li>Respir\u0103 pe nas, cu gura \u00eenchis\u0103<\/li><li>Se treze\u0219te odihnit \u0219i energic<\/li><li>Are orar constant de somn<\/li><li>Nu are treziri frecvente sau somn agitat<\/li><\/ul>\t\t\t\t\t\t\t\t<\/div>\n\t\t\t\t<\/div>\n\t\t\t\t\t<\/div>\n\t\t\t\t<\/div>\n\t\t<div class=\"elementor-element elementor-element-90749a8 e-flex e-con-boxed e-con e-parent\" data-id=\"90749a8\" data-element_type=\"container\">\n\t\t\t\t\t<div class=\"e-con-inner\">\n\t\t\t\t<div class=\"elementor-element elementor-element-1e5d90a elementor-widget elementor-widget-heading\" data-id=\"1e5d90a\" data-element_type=\"widget\" data-widget_type=\"heading.default\">\n\t\t\t\t<div class=\"elementor-widget-container\">\n\t\t\t\t\t<h2 class=\"elementor-heading-title elementor-size-default\">Semne de SDB:<\/h2>\t\t\t\t<\/div>\n\t\t\t\t<\/div>\n\t\t\t\t\t<\/div>\n\t\t\t\t<\/div>\n\t\t<div class=\"elementor-element elementor-element-6c0ec11 e-flex e-con-boxed e-con e-parent\" data-id=\"6c0ec11\" data-element_type=\"container\">\n\t\t\t\t\t<div class=\"e-con-inner\">\n\t\t\t\t<div class=\"elementor-element elementor-element-c490fca elementor-widget elementor-widget-text-editor\" data-id=\"c490fca\" data-element_type=\"widget\" data-widget_type=\"text-editor.default\">\n\t\t\t\t<div class=\"elementor-widget-container\">\n\t\t\t\t\t\t\t\t\t<ul><li>Sfor\u0103it puternic sau frecvent<\/li><li>Respira\u021bie pe gur\u0103 \u00een somn<\/li><li>Somn agitat, mi\u0219c\u0103ri multe<\/li><li>Enurezis, co\u0219maruri, treziri dese<\/li><li>Somnolen\u021b\u0103, iritabilitate, probleme de concentrare ziua<\/li><\/ul>\t\t\t\t\t\t\t\t<\/div>\n\t\t\t\t<\/div>\n\t\t\t\t\t<\/div>\n\t\t\t\t<\/div>\n\t\t<div class=\"elementor-element elementor-element-dac00b8 e-flex e-con-boxed e-con e-parent\" data-id=\"dac00b8\" data-element_type=\"container\">\n\t\t\t\t\t<div class=\"e-con-inner\">\n\t\t\t\t<div class=\"elementor-element elementor-element-a81af57 elementor-widget elementor-widget-heading\" data-id=\"a81af57\" data-element_type=\"widget\" data-widget_type=\"heading.default\">\n\t\t\t\t<div class=\"elementor-widget-container\">\n\t\t\t\t\t<h2 class=\"elementor-heading-title elementor-size-default\">C\u00e2nd s\u0103 ceri ajutor medical:<\/h2>\t\t\t\t<\/div>\n\t\t\t\t<\/div>\n\t\t\t\t\t<\/div>\n\t\t\t\t<\/div>\n\t\t<div class=\"elementor-element elementor-element-db8fad3 e-flex e-con-boxed e-con e-parent\" data-id=\"db8fad3\" data-element_type=\"container\">\n\t\t\t\t\t<div class=\"e-con-inner\">\n\t\t\t\t<div class=\"elementor-element elementor-element-d7661a7 elementor-widget elementor-widget-text-editor\" data-id=\"d7661a7\" data-element_type=\"widget\" data-widget_type=\"text-editor.default\">\n\t\t\t\t<div class=\"elementor-widget-container\">\n\t\t\t\t\t\t\t\t\t<ul><li>Sfor\u0103it majoritatea nop\u021bilor<\/li><li>Pauze respiratorii, g\u00e2f\u00e2it, sufocare<\/li><li>Respira\u021bie pe gur\u0103 persistent\u0103<\/li><li>Probleme de comportament sau \u00eenv\u0103\u021bare<\/li><li>Enurezis inexplicabil sau co\u0219maruri frecvente<\/li><\/ul>\t\t\t\t\t\t\t\t<\/div>\n\t\t\t\t<\/div>\n\t\t\t\t\t<\/div>\n\t\t\t\t<\/div>\n\t\t<div class=\"elementor-element elementor-element-ab5809f e-flex e-con-boxed e-con e-parent\" data-id=\"ab5809f\" data-element_type=\"container\">\n\t\t\t\t\t<div class=\"e-con-inner\">\n\t\t\t\t<div class=\"elementor-element elementor-element-612fe89 elementor-widget elementor-widget-heading\" data-id=\"612fe89\" data-element_type=\"widget\" data-widget_type=\"heading.default\">\n\t\t\t\t<div class=\"elementor-widget-container\">\n\t\t\t\t\t<h2 class=\"elementor-heading-title elementor-size-default\">Ce se \u00eent\u00e2mpl\u0103 dac\u0103 nu ac\u021bion\u0103m?<\/h2>\t\t\t\t<\/div>\n\t\t\t\t<\/div>\n\t\t\t\t\t<\/div>\n\t\t\t\t<\/div>\n\t\t<div class=\"elementor-element elementor-element-acc7c15 e-flex e-con-boxed e-con e-parent\" data-id=\"acc7c15\" data-element_type=\"container\">\n\t\t\t\t\t<div class=\"e-con-inner\">\n\t\t\t\t<div class=\"elementor-element elementor-element-22cae34 elementor-widget elementor-widget-heading\" data-id=\"22cae34\" data-element_type=\"widget\" data-widget_type=\"heading.default\">\n\t\t\t\t<div class=\"elementor-widget-container\">\n\t\t\t\t\t<h2 class=\"elementor-heading-title elementor-size-default\">Dac\u0103 SDB nu este recunoscut\u0103 \u0219i tratat\u0103: <\/h2>\t\t\t\t<\/div>\n\t\t\t\t<\/div>\n\t\t\t\t\t<\/div>\n\t\t\t\t<\/div>\n\t\t<div class=\"elementor-element elementor-element-c5bf0e5 e-flex e-con-boxed e-con e-parent\" data-id=\"c5bf0e5\" data-element_type=\"container\">\n\t\t\t\t\t<div class=\"e-con-inner\">\n\t\t\t\t<div class=\"elementor-element elementor-element-5398c70 elementor-widget elementor-widget-text-editor\" data-id=\"5398c70\" data-element_type=\"widget\" data-widget_type=\"text-editor.default\">\n\t\t\t\t<div class=\"elementor-widget-container\">\n\t\t\t\t\t\t\t\t\t<ul><li>Copilul va avea somn fragmentat, lips\u0103 de odihn\u0103 real\u0103 \u0219i dezvoltare cerebral\u0103 afectat\u0103.<\/li><li>Pot ap\u0103rea probleme de comportament (ADHD, anxietate, agresivitate), dificult\u0103\u021bi de \u00eenv\u0103\u021bare, sc\u0103derea performan\u021bei \u0219colare.<\/li><li>Pe termen lung, cre\u0219te riscul de obezitate, boli cardiovasculare, inflama\u021bie cronic\u0103 \u0219i probleme de s\u0103n\u0103tate mintal\u0103.<\/li><li>Dezvoltarea fe\u021bei \u0219i a maxilarului poate fi afectat\u0103 ireversibil.<\/li><\/ul>\t\t\t\t\t\t\t\t<\/div>\n\t\t\t\t<\/div>\n\t\t\t\t\t<\/div>\n\t\t\t\t<\/div>\n\t\t<div class=\"elementor-element elementor-element-cdea93c e-flex e-con-boxed e-con e-parent\" data-id=\"cdea93c\" data-element_type=\"container\">\n\t\t\t\t\t<div class=\"e-con-inner\">\n\t\t\t\t<div class=\"elementor-element elementor-element-ae92718 elementor-widget elementor-widget-heading\" data-id=\"ae92718\" data-element_type=\"widget\" data-widget_type=\"heading.default\">\n\t\t\t\t<div class=\"elementor-widget-container\">\n\t\t\t\t\t<h2 class=\"elementor-heading-title elementor-size-default\">Sfat pentru p\u0103rin\u021bi:<\/h2>\t\t\t\t<\/div>\n\t\t\t\t<\/div>\n\t\t\t\t\t<\/div>\n\t\t\t\t<\/div>\n\t\t<div class=\"elementor-element elementor-element-357719e e-flex e-con-boxed e-con e-parent\" data-id=\"357719e\" data-element_type=\"container\">\n\t\t\t\t\t<div class=\"e-con-inner\">\n\t\t\t\t<div class=\"elementor-element elementor-element-015eb6b elementor-widget elementor-widget-text-editor\" data-id=\"015eb6b\" data-element_type=\"widget\" data-widget_type=\"text-editor.default\">\n\t\t\t\t<div class=\"elementor-widget-container\">\n\t\t\t\t\t\t\t\t\t<p><strong>Nu a\u0219tepta s\u0103 \u201ctreac\u0103 de la sine\u201d. Interven\u021bia timpurie face diferen\u021ba! <\/strong><\/p>\t\t\t\t\t\t\t\t<\/div>\n\t\t\t\t<\/div>\n\t\t\t\t\t<\/div>\n\t\t\t\t<\/div>\n\t\t<div class=\"elementor-element elementor-element-74f109b e-flex e-con-boxed e-con e-parent\" data-id=\"74f109b\" data-element_type=\"container\">\n\t\t\t\t\t<div class=\"e-con-inner\">\n\t\t\t\t<div class=\"elementor-element elementor-element-f4e7a7b elementor-widget elementor-widget-heading\" data-id=\"f4e7a7b\" data-element_type=\"widget\" data-widget_type=\"heading.default\">\n\t\t\t\t<div class=\"elementor-widget-container\">\n\t\t\t\t\t<h2 class=\"elementor-heading-title elementor-size-default\">Ce po\u021bi face ACUM?<\/h2>\t\t\t\t<\/div>\n\t\t\t\t<\/div>\n\t\t\t\t\t<\/div>\n\t\t\t\t<\/div>\n\t\t<div class=\"elementor-element elementor-element-c292000 e-flex e-con-boxed e-con e-parent\" data-id=\"c292000\" data-element_type=\"container\">\n\t\t\t\t\t<div class=\"e-con-inner\">\n\t\t\t\t<div class=\"elementor-element elementor-element-b519548 elementor-widget elementor-widget-text-editor\" data-id=\"b519548\" data-element_type=\"widget\" data-widget_type=\"text-editor.default\">\n\t\t\t\t<div class=\"elementor-widget-container\">\n\t\t\t\t\t\t\t\t\t<p><strong>Completeaz\u0103 formularul de observa\u021bie pentru p\u0103rin\u021bi. Noteaz\u0103 semnele observate \u0219i discut\u0103-le cu noi<\/strong><\/p>\t\t\t\t\t\t\t\t<\/div>\n\t\t\t\t<\/div>\n\t\t\t\t\t<\/div>\n\t\t\t\t<\/div>\n\t\t<div class=\"elementor-element elementor-element-3b1a7f8 e-con-full e-flex e-con e-parent\" data-id=\"3b1a7f8\" data-element_type=\"container\">\n\t\t\t\t<div class=\"elementor-element elementor-element-3d9621d elementor-widget elementor-widget-image\" data-id=\"3d9621d\" data-element_type=\"widget\" data-widget_type=\"image.default\">\n\t\t\t\t<div class=\"elementor-widget-container\">\n\t\t\t\t\t\t\t\t\t\t\t\t\t\t\t\t<a href=\"\/index.php\/chestionar\/\">\n\t\t\t\t\t\t\t<img fetchpriority=\"high\" decoding=\"async\" width=\"1440\" height=\"480\" src=\"https:\/\/www.iomft.ro\/wp-content\/uploads\/2025\/10\/completeaza-chestionarul-1.png\" class=\"attachment-full size-full wp-image-982\" alt=\"\" srcset=\"https:\/\/www.iomft.ro\/wp-content\/uploads\/2025\/10\/completeaza-chestionarul-1.png 1440w, https:\/\/www.iomft.ro\/wp-content\/uploads\/2025\/10\/completeaza-chestionarul-1-300x100.png 300w, https:\/\/www.iomft.ro\/wp-content\/uploads\/2025\/10\/completeaza-chestionarul-1-1024x341.png 1024w, https:\/\/www.iomft.ro\/wp-content\/uploads\/2025\/10\/completeaza-chestionarul-1-768x256.png 768w, https:\/\/www.iomft.ro\/wp-content\/uploads\/2025\/10\/completeaza-chestionarul-1-600x200.png 600w\" sizes=\"100vw\" \/>\t\t\t\t\t\t\t\t<\/a>\n\t\t\t\t\t\t\t\t\t\t\t\t\t\t\t<\/div>\n\t\t\t\t<\/div>\n\t\t\t\t<\/div>\n\t\t<div class=\"elementor-element elementor-element-6e9afbd e-flex e-con-boxed e-con e-parent\" data-id=\"6e9afbd\" data-element_type=\"container\">\n\t\t\t\t\t<div class=\"e-con-inner\">\n\t\t\t\t<div class=\"elementor-element elementor-element-de186ce elementor-widget elementor-widget-heading\" data-id=\"de186ce\" data-element_type=\"widget\" data-widget_type=\"heading.default\">\n\t\t\t\t<div class=\"elementor-widget-container\">\n\t\t\t\t\t<h3 class=\"elementor-heading-title elementor-size-default\">Studiu de caz<\/h3>\t\t\t\t<\/div>\n\t\t\t\t<\/div>\n\t\t\t\t\t<\/div>\n\t\t\t\t<\/div>\n\t\t<div class=\"elementor-element elementor-element-38031e0 e-flex e-con-boxed e-con e-parent\" data-id=\"38031e0\" data-element_type=\"container\">\n\t\t\t\t\t<div class=\"e-con-inner\">\n\t\t\t\t<div class=\"elementor-element elementor-element-28c6983 elementor-widget elementor-widget-text-editor\" data-id=\"28c6983\" data-element_type=\"widget\" data-widget_type=\"text-editor.default\">\n\t\t\t\t<div class=\"elementor-widget-container\">\n\t\t\t\t\t\t\t\t\t<p>Emma, 6 ani, era mereu \u201cnelini\u0219tit\u0103\u201d \u00een somn. P\u0103rin\u021bii au observat c\u0103 sfor\u0103ia aproape \u00een fiecare noapte \u0219i se trezea cu lenjeria dezordonat\u0103 \u0219i cearc\u0103ne. La \u0219coal\u0103, avea dificult\u0103\u021bi de concentrare \u0219i era uneori etichetat\u0103 drept \u201chiperactiv\u0103\u201d.<\/p><p>Dup\u0103 discu\u021bia cu medicul pediatru, Emma a fost trimis\u0103 la un specialist \u00een somn. Studiul de somn a ar\u0103tat apnee obstructiv\u0103. Dup\u0103 \u00eendep\u0103rtarea amigdalelor \u0219i tratament ortodontic, somnul Emmei s-a \u00eembun\u0103t\u0103\u021bit semnificativ \u2013 a devenit mai concentrat\u0103, mai vesel\u0103 \u0219i a avut rezultate mai bune la \u0219coal\u0103.<\/p>\t\t\t\t\t\t\t\t<\/div>\n\t\t\t\t<\/div>\n\t\t\t\t\t<\/div>\n\t\t\t\t<\/div>\n\t\t<div class=\"elementor-element elementor-element-32a8407 e-flex e-con-boxed e-con e-parent\" data-id=\"32a8407\" data-element_type=\"container\">\n\t\t\t\t\t<div class=\"e-con-inner\">\n\t\t\t\t<div class=\"elementor-element elementor-element-0e02fd9 elementor-widget elementor-widget-heading\" data-id=\"0e02fd9\" data-element_type=\"widget\" data-widget_type=\"heading.default\">\n\t\t\t\t<div class=\"elementor-widget-container\">\n\t\t\t\t\t<h3 class=\"elementor-heading-title elementor-size-default\">\u00centreb\u0103ri frecvente (FAQ)<\/h3>\t\t\t\t<\/div>\n\t\t\t\t<\/div>\n\t\t\t\t\t<\/div>\n\t\t\t\t<\/div>\n\t\t<div class=\"elementor-element elementor-element-57af245 e-flex e-con-boxed e-con e-parent\" data-id=\"57af245\" data-element_type=\"container\">\n\t\t\t\t\t<div class=\"e-con-inner\">\n\t\t\t\t<div class=\"elementor-element elementor-element-56ae1d7 elementor-widget elementor-widget-heading\" data-id=\"56ae1d7\" data-element_type=\"widget\" data-widget_type=\"heading.default\">\n\t\t\t\t<div class=\"elementor-widget-container\">\n\t\t\t\t\t<h3 class=\"elementor-heading-title elementor-size-default\">Sfor\u0103itul este normal la copii?<\/h3>\t\t\t\t<\/div>\n\t\t\t\t<\/div>\n\t\t\t\t\t<\/div>\n\t\t\t\t<\/div>\n\t\t<div class=\"elementor-element elementor-element-6eed260 e-flex e-con-boxed e-con e-parent\" data-id=\"6eed260\" data-element_type=\"container\">\n\t\t\t\t\t<div class=\"e-con-inner\">\n\t\t\t\t<div class=\"elementor-element elementor-element-f0f5ca2 elementor-widget elementor-widget-text-editor\" data-id=\"f0f5ca2\" data-element_type=\"widget\" data-widget_type=\"text-editor.default\">\n\t\t\t\t<div class=\"elementor-widget-container\">\n\t\t\t\t\t\t\t\t\t<p>Nu. Sfor\u0103itul regulat poate fi semn de SDB \u0219i trebuie evaluat de un specialist.<\/p>\t\t\t\t\t\t\t\t<\/div>\n\t\t\t\t<\/div>\n\t\t\t\t\t<\/div>\n\t\t\t\t<\/div>\n\t\t<div class=\"elementor-element elementor-element-6257ea6 e-flex e-con-boxed e-con e-parent\" data-id=\"6257ea6\" data-element_type=\"container\">\n\t\t\t\t\t<div class=\"e-con-inner\">\n\t\t\t\t<div class=\"elementor-element elementor-element-be3644f elementor-widget elementor-widget-heading\" data-id=\"be3644f\" data-element_type=\"widget\" data-widget_type=\"heading.default\">\n\t\t\t\t<div class=\"elementor-widget-container\">\n\t\t\t\t\t<h3 class=\"elementor-heading-title elementor-size-default\">Dac\u0103 copilul doarme cu gura deschis\u0103, e o problem\u0103?<\/h3>\t\t\t\t<\/div>\n\t\t\t\t<\/div>\n\t\t\t\t\t<\/div>\n\t\t\t\t<\/div>\n\t\t<div class=\"elementor-element elementor-element-3e07b54 e-flex e-con-boxed e-con e-parent\" data-id=\"3e07b54\" data-element_type=\"container\">\n\t\t\t\t\t<div class=\"e-con-inner\">\n\t\t\t\t<div class=\"elementor-element elementor-element-96bba58 elementor-widget elementor-widget-text-editor\" data-id=\"96bba58\" data-element_type=\"widget\" data-widget_type=\"text-editor.default\">\n\t\t\t\t<div class=\"elementor-widget-container\">\n\t\t\t\t\t\t\t\t\t<p>Da. Respira\u021bia pe gur\u0103 poate indica obstruc\u021bie \u0219i afecteaz\u0103 calitatea somnului \u0219i dezvoltarea.<\/p>\t\t\t\t\t\t\t\t<\/div>\n\t\t\t\t<\/div>\n\t\t\t\t\t<\/div>\n\t\t\t\t<\/div>\n\t\t<div class=\"elementor-element elementor-element-cc07d84 e-flex e-con-boxed e-con e-parent\" data-id=\"cc07d84\" data-element_type=\"container\">\n\t\t\t\t\t<div class=\"e-con-inner\">\n\t\t\t\t<div class=\"elementor-element elementor-element-f0cf10d elementor-widget elementor-widget-heading\" data-id=\"f0cf10d\" data-element_type=\"widget\" data-widget_type=\"heading.default\">\n\t\t\t\t<div class=\"elementor-widget-container\">\n\t\t\t\t\t<h3 class=\"elementor-heading-title elementor-size-default\">C\u00e2t trebuie s\u0103 doarm\u0103 un copil? <\/h3>\t\t\t\t<\/div>\n\t\t\t\t<\/div>\n\t\t\t\t\t<\/div>\n\t\t\t\t<\/div>\n\t\t<div class=\"elementor-element elementor-element-70317b6 e-flex e-con-boxed e-con e-parent\" data-id=\"70317b6\" data-element_type=\"container\">\n\t\t\t\t\t<div class=\"e-con-inner\">\n\t\t\t\t<div class=\"elementor-element elementor-element-88bdb15 elementor-widget elementor-widget-text-editor\" data-id=\"88bdb15\" data-element_type=\"widget\" data-widget_type=\"text-editor.default\">\n\t\t\t\t<div class=\"elementor-widget-container\">\n\t\t\t\t\t\t\t\t\t<p>Depinde de v\u00e2rst\u0103: pre\u0219colari 10\u201313 ore, \u0219colari 9\u201312 ore\/noapte.<\/p>\t\t\t\t\t\t\t\t<\/div>\n\t\t\t\t<\/div>\n\t\t\t\t\t<\/div>\n\t\t\t\t<\/div>\n\t\t<div class=\"elementor-element elementor-element-9f39ad1 e-flex e-con-boxed e-con e-parent\" data-id=\"9f39ad1\" data-element_type=\"container\">\n\t\t\t\t\t<div class=\"e-con-inner\">\n\t\t\t\t<div class=\"elementor-element elementor-element-9161de8 elementor-widget elementor-widget-heading\" data-id=\"9161de8\" data-element_type=\"widget\" data-widget_type=\"heading.default\">\n\t\t\t\t<div class=\"elementor-widget-container\">\n\t\t\t\t\t<h3 class=\"elementor-heading-title elementor-size-default\">Ce fac dac\u0103 suspectez o problem\u0103 de somn? <\/h3>\t\t\t\t<\/div>\n\t\t\t\t<\/div>\n\t\t\t\t\t<\/div>\n\t\t\t\t<\/div>\n\t\t<div class=\"elementor-element elementor-element-01e70d1 e-flex e-con-boxed e-con e-parent\" data-id=\"01e70d1\" data-element_type=\"container\">\n\t\t\t\t\t<div class=\"e-con-inner\">\n\t\t\t\t<div class=\"elementor-element elementor-element-04dbb69 elementor-widget elementor-widget-text-editor\" data-id=\"04dbb69\" data-element_type=\"widget\" data-widget_type=\"text-editor.default\">\n\t\t\t\t<div class=\"elementor-widget-container\">\n\t\t\t\t\t\t\t\t\t<p>\u021aine un jurnal, noteaz\u0103 simptomele \u0219i discut\u0103 cu medicul. Interven\u021bia timpurie e esen\u021bial\u0103.<\/p>\t\t\t\t\t\t\t\t<\/div>\n\t\t\t\t<\/div>\n\t\t\t\t\t<\/div>\n\t\t\t\t<\/div>\n\t\t<div class=\"elementor-element elementor-element-ce7163c e-flex e-con-boxed e-con e-parent\" data-id=\"ce7163c\" data-element_type=\"container\">\n\t\t\t\t\t<div class=\"e-con-inner\">\n\t\t\t\t<div class=\"elementor-element elementor-element-c608756 elementor-widget elementor-widget-heading\" data-id=\"c608756\" data-element_type=\"widget\" data-widget_type=\"heading.default\">\n\t\t\t\t<div class=\"elementor-widget-container\">\n\t\t\t\t\t<h3 class=\"elementor-heading-title elementor-size-default\">Va \u201ccre\u0219te\u201d copilul din aceste probleme? <\/h3>\t\t\t\t<\/div>\n\t\t\t\t<\/div>\n\t\t\t\t\t<\/div>\n\t\t\t\t<\/div>\n\t\t<div class=\"elementor-element elementor-element-df473ad e-flex e-con-boxed e-con e-parent\" data-id=\"df473ad\" data-element_type=\"container\">\n\t\t\t\t\t<div class=\"e-con-inner\">\n\t\t\t\t<div class=\"elementor-element elementor-element-8601bfd elementor-widget elementor-widget-text-editor\" data-id=\"8601bfd\" data-element_type=\"widget\" data-widget_type=\"text-editor.default\">\n\t\t\t\t<div class=\"elementor-widget-container\">\n\t\t\t\t\t\t\t\t\t<p>De cele mai multe ori, nu. F\u0103r\u0103 tratament, problemele persist\u0103 sau se agraveaz\u0103.<\/p>\t\t\t\t\t\t\t\t<\/div>\n\t\t\t\t<\/div>\n\t\t\t\t\t<\/div>\n\t\t\t\t<\/div>\n\t\t<div class=\"elementor-element elementor-element-ee6d07f e-flex e-con-boxed e-con e-parent\" data-id=\"ee6d07f\" data-element_type=\"container\">\n\t\t\t\t\t<div class=\"e-con-inner\">\n\t\t\t\t<div class=\"elementor-element elementor-element-5b68e67 elementor-widget elementor-widget-heading\" data-id=\"5b68e67\" data-element_type=\"widget\" data-widget_type=\"heading.default\">\n\t\t\t\t<div class=\"elementor-widget-container\">\n\t\t\t\t\t<h3 class=\"elementor-heading-title elementor-size-default\">Concluzii \u0219i recomand\u0103ri<\/h3>\t\t\t\t<\/div>\n\t\t\t\t<\/div>\n\t\t\t\t\t<\/div>\n\t\t\t\t<\/div>\n\t\t<div class=\"elementor-element elementor-element-05370a9 e-flex e-con-boxed e-con e-parent\" data-id=\"05370a9\" data-element_type=\"container\">\n\t\t\t\t\t<div class=\"e-con-inner\">\n\t\t\t\t<div class=\"elementor-element elementor-element-e5c442f elementor-widget elementor-widget-text-editor\" data-id=\"e5c442f\" data-element_type=\"widget\" data-widget_type=\"text-editor.default\">\n\t\t\t\t<div class=\"elementor-widget-container\">\n\t\t\t\t\t\t\t\t\t<ul><li>Nu ignora semnele nocturne care pot provoca un somn agitat la copii.<\/li><li>Exclude\u021bi problemele de c\u0103i aeriene \u00eenainte de a considera tratament medicamentos pentru comportament.<\/li><li>Interven\u021bia multidisciplinar\u0103 timpurie este cheia succesului.<\/li><li>P\u0103rin\u021bii sunt cei mai buni observatori \u0219i avoca\u021bi ai copilului lor.<\/li><\/ul>\t\t\t\t\t\t\t\t<\/div>\n\t\t\t\t<\/div>\n\t\t\t\t\t<\/div>\n\t\t\t\t<\/div>\n\t\t<div class=\"elementor-element elementor-element-6d4753e e-flex e-con-boxed e-con e-parent\" data-id=\"6d4753e\" data-element_type=\"container\">\n\t\t\t\t\t<div class=\"e-con-inner\">\n\t\t\t\t<div class=\"elementor-element elementor-element-c1826a3 elementor-widget elementor-widget-heading\" data-id=\"c1826a3\" data-element_type=\"widget\" data-widget_type=\"heading.default\">\n\t\t\t\t<div class=\"elementor-widget-container\">\n\t\t\t\t\t<h3 class=\"elementor-heading-title elementor-size-default\">Referin\u021be<\/h3>\t\t\t\t<\/div>\n\t\t\t\t<\/div>\n\t\t\t\t\t<\/div>\n\t\t\t\t<\/div>\n\t\t<div class=\"elementor-element elementor-element-60251f9 e-flex e-con-boxed e-con e-parent\" data-id=\"60251f9\" data-element_type=\"container\">\n\t\t\t\t\t<div class=\"e-con-inner\">\n\t\t\t\t<div class=\"elementor-element elementor-element-e230cc6 elementor-widget elementor-widget-text-editor\" data-id=\"e230cc6\" data-element_type=\"widget\" data-widget_type=\"text-editor.default\">\n\t\t\t\t<div class=\"elementor-widget-container\">\n\t\t\t\t\t\t\t\t\t<ol><li>American Academy of Sleep Medicine. (2016). Recommended Amount of Sleep for Pediatric Populations: A Consensus Statement. Journal of Clinical Sleep Medicine, 12(6), 785\u2013786.<\/li><li>Marcus, C. L., Brooks, L. J., Draper, K. A., et al. (2012). Diagnosis and Management of Childhood Obstructive Sleep Apnea Syndrome. Pediatrics, 130(3), e714\u2013e755.<\/li><li>Gozal, D., &amp; Kheirandish-Gozal, L. (2012). Childhood Obstructive Sleep Apnea: A Review. Pediatric Pulmonology, 47(1), 4\u201318.<\/li><li>Mindell, J. A., &amp; Owens, J. A. (2015). A Clinical Guide to Pediatric Sleep: Diagnosis and Management of Sleep Problems. Lippincott Williams &amp; Wilkins.<\/li><li>American Academy of Sleep Medicine. (2014). International Classification of Sleep Disorders, 3rd Edition (ICSD-3).<\/li><li>Lumeng, J. C., &amp; Chervin, R. D. (2008). Epidemiology of pediatric obstructive sleep apnea. Proceedings of the American Thoracic Society, 5(2), 242\u2013252.<\/li><li>Halbower, A. C., &amp; Mahone, E. M. (2006). Neuropsychological morbidity linked to childhood sleep-disordered breathing. Sleep Medicine Reviews, 10(2), 97\u2013107.<\/li><\/ol>\t\t\t\t\t\t\t\t<\/div>\n\t\t\t\t<\/div>\n\t\t\t\t\t<\/div>\n\t\t\t\t<\/div>\n\t\t\t\t<\/div>\n\t\t","protected":false},"excerpt":{"rendered":"<p>Apneea Acestea afecteaz\u0103 calitatea somnului \u0219i dezvoltarea normal\u0103 a copilului, av\u00e2nd\u00a0consecin\u021be pe termen lung asupra s\u0103n\u0103t\u0103\u021bii cardiovasculare, metabolice \u0219i neurocognitive. Tulbur\u0103rile Respiratorii \u00een Somn (SDB) la copii Cum este corect? Tulburarile de somn? Sau care sunt tulburarile respiratorii din timpul somnului. Orice termen am folosi el inseamna unul si acelasi lucru. Somn fragmentat incorect pentru &hellip; <\/p>\n<p class=\"link-more\"><a href=\"https:\/\/www.iomft.ro\/index.php\/tulburarile-respiratorii-in-somn-sdb-la-copii\/\" class=\"more-link\">Continue reading<span class=\"screen-reader-text\"> &#8222;Tulbur\u0103rile Respiratorii \u00een Somn (SDB) la copii&#8221;<\/span><\/a><\/p>\n","protected":false},"author":1,"featured_media":0,"parent":0,"menu_order":0,"comment_status":"closed","ping_status":"closed","template":"","meta":{"_acf_changed":false,"footnotes":""},"class_list":["post-892","page","type-page","status-publish","hentry"],"acf":[],"yoast_head":"<!-- This site is optimized with the Yoast SEO plugin v27.3 - https:\/\/yoast.com\/product\/yoast-seo-wordpress\/ -->\n<title>Tulbur\u0103rile Respiratorii \u00een Somn (SDB) la copii - IOMFT<\/title>\n<meta name=\"robots\" content=\"index, follow, max-snippet:-1, max-image-preview:large, max-video-preview:-1\" \/>\n<link rel=\"canonical\" href=\"https:\/\/www.iomft.ro\/index.php\/tulburarile-respiratorii-in-somn-sdb-la-copii\/\" \/>\n<meta property=\"og:locale\" content=\"ro_RO\" \/>\n<meta property=\"og:type\" content=\"article\" \/>\n<meta property=\"og:title\" content=\"Tulbur\u0103rile Respiratorii \u00een Somn (SDB) la copii - IOMFT\" \/>\n<meta property=\"og:description\" content=\"Apneea Acestea afecteaz\u0103 calitatea somnului \u0219i dezvoltarea normal\u0103 a copilului, av\u00e2nd\u00a0consecin\u021be pe termen lung asupra s\u0103n\u0103t\u0103\u021bii cardiovasculare, metabolice \u0219i neurocognitive. Tulbur\u0103rile Respiratorii \u00een Somn (SDB) la copii Cum este corect? Tulburarile de somn? Sau care sunt tulburarile respiratorii din timpul somnului. Orice termen am folosi el inseamna unul si acelasi lucru. Somn fragmentat incorect pentru &hellip; Continue reading &quot;Tulbur\u0103rile Respiratorii \u00een Somn (SDB) la copii&quot;\" \/>\n<meta property=\"og:url\" content=\"https:\/\/www.iomft.ro\/index.php\/tulburarile-respiratorii-in-somn-sdb-la-copii\/\" \/>\n<meta property=\"og:site_name\" content=\"IOMFT\" \/>\n<meta property=\"article:modified_time\" content=\"2026-02-26T11:49:13+00:00\" \/>\n<meta property=\"og:image\" content=\"https:\/\/www.iomft.ro\/wp-content\/uploads\/2025\/10\/completeaza-chestionarul-1.png\" \/>\n\t<meta property=\"og:image:width\" content=\"1440\" \/>\n\t<meta property=\"og:image:height\" content=\"480\" \/>\n\t<meta property=\"og:image:type\" content=\"image\/png\" \/>\n<meta name=\"twitter:card\" content=\"summary_large_image\" \/>\n<meta name=\"twitter:label1\" content=\"Timp estimat pentru citire\" \/>\n\t<meta name=\"twitter:data1\" content=\"10 minute\" \/>\n<script type=\"application\/ld+json\" class=\"yoast-schema-graph\">{\"@context\":\"https:\\\/\\\/schema.org\",\"@graph\":[{\"@type\":\"WebPage\",\"@id\":\"https:\\\/\\\/www.iomft.ro\\\/index.php\\\/tulburarile-respiratorii-in-somn-sdb-la-copii\\\/\",\"url\":\"https:\\\/\\\/www.iomft.ro\\\/index.php\\\/tulburarile-respiratorii-in-somn-sdb-la-copii\\\/\",\"name\":\"Tulbur\u0103rile Respiratorii \u00een Somn (SDB) la copii - IOMFT\",\"isPartOf\":{\"@id\":\"https:\\\/\\\/www.iomft.ro\\\/#website\"},\"primaryImageOfPage\":{\"@id\":\"https:\\\/\\\/www.iomft.ro\\\/index.php\\\/tulburarile-respiratorii-in-somn-sdb-la-copii\\\/#primaryimage\"},\"image\":{\"@id\":\"https:\\\/\\\/www.iomft.ro\\\/index.php\\\/tulburarile-respiratorii-in-somn-sdb-la-copii\\\/#primaryimage\"},\"thumbnailUrl\":\"https:\\\/\\\/www.iomft.ro\\\/wp-content\\\/uploads\\\/2025\\\/10\\\/completeaza-chestionarul-1.png\",\"datePublished\":\"2025-10-14T17:50:28+00:00\",\"dateModified\":\"2026-02-26T11:49:13+00:00\",\"breadcrumb\":{\"@id\":\"https:\\\/\\\/www.iomft.ro\\\/index.php\\\/tulburarile-respiratorii-in-somn-sdb-la-copii\\\/#breadcrumb\"},\"inLanguage\":\"ro-RO\",\"potentialAction\":[{\"@type\":\"ReadAction\",\"target\":[\"https:\\\/\\\/www.iomft.ro\\\/index.php\\\/tulburarile-respiratorii-in-somn-sdb-la-copii\\\/\"]}]},{\"@type\":\"ImageObject\",\"inLanguage\":\"ro-RO\",\"@id\":\"https:\\\/\\\/www.iomft.ro\\\/index.php\\\/tulburarile-respiratorii-in-somn-sdb-la-copii\\\/#primaryimage\",\"url\":\"https:\\\/\\\/www.iomft.ro\\\/wp-content\\\/uploads\\\/2025\\\/10\\\/completeaza-chestionarul-1.png\",\"contentUrl\":\"https:\\\/\\\/www.iomft.ro\\\/wp-content\\\/uploads\\\/2025\\\/10\\\/completeaza-chestionarul-1.png\",\"width\":1440,\"height\":480},{\"@type\":\"BreadcrumbList\",\"@id\":\"https:\\\/\\\/www.iomft.ro\\\/index.php\\\/tulburarile-respiratorii-in-somn-sdb-la-copii\\\/#breadcrumb\",\"itemListElement\":[{\"@type\":\"ListItem\",\"position\":1,\"name\":\"Home\",\"item\":\"https:\\\/\\\/www.iomft.ro\\\/\"},{\"@type\":\"ListItem\",\"position\":2,\"name\":\"Tulbur\u0103rile Respiratorii \u00een Somn (SDB) la copii\"}]},{\"@type\":\"WebSite\",\"@id\":\"https:\\\/\\\/www.iomft.ro\\\/#website\",\"url\":\"https:\\\/\\\/www.iomft.ro\\\/\",\"name\":\"IOMFT\",\"description\":\"\",\"publisher\":{\"@id\":\"https:\\\/\\\/www.iomft.ro\\\/#organization\"},\"potentialAction\":[{\"@type\":\"SearchAction\",\"target\":{\"@type\":\"EntryPoint\",\"urlTemplate\":\"https:\\\/\\\/www.iomft.ro\\\/?s={search_term_string}\"},\"query-input\":{\"@type\":\"PropertyValueSpecification\",\"valueRequired\":true,\"valueName\":\"search_term_string\"}}],\"inLanguage\":\"ro-RO\"},{\"@type\":\"Organization\",\"@id\":\"https:\\\/\\\/www.iomft.ro\\\/#organization\",\"name\":\"IOMFT\",\"url\":\"https:\\\/\\\/www.iomft.ro\\\/\",\"logo\":{\"@type\":\"ImageObject\",\"inLanguage\":\"ro-RO\",\"@id\":\"https:\\\/\\\/www.iomft.ro\\\/#\\\/schema\\\/logo\\\/image\\\/\",\"url\":\"https:\\\/\\\/www.iomft.ro\\\/wp-content\\\/uploads\\\/2024\\\/09\\\/cropped-logo@2x.png\",\"contentUrl\":\"https:\\\/\\\/www.iomft.ro\\\/wp-content\\\/uploads\\\/2024\\\/09\\\/cropped-logo@2x.png\",\"width\":1000,\"height\":250,\"caption\":\"IOMFT\"},\"image\":{\"@id\":\"https:\\\/\\\/www.iomft.ro\\\/#\\\/schema\\\/logo\\\/image\\\/\"}}]}<\/script>\n<!-- \/ Yoast SEO plugin. -->","yoast_head_json":{"title":"Tulbur\u0103rile Respiratorii \u00een Somn (SDB) la copii - IOMFT","robots":{"index":"index","follow":"follow","max-snippet":"max-snippet:-1","max-image-preview":"max-image-preview:large","max-video-preview":"max-video-preview:-1"},"canonical":"https:\/\/www.iomft.ro\/index.php\/tulburarile-respiratorii-in-somn-sdb-la-copii\/","og_locale":"ro_RO","og_type":"article","og_title":"Tulbur\u0103rile Respiratorii \u00een Somn (SDB) la copii - IOMFT","og_description":"Apneea Acestea afecteaz\u0103 calitatea somnului \u0219i dezvoltarea normal\u0103 a copilului, av\u00e2nd\u00a0consecin\u021be pe termen lung asupra s\u0103n\u0103t\u0103\u021bii cardiovasculare, metabolice \u0219i neurocognitive. Tulbur\u0103rile Respiratorii \u00een Somn (SDB) la copii Cum este corect? Tulburarile de somn? Sau care sunt tulburarile respiratorii din timpul somnului. Orice termen am folosi el inseamna unul si acelasi lucru. Somn fragmentat incorect pentru &hellip; Continue reading \"Tulbur\u0103rile Respiratorii \u00een Somn (SDB) la copii\"","og_url":"https:\/\/www.iomft.ro\/index.php\/tulburarile-respiratorii-in-somn-sdb-la-copii\/","og_site_name":"IOMFT","article_modified_time":"2026-02-26T11:49:13+00:00","og_image":[{"width":1440,"height":480,"url":"https:\/\/www.iomft.ro\/wp-content\/uploads\/2025\/10\/completeaza-chestionarul-1.png","type":"image\/png"}],"twitter_card":"summary_large_image","twitter_misc":{"Timp estimat pentru citire":"10 minute"},"schema":{"@context":"https:\/\/schema.org","@graph":[{"@type":"WebPage","@id":"https:\/\/www.iomft.ro\/index.php\/tulburarile-respiratorii-in-somn-sdb-la-copii\/","url":"https:\/\/www.iomft.ro\/index.php\/tulburarile-respiratorii-in-somn-sdb-la-copii\/","name":"Tulbur\u0103rile Respiratorii \u00een Somn (SDB) la copii - IOMFT","isPartOf":{"@id":"https:\/\/www.iomft.ro\/#website"},"primaryImageOfPage":{"@id":"https:\/\/www.iomft.ro\/index.php\/tulburarile-respiratorii-in-somn-sdb-la-copii\/#primaryimage"},"image":{"@id":"https:\/\/www.iomft.ro\/index.php\/tulburarile-respiratorii-in-somn-sdb-la-copii\/#primaryimage"},"thumbnailUrl":"https:\/\/www.iomft.ro\/wp-content\/uploads\/2025\/10\/completeaza-chestionarul-1.png","datePublished":"2025-10-14T17:50:28+00:00","dateModified":"2026-02-26T11:49:13+00:00","breadcrumb":{"@id":"https:\/\/www.iomft.ro\/index.php\/tulburarile-respiratorii-in-somn-sdb-la-copii\/#breadcrumb"},"inLanguage":"ro-RO","potentialAction":[{"@type":"ReadAction","target":["https:\/\/www.iomft.ro\/index.php\/tulburarile-respiratorii-in-somn-sdb-la-copii\/"]}]},{"@type":"ImageObject","inLanguage":"ro-RO","@id":"https:\/\/www.iomft.ro\/index.php\/tulburarile-respiratorii-in-somn-sdb-la-copii\/#primaryimage","url":"https:\/\/www.iomft.ro\/wp-content\/uploads\/2025\/10\/completeaza-chestionarul-1.png","contentUrl":"https:\/\/www.iomft.ro\/wp-content\/uploads\/2025\/10\/completeaza-chestionarul-1.png","width":1440,"height":480},{"@type":"BreadcrumbList","@id":"https:\/\/www.iomft.ro\/index.php\/tulburarile-respiratorii-in-somn-sdb-la-copii\/#breadcrumb","itemListElement":[{"@type":"ListItem","position":1,"name":"Home","item":"https:\/\/www.iomft.ro\/"},{"@type":"ListItem","position":2,"name":"Tulbur\u0103rile Respiratorii \u00een Somn (SDB) la copii"}]},{"@type":"WebSite","@id":"https:\/\/www.iomft.ro\/#website","url":"https:\/\/www.iomft.ro\/","name":"IOMFT","description":"","publisher":{"@id":"https:\/\/www.iomft.ro\/#organization"},"potentialAction":[{"@type":"SearchAction","target":{"@type":"EntryPoint","urlTemplate":"https:\/\/www.iomft.ro\/?s={search_term_string}"},"query-input":{"@type":"PropertyValueSpecification","valueRequired":true,"valueName":"search_term_string"}}],"inLanguage":"ro-RO"},{"@type":"Organization","@id":"https:\/\/www.iomft.ro\/#organization","name":"IOMFT","url":"https:\/\/www.iomft.ro\/","logo":{"@type":"ImageObject","inLanguage":"ro-RO","@id":"https:\/\/www.iomft.ro\/#\/schema\/logo\/image\/","url":"https:\/\/www.iomft.ro\/wp-content\/uploads\/2024\/09\/cropped-logo@2x.png","contentUrl":"https:\/\/www.iomft.ro\/wp-content\/uploads\/2024\/09\/cropped-logo@2x.png","width":1000,"height":250,"caption":"IOMFT"},"image":{"@id":"https:\/\/www.iomft.ro\/#\/schema\/logo\/image\/"}}]}},"jetpack_sharing_enabled":true,"_links":{"self":[{"href":"https:\/\/www.iomft.ro\/index.php\/wp-json\/wp\/v2\/pages\/892","targetHints":{"allow":["GET"]}}],"collection":[{"href":"https:\/\/www.iomft.ro\/index.php\/wp-json\/wp\/v2\/pages"}],"about":[{"href":"https:\/\/www.iomft.ro\/index.php\/wp-json\/wp\/v2\/types\/page"}],"author":[{"embeddable":true,"href":"https:\/\/www.iomft.ro\/index.php\/wp-json\/wp\/v2\/users\/1"}],"replies":[{"embeddable":true,"href":"https:\/\/www.iomft.ro\/index.php\/wp-json\/wp\/v2\/comments?post=892"}],"version-history":[{"count":22,"href":"https:\/\/www.iomft.ro\/index.php\/wp-json\/wp\/v2\/pages\/892\/revisions"}],"predecessor-version":[{"id":1899,"href":"https:\/\/www.iomft.ro\/index.php\/wp-json\/wp\/v2\/pages\/892\/revisions\/1899"}],"wp:attachment":[{"href":"https:\/\/www.iomft.ro\/index.php\/wp-json\/wp\/v2\/media?parent=892"}],"curies":[{"name":"wp","href":"https:\/\/api.w.org\/{rel}","templated":true}]}}